{"id":1588,"date":"2023-08-25T13:23:40","date_gmt":"2023-08-25T12:23:40","guid":{"rendered":"https:\/\/heinesen.fo\/index.php\/album-handan-stjoernurnar\/"},"modified":"2023-11-05T21:16:30","modified_gmt":"2023-11-05T21:16:30","slug":"album-handan-stjoernurnar","status":"publish","type":"page","link":"https:\/\/heinesen.fo\/index.php\/utgivin-tonleikur\/album-handan-stjoernurnar\/","title":{"rendered":"HANDAN STJ\u00d8RNURNAR"},"content":{"rendered":"<h4>T\u00d3NLISTAF\u00d3LK:\u00a0 Elin Brimheim Heinesen<br \/>\n\u00daTG\u00c1VUDAGUR: Leygardagur 7. juli 2018<\/h4>\n<p><strong> 25. juni 2018 fylti ELIN BRIMHEIM HEINESEN 60 \u00e1r. Hon h\u00e1t\u00ed\u00f0arhelt runda f\u00f8\u00f0ingardagin vi\u00f0 at halda f\u00f8\u00f0ingardagsveitslu leygarkv\u00f8ldi\u00f0 7. juli \u00ed Sj\u00f3nleikarh\u00fasinum \u00ed Havn. Veitslan var samstundis \u00fatg\u00e1vuveitsla, t\u00ed hon gav eisini \u00fat n\u00fdggja fl\u00f8gu vi\u00f0 heitinum \u201eHandan stj\u00f8rnurnar\u201c vi\u00f0 12 l\u00f8gum, hon sj\u00e1lv hevur gj\u00f8rt \u2013 j\u00fast 30 \u00e1r eftir, at NALJA bandi\u00f0 kom \u00fat, sum Elin gav \u00fat saman vi\u00f0 K\u00e1ra Linderoth Jacobsen. H\u00f3ast Elin hevur veri\u00f0 virkin sum t\u00f3nleikari leingi, er \u00fatg\u00e1van \u00ed roynd og veru fyrsta fl\u00f8gan, hon gevur \u00fat sum einstaklingur.<\/strong><\/p>\n<h4>LURTA EFTIR \u00daTG\u00c1VUNI HER:<\/h4>\n<p><iframe loading=\"lazy\" width=\"100%\" height=\"52\" src=\"https:\/\/odesli.co\/embed\/?url=https%3A%2F%2Falbum.link%2Fhandanstjornurnar&#038;theme=light\" frameborder=\"0\" allowfullscreen sandbox=\"allow-same-origin allow-scripts allow-presentation allow-popups allow-popups-to-escape-sandbox\" allow=\"clipboard-read; clipboard-write\"><\/iframe><\/p>\n<p><em>OBS! Skrolla ni\u00f0ur fyri at lesa sangtekstrnar, me\u00f0an t\u00fa lurtar.<\/em><\/p>\n<hr \/>\n<h4>H\u00daSIN:<\/h4>\n<p><center><img loading=\"lazy\" decoding=\"async\" class=\"size-large wp-image-136 aligncenter\" src=\"https:\/\/heinesen.fo\/wp-content\/uploads\/2023\/08\/HandanStjoernurnarCover-1024x928.jpg\" alt=\"\" width=\"1024\" height=\"928\" srcset=\"https:\/\/heinesen.fo\/wp-content\/uploads\/2023\/08\/HandanStjoernurnarCover-1024x928.jpg 1024w, https:\/\/heinesen.fo\/wp-content\/uploads\/2023\/08\/HandanStjoernurnarCover-300x272.jpg 300w, https:\/\/heinesen.fo\/wp-content\/uploads\/2023\/08\/HandanStjoernurnarCover-768x696.jpg 768w, https:\/\/heinesen.fo\/wp-content\/uploads\/2023\/08\/HandanStjoernurnarCover.jpg 1132w\" sizes=\"auto, (max-width: 1024px) 100vw, 1024px\" \/><\/center><\/p>\n<hr \/>\n<h3>EYDNA\u00d0IST ENDILIGA EFTIR 30 \u00c1R<\/h3>\n<p>Elin hevur havt \u00e6tlanir um eina \u00fatg\u00e1vu vi\u00f0 egnum t\u00f3nleiki, l\u00edka s\u00ed\u00f0ani NALJA kom \u00fat \u00ed 1988, men ta\u00f0 eydna\u00f0ist ikki fyrr enn 30 \u00e1r seinni. Fl\u00f8gan \u201eHandan stj\u00f8rnurnar\u201c er eitt \u00farval vi\u00f0 12 l\u00f8gum, sum ongant\u00ed\u00f0 fyrr eru givin \u00fat. Elin hevur valt tey burtur \u00far r\u00fagvuni av l\u00f8gum, hon hevur gj\u00f8rt, s\u00ed\u00f0ani hon sum ungur tann\u00e1ringur f\u00f3r undir at skriva sangir.<\/p>\n<p>Elin seg\u00f0i solei\u00f0is vi\u00f0 mi\u00f0larnar \u00edsv. \u00fatg\u00e1vuna: \u2013 Eg havi sungi\u00f0 n\u00f3gv, men inntil n\u00fa havi eg bara tv\u00e6r \u00fatg\u00e1vur \u00e1 baki \u00ed m\u00ednum l\u00edvi: NALJA, har helvtin v\u00f3ru m\u00edni l\u00f8g, og so Yndisl\u00f8g, sum ikki v\u00f3ru m\u00edni egnu l\u00f8g. So eg havi droymt um at geva eina fl\u00f8gu \u00fat bara vi\u00f0 m\u00ednum egnu l\u00f8gum.<\/p>\n<p>Til spurningn um, hv\u00ed hon hevur b\u00ed\u00f0a\u00f0 so leingi vi\u00f0 t\u00ed, svara\u00f0i hon: \u2013 Ta\u00f0 hevur bara ikki ligi\u00f0 fyri. Eg havi ikki havt r\u00e1\u00f0 og havi eisini veri\u00f0 so upptikin av so n\u00f3gvum \u00f8\u00f0rum, so t\u00f3nleikurin var alt\u00ed\u00f0 ra\u00f0festur s\u00ed\u00f0st. Men, sigur Elin, og heldur fram: &#8211; Fyri tveimum \u00e1rum s\u00ed\u00f0ani hugsa\u00f0i eg vi\u00f0 m\u00e6r sj\u00e1lvari: N\u00fa fyllir t\u00fa skj\u00f3tt 60 \u00e1r, so skal ta\u00f0 vera, so m\u00e1 ta\u00f0 vera n\u00fa! Ta\u00f0 ber ikki til, at alt bara skal ver\u00f0a liggjandi \u00ed skuffuni, har eingin f\u00e6r gle\u00f0i av t\u00ed.<\/p>\n<h3>SPART SAMAN TIL VERK\u00c6TLANINA<\/h3>\n<p>V\u00e6l tilstu\u00f0la\u00f0 av vinf\u00f3lkum og t\u00f3nleikarum, sum hon hevur sp\u00e6lt konsertir saman vi\u00f0 seinastu \u00e1rini, vaks tankin um, at t\u00f3nleikur hennara var verdur at geva \u00fat.<\/p>\n<p>Hon lova\u00f0i s\u00e6r sj\u00e1lvari, at hon skuldi geva eina fl\u00f8gu \u00fat \u00ed allarseinasta lagi \u00e1 s\u00ednum 60 \u00e1ra f\u00f8\u00f0ingardegi.<\/p>\n<p><em>Myndir fr\u00e1 60 \u00e1ra f\u00f8\u00f0ingardags- og \u00fatg\u00e1vuveitsluni leygardagin 7. juli 2018:<\/em><\/p>\n<p><img loading=\"lazy\" decoding=\"async\" class=\"size-large wp-image-1301 aligncenter\" src=\"https:\/\/heinesen.fo\/wp-content\/uploads\/2023\/08\/IMG_8671-1024x683.jpg\" alt=\"\" width=\"1024\" height=\"683\" srcset=\"https:\/\/heinesen.fo\/wp-content\/uploads\/2023\/08\/IMG_8671-1024x683.jpg 1024w, https:\/\/heinesen.fo\/wp-content\/uploads\/2023\/08\/IMG_8671-300x200.jpg 300w, https:\/\/heinesen.fo\/wp-content\/uploads\/2023\/08\/IMG_8671-768x512.jpg 768w, https:\/\/heinesen.fo\/wp-content\/uploads\/2023\/08\/IMG_8671-1536x1024.jpg 1536w, https:\/\/heinesen.fo\/wp-content\/uploads\/2023\/08\/IMG_8671-2048x1365.jpg 2048w, https:\/\/heinesen.fo\/wp-content\/uploads\/2023\/08\/IMG_8671-1300x867.jpg 1300w\" sizes=\"auto, (max-width: 1024px) 100vw, 1024px\" \/> <img loading=\"lazy\" decoding=\"async\" class=\"size-large wp-image-1298 aligncenter\" src=\"https:\/\/heinesen.fo\/wp-content\/uploads\/2023\/08\/IMG_8664-1024x683.jpg\" alt=\"\" width=\"1024\" height=\"683\" srcset=\"https:\/\/heinesen.fo\/wp-content\/uploads\/2023\/08\/IMG_8664-1024x683.jpg 1024w, https:\/\/heinesen.fo\/wp-content\/uploads\/2023\/08\/IMG_8664-300x200.jpg 300w, https:\/\/heinesen.fo\/wp-content\/uploads\/2023\/08\/IMG_8664-768x512.jpg 768w, https:\/\/heinesen.fo\/wp-content\/uploads\/2023\/08\/IMG_8664-1536x1024.jpg 1536w, https:\/\/heinesen.fo\/wp-content\/uploads\/2023\/08\/IMG_8664-2048x1365.jpg 2048w, https:\/\/heinesen.fo\/wp-content\/uploads\/2023\/08\/IMG_8664-1300x867.jpg 1300w\" sizes=\"auto, (max-width: 1024px) 100vw, 1024px\" \/><\/p>\n<p>\u2013 Eg valdi n\u00f8kur l\u00f8g hj\u00e1 m\u00e6r \u00fat, sum eg helt mest sannl\u00edkt kunnu halda til t\u00ed\u00f0arinnar tonn, og so f\u00f3r eg undir at spara pengar saman fyri at hava n\u00f3g miki\u00f0 til at sp\u00e6la t\u00f3nleikin inn fyri.<\/p>\n<p>T\u00e1 ta\u00f0 n\u00fa endiliga skuldi vera, vildi Elin fegin gera eina fl\u00f8gu vi\u00f0 \u00f8llum, hon hev\u00f0i droymt um \u2013 k\u00f3ri, str\u00fakarum, bl\u00e1sarum osfr., so hon visti, at t\u00f3nleikurin f\u00f3r helst at vera kostna\u00f0armikil at framlei\u00f0a.<\/p>\n<h3>GOTT SAMSTARV VI\u00d0 FINN HANSEN<\/h3>\n<p>Gott h\u00e1lvt \u00e1r \u00e1\u00f0renn \u00fatg\u00e1vuna metti hon seg at hava spart n\u00f3g miki\u00f0 upp til, at ta\u00f0 f\u00f3r at kunna lata seg gera, og ringdi so til Finnur Hansen fyri at gera avtalu um t\u00ed\u00f0 \u00ed uppt\u00f8kuh\u00f8lunum hj\u00e1 honum.<\/p>\n<p>\u2013 \u201eTa\u00f0 var upp\u00e1 t\u00ed\u00f0ina\u201c, svara\u00f0i hann bara, sigur Elin og flennir. \u2013 Finnur og eg hava samstarva\u00f0 fyrr, m.a. hevur Finnur sp\u00e6lt konsertir saman vi\u00f0 NALJA, og var t\u00f8kningur \u00e1 symfonisku \u00fatg\u00e1vuni av \u201eEitt d\u00fdpi av d\u00fdrari t\u00ed\u00f0\u201c, umframt t\u00f8kningur \u00e1 \u00fatg\u00e1vuni \u201eYndisl\u00f8g\u201c, og vit hava alt\u00ed\u00f0 havt eitt gott samstarv.<\/p>\n<p>Tey gj\u00f8rdu avtalu um at byrja fyrstu uppt\u00f8kurnar \u00ed februar \u00ed \u00e1r vi\u00f0 Finni sum t\u00f8kningi og vi\u00f0framlei\u00f0ara. Haraftrat hava tey b\u00e6\u00f0i skiftst um at gera \u00fatsetingar til ymisk lj\u00f3\u00f0f\u00f8ri \u00e1 \u00fatg\u00e1vuni.<\/p>\n<p>\u2013 Eg vildi fegin sj\u00e1lv so v\u00edtt gj\u00f8rligt framlei\u00f0a og leggja m\u00edna egnu \u00fatg\u00e1vu til r\u00e6ttis og gera \u00fatsetingar fyri k\u00f3r, str\u00fakarar, horn o.a., sigur Elin. \u2013 Men samstundis visti eg, at Finnur hevur so \u00f3metaliga n\u00f3gv fleiri royndir vi\u00f0 t\u00f3nleikaframlei\u00f0slu enn eg, so sj\u00e1lvsagt f\u00f3r eg at lurta v\u00e6l eftir hansara g\u00f3\u00f0u r\u00e1\u00f0um eisini. Og so er hann j\u00fa eisini ein fram\u00farskarandi t\u00f3nleikari, so b\u00fdttari var eg, um eg ikki t\u00f3k \u00edm\u00f3ti hansara kreativa \u00edkasti. So vit funnu eitt gott arbei\u00f0sb\u00fdti, haldi eg, har vit hava gj\u00f8rt alt \u00ed s\u00e1tt og semju. Finnur hevur veri\u00f0 ein fantastiskur vi\u00f0sp\u00e6lari og ein sannur t\u00f3nlistagandakallur.<\/p>\n<p><em>Livandi myndir fr\u00e1 t\u00ed\u00f0ini \u00ed uppt\u00f8kuh\u00f8linum:<\/em><\/p>\n<p><center><div style=\"width: 700px;\" class=\"wp-video\"><video class=\"wp-video-shortcode\" id=\"video-1588-1\" width=\"700\" height=\"450\" preload=\"metadata\" controls=\"controls\"><source type=\"video\/mp4\" src=\"https:\/\/heinesen.fo\/wp-content\/uploads\/2023\/08\/HandanStjornurnarUpptokur.mp4?_=1\" \/><a href=\"https:\/\/heinesen.fo\/wp-content\/uploads\/2023\/08\/HandanStjornurnarUpptokur.mp4\">https:\/\/heinesen.fo\/wp-content\/uploads\/2023\/08\/HandanStjornurnarUpptokur.mp4<\/a><\/video><\/div><\/p>\n<p><\/center><\/p>\n<h3>ST\u00d3RA VIR\u00d0ING FYRI T\u00d3NLEIKARUNUM<\/h3>\n<p>Elin heitti eisini \u00e1 a\u00f0rar dugnaligar t\u00f3nleikarar, har av fleiri av teimum kendu n\u00f3gv l\u00f8g hj\u00e1 henni frammanundan, t\u00ed tey hava sp\u00e6lt konsertir saman seinastu \u00e1rini. Teir v\u00f3ru f\u00fasir at vera vi\u00f0 \u00ed verk\u00e6tlanini og sp\u00e6ldu grundleggjandi lj\u00f3\u00f0f\u00f8rini inn \u2013 trummur, bass, gittar og lj\u00f3mbor\u00f0. S\u00ed\u00f0ani v\u00f3ru fleiri l\u00f8g l\u00f8gd oman\u00e1 grundina, so sum k\u00f3r, str\u00fakarar og bl\u00e1silj\u00f3\u00f0f\u00f8ri osfr. Partar av t\u00f3nleikinum eru \u00fatsettir frammanundan og sp\u00e6ldir inn eftir n\u00f3tum, me\u00f0an anna\u00f0 er improvisera\u00f0.<\/p>\n<p>Elin greiddi fr\u00e1, hv\u00f8nn st\u00edl, hon ynskti, tey skuldu leggja seg eftir \u00ed hv\u00f8rjum lag, og so fingu t\u00f3nleikararnir annars r\u00edmiliga fr\u00edar r\u00e6sur til at gera egnar tulkingar vi\u00f0 s\u00ednum egna lj\u00f3\u00f0f\u00f8ri.<\/p>\n<p>\u2013 Eg havi sera st\u00f3ra vir\u00f0ing fyri hesum serstakliga dugnaligu f\u00f3lkunum, so sj\u00e1lvsagt lat eg tey sleppa at sp\u00e6la solei\u00f0is, sum tey duga best \u2013 so n\u00f3gv betur enn eg nakrant\u00ed\u00f0 kundi gj\u00f8rt ta\u00f0, so eg havi fingi\u00f0 \u00f3metaliga n\u00f3gv forerandi. Men eg vildi fegin hava s\u00ed\u00f0sta or\u00f0i\u00f0, t\u00e1 ta\u00f0 kom til ta\u00f0 meira yvirskipa\u00f0a, so sum akkordval, st\u00edl, r\u00fatmu, tempo, klang o.a. Finnur og allir hinir t\u00f3nleikararnir eru serstakliga professionell, \u00f8ll somul, og hava duga\u00f0 sera v\u00e6l at raka tann st\u00edlin og ta\u00f0 huglagi\u00f0, eg fegin vildi hava.<\/p>\n<h3>FUNNU UPP\u00c1 SOMU MYND TIL H\u00daSAN<\/h3>\n<p>\u2013 Eg hev\u00f0i sj\u00e1lv gj\u00f8rt eitt uppskot til fl\u00f8guh\u00fasa vi\u00f0 eini tekning hj\u00e1 n\u00f8krum n\u00fds\u00e6lendingum, sum v\u00f3ru \u00ed F\u00f8royum \u00ed fj\u00f8r og tekna\u00f0u myndir. Eg heitti \u00e1 grafikaran Hans Juul Nystr\u00f8m Hansen um at seta h\u00fasan upp. Ta\u00f0 l\u00f8gna var, at \u00e1\u00f0renn eg v\u00edsti Hans Juul m\u00edtt uppskot, h\u00e1la\u00f0i hann eina mynd fram, sum hann helt f\u00f3r at h\u00f3ska seg v\u00e6l til h\u00fasan. Eg var p\u00fara tikin \u00e1 b\u00f3li, t\u00e1 eg s\u00e1, at hetta var akkur\u00e1t sama mynd, sum eg hev\u00f0i br\u00fakt \u00ed m\u00ednum uppskoti, uttan at hann vitsti av t\u00ed! So ta\u00f0 m\u00e1 n\u00e6stan hava veri\u00f0 meiningin, at ta\u00f0 skuldi vera j\u00fast hendan myndin.<\/p>\n<p>\u2013 \u00d8ll, sum eg havi heitt \u00e1 og bi\u00f0i\u00f0 um at geva s\u00edtt \u00edkast, hava veri\u00f0 \u00f3tr\u00faliga jalig og hava givi\u00f0 seg av fullum huga \u00ed verk\u00e6tlanina, so ta\u00f0 hevur veri\u00f0 ein sonn fragd at arbei\u00f0a saman vi\u00f0 \u00f8llum og vi\u00f0 \u00fatg\u00e1vuni sum heild allan vegin \u00edgj\u00f8gnum. Eg eri \u00f3metaliga gla\u00f0 fyri, at eg endiliga kann leggja \u00farsliti\u00f0 fram \u2013 eina fl\u00f8gu vi\u00f0 heitinum \u201eHandan stj\u00f8rnurnar\u201c vi\u00f0 12 av m\u00ednum egnu l\u00f8gum.<\/p>\n<p>Fl\u00f8gan kom \u00e1 markna\u00f0in leygardagin 7. juli 2018, men almenningurin hev\u00f0i longu havt m\u00f8guleika fyri at hoyra tvey stakl\u00f8g \u00e1\u00f0renn, t\u00ed 22. juni 2018 kom fyrsta staklagi\u00f0 fr\u00e1 fl\u00f8guni \u00fat. Talan var um lagi\u00f0 \u201eS\u00f8ti m\u00edn\u201c. Og vikuna eftir 29. juni var\u00f0 so anna\u00f0 staklagi\u00f0 slept vi\u00f0 heitinum \u201eT\u00fa vart alt\u00ed\u00f0 har\u201c.<\/p>\n<h3>HER ERU F\u00d3LKINI, SUM HAVA MYNDA\u00d0 \u00daTG\u00c1VUNA<\/h3>\n<p><em>Elin Brimheim Heinesen<\/em> gj\u00f8rdi \u00f8ll l\u00f8gini og skriva\u00f0i allar tekstirnar. Eitt einstakt lag, \u201eKemur t\u00fa aftur\u201c, hevur hon gj\u00f8rt saman vi\u00f0 <em>\u00c1rna J\u00f3hannesson<\/em>, kendur sum forsangari \u00ed Punjab. Elin tilr\u00e6ttisleg\u00f0i \u00f8ll l\u00f8gini saman vi\u00f0 Finni Hansen, umframt gj\u00f8rdi \u00fatsetingar fyri ymisk lj\u00f3\u00f0f\u00f8ri, sang \u00f8ll l\u00f8gini, sp\u00e6ldi gittar og sang k\u00f3r.<\/p>\n<p><em>Finnur Hansen<\/em> var lj\u00f3\u00f0t\u00f8kningur, lj\u00f3\u00f0blanda\u00f0i og tilr\u00e6ttisleg\u00f0i saman vi\u00f0 Elini og gj\u00f8rdi \u00fatsetingar fyri ymisk lj\u00f3\u00f0f\u00f8ri, umframt sp\u00e6ldi lj\u00f3mbor\u00f0, gittar, harmoniku, slagverk og sang k\u00f3r.<\/p>\n<p><em>Jan Eliasson<\/em> fr\u00e1 Audioplanet ApS gj\u00f8rdi masteringina.<\/p>\n<p><em>Arnold Ludvig<\/em> sp\u00e6ldi bass og gj\u00f8rdi \u00fatseting fyri bl\u00e1sarar \u00e1 \u201eS\u00f8ti m\u00edn\u201c, <em>R\u00f3gvi \u00e1 R\u00f3gvu<\/em> sp\u00e6ldi trummur og ymisk slagverk, og <em>R\u00fani Eysturl\u00ed\u00f0 <\/em>og<em> Leivur Thomsen<\/em> sp\u00e6ldu gittarar av ymiskum slag.<\/p>\n<p><em>Angelika Nielsen <\/em>og<em> J\u00f3n Festirstein<\/em> sp\u00e6ldu violin og bratch og <em>T\u00f3ri Restorff Jacobsen<\/em> sp\u00e6ldi cello.<\/p>\n<p>Hentze Horns v\u00f3ru vi\u00f0 \u00e1 \u201eS\u00f8ti m\u00edn\u201c\u2013 <em>Johan Hentze<\/em> sp\u00e6ldi 1. trompet, <em>R\u00fani Hentze<\/em> 2. trompet,\u00a0 <em>Mortan Zachariassen<\/em> sp\u00e6ldi saxofon og <em>Elspa Samuelsen<\/em> sp\u00e6ldi trombon.<\/p>\n<p><em>\u00d3lavur Olsen<\/em> sp\u00e6ldi horn, <em>Ole Himmelstrup<\/em> sp\u00e6ldi saxofon og <em>Andrea Hendriksd\u00f3ttir<\/em> sp\u00e6ldi tv\u00f8rfloytu \u00e1 \u00f8\u00f0rum l\u00f8gum.<\/p>\n<p>Umframt Finn og Elina, sungu <em>Malan Thomsen<\/em>,<em> Anna Maria Olsen<\/em>,<em> Kim Hansen <\/em>og<em> Karl Martin Samuelsen<\/em> eisini k\u00f3r.<\/p>\n<p><em>Hans Juul Hansen<\/em> st\u00f3\u00f0 fyri grafiska arbei\u00f0num \u00e1 h\u00fasanum. Og <em>Zoe Elliot<\/em> og <em>Tim Vaughan-Sanders<\/em> fr\u00e1 <em>\u201e31 Days In\u201c<\/em> \u00ed N\u00fdggja S\u00e6landi, l\u00f3tu tekningina av Bryggjubakka \/ V\u00e1gsbotni til h\u00fasan, me\u00f0an italski fotografurin <em>Alessio Mesiano<\/em> t\u00f3k myndina av Elini \u00ed h\u00fasanum.<\/p>\n<hr \/>\n<h3>SKERINGAR \u00c1 \u00daTG\u00c1VUNI:<\/h3>\n<ol>\n<li>T\u00fa vart alt\u00ed\u00f0 har <em>(Or\u00f0 og lag: Elin Brimheim Heinesen)<\/em><\/li>\n<li>S\u00f8ti m\u00edn <em>(Or\u00f0 og lag: Elin Brimheim Heinesen)<\/em><\/li>\n<li>Landi\u00f0 handan stj\u00f8rnurnar <em>(Or\u00f0 og lag: Elin Brimheim Heinesen)<\/em><\/li>\n<li>\u00datistongd <em>(Or\u00f0 og lag: Elin Brimheim Heinesen)<\/em><\/li>\n<li>Fr\u00edggjakv\u00f8ld <em>(Or\u00f0 og lag: Elin Brimheim Heinesen)<\/em><\/li>\n<li>Sprettandi v\u00e1r <em>(Or\u00f0 og lag: Elin Brimheim Heinesen)<\/em><\/li>\n<li>Elli <em>(Or\u00f0 og lag: Elin Brimheim Heinesen)<\/em><\/li>\n<li>Vit liva saman <em>(Or\u00f0 og lag: Elin Brimheim Heinesen)<\/em><\/li>\n<li>Hann keddur er <em>(Or\u00f0 og lag: Elin Brimheim Heinesen)<\/em><\/li>\n<li>Kemur t\u00fa aftur <em>(Or\u00f0: Elin Brimheim Heinesen. Lag: Elin Brimheim Heinesen, \u00c1rni J\u00f3hannesson)<\/em><\/li>\n<li>N\u00e1ttarsangur mammunar <em>(Or\u00f0 og lag: Elin Brimheim Heinesen)<\/em><\/li>\n<li>M\u00edn var\u00f0i <em>(Or\u00f0 og lag: Elin Brimheim Heinesen)<\/em><\/li>\n<\/ol>\n<hr \/>\n<h3>SKERINGAR<\/h3>\n<h4>1. T\u00da VART ALT\u00cd\u00d0 HAR<\/h4>\n<p><iframe loading=\"lazy\" title=\"YouTube video player\" src=\"https:\/\/www.youtube.com\/embed\/-itQZqmMBRU\" width=\"700\" height=\"460\" frameborder=\"0\" allowfullscreen=\"allowfullscreen\" data-mce-fragment=\"1\"><\/iframe><\/p>\n<h5><\/h5>\n<blockquote><p>&#8220;Hetta lagi\u00f0 skriva\u00f0i eg upprunaliga, t\u00e1 ein omma m\u00edn j\u00fast var dey\u00f0. Upprunateksturin sn\u00fa\u00f0i seg \u00ed roynd og veru um saknin eftir ommu m\u00edni, men eg helt, at lag og tekstur h\u00f3ska\u00f0u ikki heilt saman, so seinni skriva\u00f0i eg ein n\u00fdggjan tekst til lagi\u00f0, sum sn\u00fdr seg meira breitt um, t\u00e1 eitt parlag endar, har ein ynskir s\u00e6r, at alt kundi veri\u00f0 \u00f8\u00f0rv\u00edsi og at f\u00e1a ein kjans aftrat. K\u00e6rleikin hv\u00f8rvur j\u00fa ikki ney\u00f0turviliga fyri ta\u00f0, um tvey finna \u00fat av, at ta\u00f0 bara ikki riggar at liva saman.&#8221;<br \/>\n&#8211; Elin Brimheim Heinesen<\/p><\/blockquote>\n<audio class=\"wp-audio-shortcode\" id=\"audio-1588-1\" preload=\"none\" style=\"width: 100%;\" controls=\"controls\"><source type=\"audio\/mpeg\" src=\"https:\/\/heinesen.fo\/wp-content\/uploads\/2023\/08\/01-Tu-Vart-Altid-Har.m4a?_=1\" \/><a href=\"https:\/\/heinesen.fo\/wp-content\/uploads\/2023\/08\/01-Tu-Vart-Altid-Har.m4a\">https:\/\/heinesen.fo\/wp-content\/uploads\/2023\/08\/01-Tu-Vart-Altid-Har.m4a<\/a><\/audio>\n<hr \/>\n<p><strong>Or\u00f0 og lag: <\/strong>Elin Brimheim Heinesen<br \/>\n<strong>Lj\u00f3\u00f0t\u00f8kni og lj\u00f3\u00f0bland: <\/strong>Finnur Hansen<br \/>\n<strong>\u00datseting og framlei\u00f0sla: <\/strong>Elin Brimheim Heinesen, Finnur Hansen<br \/>\n<strong>Mastering: <\/strong>Jan Eliasson, Audioplanet ApS<br \/>\n<strong>Str\u00fakara\u00fatseting: <\/strong>Elin Brimheim Heinesen, Finnur Hansen<br \/>\n<strong>Horn- og tv\u00f8rfloytu\u00fatseting: <\/strong>Elin Brimheim Heinesen<br \/>\n<strong>K\u00f3r\u00fatseting: <\/strong>Elin Brimheim Heinesen, Finnur Hansen<br \/>\n<strong>Sangur: <\/strong>Elin Brimheim Heinesen<br \/>\n<strong>K\u00f3r: <\/strong>Malan Thomsen, Finnur Hansen, Elin Brimheim Heinesen<br \/>\n<strong>Lj\u00f3mbor\u00f0, triangul: <\/strong>Finnur Hansen<br \/>\n<strong>R\u00fatmugittar: <\/strong>R\u00fani Eysturl\u00ed\u00f0<br \/>\n<strong>Elgittar: <\/strong>Finnur Hansen, Leivur Thomsen (solo)<br \/>\n<strong>Bass: <\/strong>Arnold Ludvig<br \/>\n<strong>Trummur: <\/strong>R\u00f3gvi \u00e1 R\u00f3gvu<br \/>\n<strong>Horn: <\/strong>\u00d3lavur Olsen<br \/>\n<strong>Violin, bratch: <\/strong>Angelika Nielsen<br \/>\n<strong>Cello: <\/strong>T\u00f3ri Restorff Jacobsen<br \/>\n<strong>Tv\u00f8rfloyta: <\/strong>Andrea Hendriksd\u00f3ttir<\/p>\n<hr \/>\n<p><em>Sangtekstur:<\/em><\/p>\n<h4>T\u00da VART ALT\u00cd\u00d0 HAR<\/h4>\n<p>Her ert t\u00fa, m\u00edn elska\u00f0i skattur.<br \/>\nSakni teg so n\u00f3gv, t\u00ed eg<br \/>\nkann aldri finna nakran betri.<br \/>\nS\u00e1 teg alt\u00ed\u00f0 standa og b\u00ed\u00f0a,<br \/>\nhyggja eftir m\u00e6r,<br \/>\nt\u00e1 i\u00f0 eg koyrdi heim, t\u00ed\u2026<\/p>\n<p>T\u00fa vart alt\u00ed\u00f0 har<br \/>\nheima hj\u00e1 m\u00e6r.<br \/>\nVi\u00f0 eitt, so vart t\u00fa burtur.<br \/>\nTa\u00f0 er so n\u00f3gv, sum<br \/>\neg vildi gj\u00f8rt um,<br \/>\nmen ov seint var.<br \/>\nSo einsam\u00f8ll t\u00e1 har,<br \/>\nm\u00e6r longdist eftir t\u00e6r.<\/p>\n<p>Torf\u00f8rt er at grei\u00f0a fr\u00e1, hvussu<br \/>\nsyrgin eg, t\u00e1 var um teg,<br \/>\nog hvussu n\u00f3gv eg ynskti, at eg<br \/>\nhitti teg og s\u00e1, at t\u00fa vildi<br \/>\nfyrigeva m\u00e6r og<br \/>\nhalda fast um meg. T\u00ed\u2026<\/p>\n<p>T\u00fa vart alt\u00ed\u00f0 har\u2026<\/p>\n<hr \/>\n<h4>2. S\u00d8TI M\u00cdN<\/h4>\n<p><iframe loading=\"lazy\" title=\"YouTube video player\" src=\"https:\/\/www.youtube.com\/embed\/kWLGeVzcYdY\" width=\"700\" height=\"450\" frameborder=\"0\" allowfullscreen=\"allowfullscreen\" data-mce-fragment=\"1\"><\/iframe><\/p>\n<blockquote><p>&#8220;Forelskilsi kveikir ofta skapandi virksemi. Hetta sm\u00e1erotiska lagi\u00f0 skriva\u00f0i eg, t\u00e1 eg og (t\u00e1 komandi, n\u00fa fyrrverandi) ma\u00f0ur m\u00edn j\u00fast v\u00f3ru flutt saman. Sum skilst, v\u00f3ru vit r\u00e6ttiliga forelska\u00f0.&#8221;<br \/>\n&#8211; Elin Brimheim Heinesen<\/p><\/blockquote>\n<audio class=\"wp-audio-shortcode\" id=\"audio-1588-2\" preload=\"none\" style=\"width: 100%;\" controls=\"controls\"><source type=\"audio\/mpeg\" src=\"https:\/\/heinesen.fo\/wp-content\/uploads\/2023\/08\/01-Soeti-Min.m4a?_=2\" \/><a href=\"https:\/\/heinesen.fo\/wp-content\/uploads\/2023\/08\/01-Soeti-Min.m4a\">https:\/\/heinesen.fo\/wp-content\/uploads\/2023\/08\/01-Soeti-Min.m4a<\/a><\/audio>\n<hr \/>\n<p><strong>Or\u00f0 og lag: <\/strong>Elin Brimheim Heinesen<br \/>\n<strong>Lj\u00f3\u00f0t\u00f8kni og lj\u00f3\u00f0bland: <\/strong>Finnur Hansen<br \/>\n<strong>\u00datseting og framlei\u00f0sla: <\/strong>Elin Brimheim Heinesen, Finnur Hansen<br \/>\n<strong>Mastering: <\/strong>Jan Eliasson, Audioplanet ApS<br \/>\n<strong>Bl\u00e1sara\u00fatseting: <\/strong>Arnold Ludvig<br \/>\n<strong>K\u00f3r\u00fatseting: <\/strong>Elin Brimheim Heinesen<br \/>\n<strong>Sangur: <\/strong>Elin Brimheim Heinesen<br \/>\n<strong>K\u00f3r: <\/strong>Anna Maria Olsen<br \/>\n<strong>Lj\u00f3mbor\u00f0: <\/strong>Finnur Hansen<br \/>\n<strong>Elgittar: <\/strong>R\u00fani Eysturl\u00ed\u00f0, Finnur Hansen<br \/>\n<strong>Bass: <\/strong>Arnold Ludvig<br \/>\n<strong>Trummur: <\/strong>R\u00f3gvi \u00e1 R\u00f3gvu<br \/>\n<strong>1. trompet: <\/strong>Johan Hentze<br \/>\n<strong>2. trompet: <\/strong>R\u00fani Hentze<br \/>\n<strong>Saksofon: <\/strong>Mortan Zachariassen<br \/>\n<strong>Trombon: <\/strong>Elspa Samuelsen<\/p>\n<hr \/>\n<p><em>Sangtekstur:<\/em><\/p>\n<h4>S\u00d8TI M\u00cdN<\/h4>\n<p>S\u00f8ti m\u00edn,<br \/>\nmu\u00f0ur t\u00edn<br \/>\nkyssir eymt m\u00edtt enni.<br \/>\nG\u00f3\u00f0i m\u00edn,<br \/>\nhugur t\u00edn<br \/>\nflakkar, og eg kenni<br \/>\nandadr\u00e1tt.<br \/>\nVeitst t\u00fa br\u00e1tt,<br \/>\nta\u00f0 er t\u00e6r m\u00e6r hugar.<br \/>\nLurta n\u00fa,<br \/>\nhoyrir t\u00fa,<br \/>\nvindur \u00fati su\u00f0ar.<\/p>\n<p>Einsam\u00f8ll<br \/>\nher \u00ed h\u00f8ll,<br \/>\nhalda um hv\u00f8rt anna\u00f0,<br \/>\nkinn m\u00f3t kinn.<br \/>\nUpp\u00f8st sinn.<br \/>\nEygu kaga, kanna.<br \/>\nEygnabr\u00e1<br \/>\nhv\u00edla \u00e1<br \/>\nhondini, sum k\u00ednir.<br \/>\nBr\u00f3sti\u00f0 m\u00edtt<br \/>\nandar t\u00edtt.<br \/>\nGiti tankar t\u00ednar.<\/p>\n<hr \/>\n<h3>3. LANDI\u00d0 HANDAN STJ\u00d8RNURNAR<\/h3>\n<p><iframe loading=\"lazy\" title=\"YouTube video player\" src=\"https:\/\/www.youtube.com\/embed\/C5QFND0J5XQ\" width=\"560\" height=\"315\" frameborder=\"0\" allowfullscreen=\"allowfullscreen\" data-mce-fragment=\"1\"><\/iframe><\/p>\n<blockquote><p>&#8220;Fyri n\u00f3gvum \u00e1rum s\u00ed\u00f0ani f\u00f3r eg upp \u00e1 ovasta loft hj\u00e1 foreldrunum at rudda. Dj\u00fapt ni\u00f0ri \u00ed eini gamlari pappeskju fann eg ein tekst til eina v\u00f8gguv\u00edsu, sum eg skriva\u00f0i sum bara 12 \u00e1ra gomul til eitt lag, i\u00f0 var v\u00e6l umt\u00f3kt, t\u00e1 eg var barn. Ta\u00f0 var bara eitt \u00f8rindi, men teksturin leg\u00f0i upp til eina longri s\u00f8gu, og eg helt hann ver\u00f0a so fittan, at eg setti meg at skriva s\u00f8guna lidna vi\u00f0 n\u00f8krum \u00f8rindum aftrat. N\u00f8kur \u00e1r seinni gj\u00f8rdi eg eitt n\u00fdtt lag til tekstin \u00ed \u2018latin\u2019 r\u00fatmu, sum m\u00e6r alt\u00ed\u00f0 hevur d\u00e1mt so v\u00e6l, s\u00ed\u00f0ani eg b\u00fa\u00f0i \u00ed Su\u00f0urspania eitt \u00e1r sum 10-11 \u00e1ra gomul. Ta\u00f0 er sj\u00e1lvsagt ta\u00f0 lagi\u00f0, sum br\u00fakt er \u00ed hesi \u00fatg\u00e1vuni.&#8221;<br \/>\n&#8211; Elin Brimheim Heinesen<\/p><\/blockquote>\n<audio class=\"wp-audio-shortcode\" id=\"audio-1588-3\" preload=\"none\" style=\"width: 100%;\" controls=\"controls\"><source type=\"audio\/mpeg\" src=\"https:\/\/heinesen.fo\/wp-content\/uploads\/2023\/08\/03-Landid-Handan-Stjoernurnar.m4a?_=3\" \/><a href=\"https:\/\/heinesen.fo\/wp-content\/uploads\/2023\/08\/03-Landid-Handan-Stjoernurnar.m4a\">https:\/\/heinesen.fo\/wp-content\/uploads\/2023\/08\/03-Landid-Handan-Stjoernurnar.m4a<\/a><\/audio>\n<hr \/>\n<p><strong><em>Or\u00f0 og lag: <\/em><\/strong>Elin Brimheim Heinesen<br \/>\n<strong><em>Lj\u00f3\u00f0t\u00f8kni og lj\u00f3\u00f0bland: <\/em><\/strong>Finnur Hansen<br \/>\n<strong><em>\u00datseting og framlei\u00f0sla: <\/em><\/strong>Elin Brimheim Heinesen,\u00a0 Finnur Hansen<br \/>\n<strong><em>Mastering: <\/em><\/strong>Jan Eliasson, Audioplanet ApS<br \/>\n<strong><em>K\u00f3r\u00fatseting: <\/em><\/strong>Elin Brimheim Heinesen<br \/>\n<strong><em>Sangur: <\/em><\/strong>Elin Brimheim Heinesen<br \/>\n<strong><em>K\u00f3r: <\/em><\/strong>Elin Brimheim Heinesen, Finnur Hansen<br \/>\n<strong><em>Saksofon: <\/em><\/strong>Ole Himmelstrup<br \/>\n<strong><em>Lj\u00f3mbor\u00f0: <\/em><\/strong>Finnur Hansen<br \/>\n<strong><em>H\u00e1lvakustiskur gittar: <\/em><\/strong>R\u00fani Eysturl\u00ed\u00f0<br \/>\n<strong><em>Bass: <\/em><\/strong>Arnold Ludvig<br \/>\n<strong><em>Trummur: <\/em><\/strong>R\u00f3gvi \u00e1 R\u00f3gvu<\/p>\n<hr \/>\n<p><em>Sangtekstur:<\/em><\/p>\n<h4>LANDI\u00d0 HANDAN STJ\u00d8RNURNAR<\/h4>\n<p>L\u00edtli vinur, legg teg n\u00fa at sova.<br \/>\nDagur farin er og n\u00e1ttin n\u00e6r.<br \/>\nEt n\u00fa brey\u00f0i\u00f0, mamma hevur lova\u00f0,<br \/>\n\u00e1\u00f0renn H\u00e1kun kemur eftir t\u00e6r.<br \/>\nH\u00e1kun er ein pinkal\u00edtil drongur,<br \/>\nblakar sand i eyguni \u00e1 t\u00e6r.<br \/>\nEygu detta saman, h\u00f8vdi\u00f0 hongur<br \/>\nSkj\u00f3tt t\u00fa sova skalt<br \/>\n\u2013 vi\u00f0 l\u00edtla Snar.<\/p>\n<p>H\u00e1kun dugir kynsturi\u00f0 at fl\u00fagva,<br \/>\nteskar gandaor\u00f0 \u00ed oyra t\u00edtt.<br \/>\nTelur um ta\u00f0 land, har \u00e1lvar b\u00fagva,<br \/>\nhar ve\u00f0ri\u00f0 alt\u00ed\u00f0 er so fj\u00e1lgt og l\u00fdtt.<br \/>\nH\u00e1kun fl\u00fdgur teg til dreymalandi\u00f0.<br \/>\nStuttligt er hj\u00e1 t\u00e6r at koma har.<br \/>\nBert H\u00e1kun hann er vi\u00f0, er eingin vandi<br \/>\nog mamma, p\u00e1pi og<br \/>\n\u2013 so l\u00edtli Snar.<\/p>\n<p>H\u00e1kun, mamma, Snar og t\u00fa og p\u00e1pi<br \/>\nfl\u00fagva langt, langt upp um stj\u00f8rnurnar.<br \/>\nSveima dandandi i einum sk\u00e1pi,<br \/>\nupp um kantin darla f\u00f8turnir.<br \/>\nSnar hann goyr, og t\u00fa og H\u00e1kun flenna,<br \/>\nt\u00ed at m\u00e1nin kitlar t\u00ednar t\u00e6r.<br \/>\nEftir tykkum sk\u00fdggini tey renna.<br \/>\nEftir teimum renn-<br \/>\nir l\u00edtli Snar.<\/p>\n<p>Alt ov skj\u00f3tt er henda fer\u00f0 at enda.<br \/>\nMorguns\u00f3lin kagar inn til t\u00edn.<br \/>\n\u00c1\u00f0renn t\u00fa veitst av, fert t\u00fa at lenda<br \/>\nso bleytt \u00ed songini hj\u00e1 t\u00e6r, m\u00edtt skr\u00edn.<br \/>\nSnar er skj\u00f3tur upp og kemur gla\u00f0ur<br \/>\nrennandi og goyr og sleikir t\u00e6r.<br \/>\nKom n\u00fa upp! Ein spildurn\u00fdggjur dagur<br \/>\nn\u00fa b\u00ed\u00f0ar eftir t\u00e6r<br \/>\n\u2013 og l\u00edtla Snar.<\/p>\n<hr \/>\n<h3>4. \u00daTISTONGD<\/h3>\n<p><iframe loading=\"lazy\" title=\"YouTube video player\" src=\"https:\/\/www.youtube.com\/embed\/6Jk8URm_HhY\" width=\"700\" height=\"450\" frameborder=\"0\" allowfullscreen=\"allowfullscreen\" data-mce-fragment=\"1\"><\/iframe><\/p>\n<blockquote><p>&#8220;Hetta lagi\u00f0 skriva\u00f0i eg \u00e1 heilt ungum \u00e1rum um tveir samkyndar vinir, eg hev\u00f0i. Men hetta kundi eins v\u00e6l sn\u00fa\u00f0 seg um \u00f8ll, i\u00f0 onkursvegna ikki kenna, at ta\u00f0 er pl\u00e1ss fyri teimum \u00ed F\u00f8royum. M\u00ednir samkyndu vinir v\u00f3ru par og kendu seg noyddar at flyta \u00far F\u00f8royum, t\u00ed teir \u00f3tta\u00f0ust samfelagsins d\u00f3m og ta vi\u00f0fer\u00f0, teir v\u00e6nta\u00f0u at f\u00e1a, um teir ditta\u00f0u s\u00e6r opi\u00f0 at v\u00edsa k\u00e6rleikan til hv\u00f8nnannan. Samfelagi\u00f0 var ikki serliga tolsamt m\u00f3tvegis samkyndum j\u00fast t\u00e1, og samkynd v\u00f3ru ikki alt\u00ed\u00f0 l\u00edka v\u00e6l vi\u00f0farin, so tey flestu valdu at r\u00fdma \u00far F\u00f8royum \u2013 ofta vi\u00f0 sorg \u00ed hjartanum og vi\u00f0 sakni eftir elska\u00f0a heimlandinum. Men hetta er t\u00edbetur broytt n\u00f3gv til ta\u00f0 betra \u00ed dag.&#8221;<br \/>\n&#8211; Elin Brimheim Heinesen<\/p><\/blockquote>\n<audio class=\"wp-audio-shortcode\" id=\"audio-1588-4\" preload=\"none\" style=\"width: 100%;\" controls=\"controls\"><source type=\"audio\/mpeg\" src=\"https:\/\/heinesen.fo\/wp-content\/uploads\/2023\/08\/04-Utistongd.m4a?_=4\" \/><a href=\"https:\/\/heinesen.fo\/wp-content\/uploads\/2023\/08\/04-Utistongd.m4a\">https:\/\/heinesen.fo\/wp-content\/uploads\/2023\/08\/04-Utistongd.m4a<\/a><\/audio>\n<hr \/>\n<p><strong>Or\u00f0 og lag: <\/strong>Elin Brimheim Heinesen<br \/>\n<strong>Lj\u00f3\u00f0t\u00f8kni og lj\u00f3\u00f0bland: <\/strong>Finnur Hansen<br \/>\n<strong>\u00datseting og framlei\u00f0sla: <\/strong>Elin Brimheim Heinesen, Finnur Hansen<br \/>\n<strong>Mastering: <\/strong>Jan Eliasson, Audioplanet ApS<br \/>\n<strong>K\u00f3r\u00fatseting: <\/strong>Elin Brimheim Heinesen<br \/>\n<strong>Str\u00fakara\u00fatseting: <\/strong>Finnur Hansen<br \/>\n<strong>Sangur: <\/strong>Elin Brimheim Heinesen<br \/>\n<strong>K\u00f3r: <\/strong>Elin Brimheim Heinesen, Finnur Hansen<br \/>\n<strong>Lj\u00f3mbor\u00f0: <\/strong>Finnur Hansen<br \/>\n<strong>Akk. gittar: <\/strong>Elin Brimheim Heinesen, R\u00fani Eysturl\u00ed\u00f0<br \/>\n<strong>Elgittar: <\/strong>Finnur Hansen<br \/>\n<strong>Bass: <\/strong>Arnold Ludvig<br \/>\n<strong>Trummur: <\/strong>R\u00f3gvi \u00e1 R\u00f3gvu<br \/>\n<strong>Harmonika: <\/strong>Finnur Hansen<br \/>\n<strong>Violin, bratch: <\/strong>Angelika Nielsen<br \/>\n<strong>Cello: <\/strong>T\u00f3ri Restorff Jacobsen<\/p>\n<hr \/>\n<p><em>Sangtekstur:<\/em><\/p>\n<h4>\u00daTISTONGD<\/h4>\n<p>Ve\u00f0ri\u00f0 er gott uttanfyri.<br \/>\nLuftin er t\u00e1mut og heit.<br \/>\nB\u00f8rnini sp\u00e6la \u00e1 b\u00f8num<br \/>\nog \u00ed t\u00faninum \u00ed onkrari veit.<br \/>\nF\u00f3lkini ganga \u00e1 vegnum<br \/>\nog eru so k\u00e1t og so ber.<br \/>\nMen vit b\u00e1\u00f0ir inni her<br \/>\nliva \u00ed eini heilt a\u00f0rari ver\u00f0.<\/p>\n<p>Nei, eingin veit at siga,<br \/>\nhvar vit enda.<br \/>\nNanana nana nananaaaa<\/p>\n<p>\u00cd F\u00f8royum er helst gott at vera.<br \/>\nVit vuksu og bl\u00f3ma\u00f0u her.<br \/>\nT\u00ed kennist ta\u00f0 tungt at r\u00fdma<br \/>\n\u00far okkara v\u00e6lkendu ver\u00f0.<br \/>\nMen her er ei r\u00fam fyri \u00f8llum.<br \/>\nAt enda her gj\u00f8rdist ov trongt,<br \/>\nog solei\u00f0is er l\u00edvsins gongd.<br \/>\nSl\u00edk sum vit ver\u00f0a \u00fatistongd.<\/p>\n<p>Nei, eingin veit at siga\u2026<\/p>\n<p>Vit vita ei, hvat okkum v\u00e6ntar,<br \/>\nmen mugu ei fella \u00ed f\u00e1tt.<br \/>\nVit vita, at onkusta\u00f0ni botnar,<br \/>\nmen at leypa krevur dirvi og m\u00e1tt.<br \/>\nVit vita, at h\u00f3ast vit enda<br \/>\neitt sta\u00f0, sum vit ei kenna til,<br \/>\nso fylgir s\u00f3lin t\u00f3 vi\u00f0,<br \/>\nja, s\u00f3lin er kortini vi\u00f0.<\/p>\n<p>Nei, eingin veit at siga\u2026<\/p>\n<hr \/>\n<h3>5. FR\u00cdGGJAKV\u00d8LD<\/h3>\n<p><iframe loading=\"lazy\" title=\"YouTube video player\" src=\"https:\/\/www.youtube.com\/embed\/Nb-bHUyI6DU\" width=\"700\" height=\"450\" frameborder=\"0\" allowfullscreen=\"allowfullscreen\" data-mce-fragment=\"1\"><\/iframe><\/p>\n<blockquote><p>&#8220;Onkunt\u00ed\u00f0 komi eg \u00ed eitt serligt huglag, t\u00e1 eg komi heim eftir ein t\u00far \u00ed b\u00fdnum, upplyft og kveikt av upplivingum. Hetta lagi\u00f0 skriva\u00f0i eg einafer\u00f0 eftir ein hugfangandi b\u00fdt\u00far eitt fr\u00edggjakv\u00f8ld, har eg eygleiddi y\u00f0jandi l\u00edvi\u00f0 \u00ed b\u00fdnum og \u00edmynda\u00f0i m\u00e6r s\u00f8gurnar hj\u00e1 \u00f8llum teim einst\u00f8ku f\u00f3lkunum, eg s\u00e1, sum einans vi\u00f0 at krossa m\u00edna lei\u00f0 hetta kv\u00f8ldi\u00f0 \u00f3vitandi g\u00f3vu m\u00e6r \u00edbl\u00e1stur til eitt lag. Hetta var so ta\u00f0, i\u00f0 spurdist burtur\u00far.&#8221;<br \/>\n&#8211; Elin Brimheim Heinesen<\/p><\/blockquote>\n<audio class=\"wp-audio-shortcode\" id=\"audio-1588-5\" preload=\"none\" style=\"width: 100%;\" controls=\"controls\"><source type=\"audio\/mpeg\" src=\"https:\/\/heinesen.fo\/wp-content\/uploads\/2023\/08\/05-Friggjakvoeld.m4a?_=5\" \/><a href=\"https:\/\/heinesen.fo\/wp-content\/uploads\/2023\/08\/05-Friggjakvoeld.m4a\">https:\/\/heinesen.fo\/wp-content\/uploads\/2023\/08\/05-Friggjakvoeld.m4a<\/a><\/audio>\n<hr \/>\n<p><strong>Or\u00f0 og lag: <\/strong>Elin Brimheim Heinesen<br \/>\n<strong>Lj\u00f3\u00f0t\u00f8kni og lj\u00f3\u00f0bland: <\/strong>Finnur Hansen<br \/>\n<strong>\u00datseting og framlei\u00f0sla: <\/strong>Elin Brimheim Heinesen, Finnur Hansen<br \/>\n<strong>Mastering: <\/strong>Jan Eliasson, Audioplanet ApS<br \/>\n<strong>K\u00f3r\u00fatseting: <\/strong>Elin Brimheim Heinesen<br \/>\n<strong>Horn\u00fatseting: <\/strong>Elin Brimheim Heinesen<br \/>\n<strong>Sangur og k\u00f3r: <\/strong>Elin Brimheim Heinesen<br \/>\n<strong>Lj\u00f3mbor\u00f0: <\/strong>Finnur Hansen<br \/>\n<strong>Akk. gittar: <\/strong>Finnur Hansen<br \/>\n<strong>Elgittar: <\/strong>Leivur Thomsen<br \/>\n<strong>Bass: <\/strong>Arnold Ludvig<br \/>\n<strong>Trummur og slagverk: <\/strong>R\u00f3gvi \u00e1 R\u00f3gvu<br \/>\n<strong>Horn: <\/strong>\u00d3lavur Olsen<\/p>\n<hr \/>\n<p><em>Sangtekstur:<\/em><\/p>\n<h4>FR\u00cdGGJAKV\u00d8LD<\/h4>\n<p>Fr\u00edggjakv\u00f8ld fara f\u00f3lk at s\u00edggja f\u00f3lk.<br \/>\nF\u00f3lk fara \u00fat at s\u00edggja onnur, \u00e1 ja,<br \/>\ns\u00edggja onnur eyglei\u00f0a hv\u00f8rt anna\u00f0,<br \/>\nog tey eyglei\u00f0a hv\u00f8rt anna\u00f0, \u00e1 ja.<br \/>\nFr\u00edggjakv\u00f8ld, tey fara k\u00f8ld<br \/>\n\u00fat at verma hv\u00f8rt anna\u00f0.<\/p>\n<p>Tey royna at sp\u00e6la so l\u00edkas\u00e6l<br \/>\nog at l\u00e1tast, sum um tey hoyra til,<br \/>\nmen als eingin veit,<br \/>\nhvat er r\u00e6tt, og hvat er rangt,<br \/>\nog hvat hv\u00f8r her \u00ed grundini vil.<\/p>\n<p>Fr\u00edggjakv\u00f8ld, onkur gr\u00e6tur, onkur flennir,<br \/>\nonkur berjist, onkur rennur, \u00e1 ja.<br \/>\nN\u00f8kur fitt f\u00f3lk fjasa hv\u00f8rt vi\u00f0 anna\u00f0.<br \/>\nSummi sv\u00edkja n\u00fa hv\u00f8rt anna\u00f0, \u00e1 ja.<br \/>\nFr\u00edggjakv\u00f8ld, so einsam\u00f8ld<br \/>\ntey upp\u00f8sa hv\u00f8rt anna\u00f0.<\/p>\n<p>Tey royna at sp\u00e6la\u2026<\/p>\n<p>Er k\u00e6rleiki ta\u00f0?<br \/>\nKanska er ta\u00f0 ta\u00f0.<br \/>\nEg haldi, ta\u00f0 er ta\u00f0.<br \/>\nK\u00e6rleiki er ta\u00f0.<br \/>\nJa.<\/p>\n<p>Fr\u00edggjakv\u00f8ld, t\u00e1 fer ungd\u00f3mur \u00ed b\u00fdin,<br \/>\nja, \u00f8ll fara \u00fat \u00ed b\u00fdin, \u00e1 ja.<br \/>\nfyri\u2019at leita, leita til hv\u00f8rt anna\u00f0<br \/>\nja, \u00f8ll leit\u2019inn til hv\u00f8rt anna\u00f0, \u00e1 ja.<br \/>\nFr\u00edggjakv\u00f8ld, \u00f8ld eftir \u00f8ld,<br \/>\ntey bert erta hv\u00f8rt anna\u00f0.<\/p>\n<p>Tey royna at sp\u00e6la\u2026<\/p>\n<p>Er k\u00e6rleiki ta\u00f0?\u2026<br \/>\nJa.<br \/>\nTa\u00f0 er k\u00e6rleiki.<\/p>\n<hr \/>\n<h3>6. SPRETTANDI V\u00c1R<\/h3>\n<p><iframe loading=\"lazy\" title=\"YouTube video player\" src=\"https:\/\/www.youtube.com\/embed\/4BnjzQFjGhs\" width=\"700\" height=\"450\" frameborder=\"0\" allowfullscreen=\"allowfullscreen\" data-mce-fragment=\"1\"><\/iframe><\/p>\n<blockquote><p>&#8220;\u00cd m\u00ednum l\u00edvi havi eg elska\u00f0 n\u00f3gv og inniliga, b\u00e6\u00f0i h\u00f8gt og dj\u00fapt, so her er aftur eitt lag um at vera forelska\u00f0 \u2013 um at vera saman vi\u00f0 s\u00ednum elska\u00f0a \u00fati \u00ed Guds fr\u00edu n\u00e1tt\u00faru \u00ed g\u00f3\u00f0um ve\u00f0ri\u00f0 um v\u00e1ri\u00f0, har s\u00f3lin s\u00e6r, har alt sprettir og gr\u00f8r so lystiliga, og har hjarta\u00f0 liggur v\u00ed\u00f0opi\u00f0 og k\u00e6rleikin ver\u00f0ur fullgj\u00f8rdur.&#8221;<br \/>\n&#8211; Elin Brimheim Heinesen<\/p><\/blockquote>\n<audio class=\"wp-audio-shortcode\" id=\"audio-1588-6\" preload=\"none\" style=\"width: 100%;\" controls=\"controls\"><source type=\"audio\/mpeg\" src=\"https:\/\/heinesen.fo\/wp-content\/uploads\/2023\/08\/06-Sprettandi-Var.m4a?_=6\" \/><a href=\"https:\/\/heinesen.fo\/wp-content\/uploads\/2023\/08\/06-Sprettandi-Var.m4a\">https:\/\/heinesen.fo\/wp-content\/uploads\/2023\/08\/06-Sprettandi-Var.m4a<\/a><\/audio>\n<hr \/>\n<p><strong>Or\u00f0 og lag: <\/strong>Elin Brimheim Heinesen<br \/>\n<strong>Lj\u00f3\u00f0t\u00f8kni og lj\u00f3\u00f0bland: <\/strong>Finnur Hansen<br \/>\n<strong>\u00datseting og framlei\u00f0sla: <\/strong>Elin Brimheim Heinesen, Finnur Hansen<br \/>\n<strong>Mastering: <\/strong>Jan Eliasson, Audioplanet ApS<br \/>\n<strong>K\u00f3r\u00fatseting: <\/strong>Elin Brimheim Heinesen<br \/>\n<strong>Str\u00fakara\u00fatseting: <\/strong>Finnur Hansen<br \/>\n<strong>Horn\u00fatseting: <\/strong>\u00d3lavur Olsen<br \/>\n<strong>Sangur og k\u00f3r: <\/strong>Elin Brimheim Heinesen<br \/>\n<strong>Horn: <\/strong><span style=\"font-size: 1em;\">\u00d3lavur Olsen<br \/>\n<strong>Lj\u00f3mbor\u00f0: <\/strong>Finnur Hansen<br \/>\n<strong>H\u00e1lvakk. gittar: <\/strong>R\u00fani Eysturl\u00ed\u00f0<br \/>\n<strong>Bass: <\/strong>Arnold Ludvig<br \/>\n<strong>Trummur: <\/strong>R\u00f3gvi \u00e1 R\u00f3gvu<\/span><\/p>\n<hr \/>\n<p><em>Sangtekstur:<\/em><\/p>\n<h4>SPRETTANDI V\u00c1R<\/h4>\n<p>S\u00f3lin hitar teir gr\u00f8nkandi teigar.<br \/>\nVit sita so eina \u00e1 d\u00f8ggv\u00e1tum b\u00f8.<br \/>\nHv\u00f8r t\u00e6gr \u00ed m\u00e6r m\u00fdkist, eg eri til rei\u00f0ar<br \/>\nat drekka hin r\u00fasandi k\u00e6rleikans l\u00f8g<br \/>\nsaman vi\u00f0 t\u00e6r,<br \/>\nsaman vi\u00f0 t\u00e6r.<\/p>\n<p>Meg k\u00edna bl\u00eddliga varligar hendur.<br \/>\nEg gevi meg burtur \u00ed droymandi r\u00fas.<br \/>\n\u00cd nasunum kitlar ein roykur kendur,<br \/>\naldugras, vindur og bl\u00f3mubr\u00fas,<br \/>\nt\u00ed ta\u00f0 er v\u00e1r,<br \/>\nt\u00ed ta\u00f0 er v\u00e1r.<\/p>\n<p>Ta\u00f0 himmalska d\u00fdpi\u00f0 \u00f3fatiligt kennist.<br \/>\nVit stara og stara, men skilja ta\u00f0 ei.<br \/>\nInnan er okkurt, sum veksur og mennist.<br \/>\nHer birtist ein kensla, sum f\u00f3tin eg steig<br \/>\n\u00ed aldingar\u00f0,<br \/>\n\u00ed aldingar\u00f0.<\/p>\n<p>Sum fl\u00e1krandi firvaldar burtur vit f\u00f8rast.<br \/>\nTa\u00f0 svalandi loti\u00f0 \u00e1 hondum oss ber.<br \/>\nSo spakuligt n\u00e6rkast teir varrar og r\u00f8rast<br \/>\nog gloppa sum r\u00f3sur, t\u00e1 ni\u00f0un\u00e1tt fer<br \/>\nog s\u00f3lin s\u00e6r,<br \/>\nog s\u00f3lin s\u00e6r.<\/p>\n<p>T\u00fa lei\u00f0ir meg vi\u00f0 t\u00e6r \u00ed eydnulandi\u00f0,<br \/>\nhar lj\u00f3mandi t\u00f3nleikur fyllir m\u00edtt sinn.<br \/>\nVit sveimandi hittast \u00ed k\u00e6rleiksgandi.<br \/>\n\u00cd hj\u00f8rtu n\u00fa sn\u00edkir seg varliga inn<br \/>\nsprettandi v\u00e1r,<br \/>\nsprettandi v\u00e1r.<\/p>\n<hr \/>\n<h3>7. ELLI<\/h3>\n<p><iframe loading=\"lazy\" title=\"YouTube video player\" src=\"https:\/\/www.youtube.com\/embed\/2XC1cqQbabk\" width=\"700\" height=\"450\" frameborder=\"0\" allowfullscreen=\"allowfullscreen\" data-mce-fragment=\"1\"><\/iframe><\/p>\n<blockquote><p>&#8220;Hetta lagi\u00f0 skriva\u00f0i eg r\u00e6ttiliga ung, t\u00e1 eg gekk \u00ed Studentask\u00falanum \u00ed Hoyd\u00f8lum. Lagi\u00f0 gj\u00f8rdi eg til eina yrking, eg hev\u00f0i skriva\u00f0 um eina eldri konu, sum var vi\u00f0 at gerast gomul og minnisveik. Eg fekk \u00edbl\u00e1stur vi\u00f0 m.a. at hugsa um m\u00edna egnu ommu. Hon dugdi ikki at sita hendur \u00ed favn og m\u00e1tti alt\u00ed\u00f0 sita vi\u00f0 onkrum handarbei\u00f0i. \u00cd sangtekstinum ver\u00f0ur ein dukka nevnd, t\u00ed omma elska\u00f0i at binda og seyma dukkukl\u00e6\u00f0ir \u2013 serliga f\u00f8roysk kl\u00e6\u00f0i til dukkur, sum ta\u00f0 var so moderna t\u00e1 at hava til pynt \u00ed stovunum.&#8221;<br \/>\n&#8211; Elin Brimheim Heinesen<\/p><\/blockquote>\n<audio class=\"wp-audio-shortcode\" id=\"audio-1588-7\" preload=\"none\" style=\"width: 100%;\" controls=\"controls\"><source type=\"audio\/mpeg\" src=\"https:\/\/heinesen.fo\/wp-content\/uploads\/2023\/08\/07-Elli.m4a?_=7\" \/><a href=\"https:\/\/heinesen.fo\/wp-content\/uploads\/2023\/08\/07-Elli.m4a\">https:\/\/heinesen.fo\/wp-content\/uploads\/2023\/08\/07-Elli.m4a<\/a><\/audio>\n<hr \/>\n<p><strong>Or\u00f0 og lag: <\/strong>Elin Brimheim Heinesen<br \/>\n<strong>Lj\u00f3\u00f0t\u00f8kni og lj\u00f3\u00f0bland: <\/strong>Finnur Hansen<br \/>\n<strong>\u00datseting og framlei\u00f0sla: <\/strong>Elin Brimheim Heinesen, Finnur Hansen<br \/>\n<strong>Mastering: <\/strong>Jan Eliasson, Audioplanet ApS<br \/>\n<strong>K\u00f3r\u00fatseting: <\/strong>Elin Brimheim Heinesen<br \/>\n<strong>Sangur og k\u00f3r: <\/strong>Elin Brimheim Heinesen<br \/>\n<strong>Lj\u00f3mbor\u00f0: <\/strong>Finnur Hansen<br \/>\n<strong>Gittar: <\/strong>Elin Brimheim Heinesen<br \/>\n<strong>Bass: <\/strong>Arnold Ludvig<br \/>\n<strong>Trummur: <\/strong>R\u00f3gvi \u00e1 R\u00f3gvu<\/p>\n<hr \/>\n<p><em>Sangtekstur:<\/em><\/p>\n<h4>ELLI<\/h4>\n<p>Morgunin d\u00f8kkur og gr\u00e1ur.<br \/>\nHon situr har boygd beinki \u00e1.<br \/>\nFressurin, mj\u00fakur og mj\u00e1ur,<br \/>\nmurrar \u00ed alski og tr\u00e1.<\/p>\n<p>Tankarnir tokutir snara.<br \/>\nEyguni fjar og so k\u00e1m.<br \/>\n\u00c1rini koma og fara,<br \/>\nhv\u00f8rva \u00ed mj\u00f8rkat\u00e1m.<\/p>\n<p>Stoppar s\u00e6r holuta hosu.<br \/>\nKetilin br\u00edkslar vi\u00f0 eitt.<br \/>\nKl\u00f8kkast \u00ed \u00f8rvitistosi.<br \/>\nAv n\u00e1lini mundi seg meitt.<\/p>\n<p>Tankarnir tokutir snara\u2026<\/p>\n<p>Komf\u00fdrurin sj\u00f3ar og glintar.<br \/>\nTekur ein f\u00fana\u00f0 hond<br \/>\nklodduta dukku og pyntar<br \/>\nso f\u00edna vi\u00f0 hv\u00edtari rond.<\/p>\n<p>Tankarnir tokutir snara\u2026<\/p>\n<hr \/>\n<h3>8. VIT LIVA SAMAN<\/h3>\n<p><iframe loading=\"lazy\" title=\"YouTube video player\" src=\"https:\/\/www.youtube.com\/embed\/-mV1sZoO41I\" width=\"700\" height=\"450\" frameborder=\"0\" allowfullscreen=\"allowfullscreen\" data-mce-fragment=\"1\"><\/iframe><\/p>\n<blockquote><p>&#8220;Hetta lagi\u00f0 kom til m\u00edn einafer\u00f0 um n\u00e1ttina \u00ed einum dreymi, har eg droymdi um ein fyrrverandi sjeik, sum hev\u00f0i s\u00ednar pers\u00f3nligu trupulleikar og t\u00ed ikki alt\u00ed\u00f0 var so fittur vi\u00f0 meg. Parlagi\u00f0 enda\u00f0i, t\u00ed har\u00f0skapur kom upp\u00ed \u2013 naka\u00f0, sum ofta gav m\u00e6r marruna aftan\u00e1. (Fyri at eingin misskiljing skal vera, er ikki talan um hann, eg seinni giftist vi\u00f0). Eg ynskti so inniliga fri\u00f0 \u00ed s\u00e1lina, so eg hugsi, at eg \u00ed hesum dreymi onkursvegna havi roynt at ugga meg sj\u00e1lva vi\u00f0 at byggja br\u00fagv millum meg og ta\u00f0, sum eg upplivdi sum eina h\u00f3ttan. \u00cd \u00f8llum f\u00f8rum vakna\u00f0i eg hendan morgunin vi\u00f0 \u00f8llum \u2013 tvs. vi\u00f0 b\u00e6\u00f0i lagi og teksti \u00ed h\u00f8vdinum og skunda\u00f0i m\u00e6r eftir gittarinum og m\u00ednum f\u00fdra spors Fostex kassettubandupptakara at taka upp fyri ikki at gloyma ta\u00f0. Teksturin sn\u00fdr seg \u00ed grundini eisini um naka\u00f0 st\u00f8rri enn bara eitt v\u00e1naligt parlag \u2013 nevniliga um at fr\u00edgera seg fr\u00e1 leinkjum \u2013 so sum \u00f3tta, illteinking og ford\u00f3mum. Alt, sum skilir okkum menniskju, og sum \u00ed ringasta f\u00f8ri kann elva til kr\u00edggj. \u00cd veruleikanum heilt \u00f3ney\u00f0ugt, t\u00ed innast inni eru vit \u00f8ll hv\u00f8rjum \u00f8\u00f0rum l\u00edk og hava helst n\u00f3gv meira til felags sum menniskju, enn vit eru tilvitandi um. T\u00ed setti eg tann g\u00f3\u00f0tr\u00fana, heilt einfalda spurningin: Hv\u00ed yvirh\u00f8vur str\u00ed\u00f0ast so m\u00f3ti hv\u00f8rjum \u00f8\u00f0rum? Eg valdi \u00edgj\u00f8gnum t\u00f3nleikin at l\u00fdsa desperati\u00f3na, eg summat\u00ed\u00f0ir kann f\u00f8la, t\u00e1 ta\u00f0 tykist \u00f3gj\u00f8rligt at n\u00e1a s\u00e1tt og semju. \u00cd hesum lagnum havi eg \u2013 h\u00f3ast vit \u00ed dag skriva 2018 \u2013 valt at vera tr\u00fagv m\u00f3ti t\u00ed 70\u2019ara rockst\u00edlinum, eg hoyrdi so t\u00fd\u00f0iliga fyri m\u00e6r \u00ed dreyminum, og harvi\u00f0 eisini hei\u00f0ra hesa sjangruna, sum j\u00fa er ein st\u00f3rur partur av m\u00ednum t\u00f3nlistarliga vi\u00f0f\u00f8ri.&#8221;<br \/>\n&#8211; Elin Brimheim Heinesen<\/p><\/blockquote>\n<audio class=\"wp-audio-shortcode\" id=\"audio-1588-8\" preload=\"none\" style=\"width: 100%;\" controls=\"controls\"><source type=\"audio\/mpeg\" src=\"https:\/\/heinesen.fo\/wp-content\/uploads\/2023\/08\/08-Vit-Liva-Saman.m4a?_=8\" \/><a href=\"https:\/\/heinesen.fo\/wp-content\/uploads\/2023\/08\/08-Vit-Liva-Saman.m4a\">https:\/\/heinesen.fo\/wp-content\/uploads\/2023\/08\/08-Vit-Liva-Saman.m4a<\/a><\/audio>\n<hr \/>\n<p><strong>Or\u00f0 og lag: <\/strong>Elin Brimheim Heinesen<br \/>\n<strong style=\"font-size: 1em;\">Lj\u00f3\u00f0t\u00f8kni og lj\u00f3\u00f0bland: <\/strong><span style=\"font-size: 1em;\">Finnur Hansen<br \/>\n<\/span><strong style=\"font-size: 1em;\">\u00datseting og framlei\u00f0sla: <\/strong><span style=\"font-size: 1em;\">Elin Brimheim Heinesen, <\/span><span style=\"font-size: 1em;\">Finnur Hansen<br \/>\n<\/span><strong style=\"font-size: 1em;\">Mastering: <\/strong><span style=\"font-size: 1em;\">Jan Eliasson, Audioplanet ApS<br \/>\n<\/span><strong style=\"font-size: 1em;\">Str\u00fakara\u00fatseting: <\/strong><span style=\"font-size: 1em;\">Finnur Hansen<br \/>\n<\/span><strong style=\"font-size: 1em;\">K\u00f3r\u00fatseting:\u00a0 <\/strong><span style=\"font-size: 1em;\">Elin Brimheim Heinesen<br \/>\n<\/span><strong style=\"font-size: 1em;\">Sangur og k\u00f3r: <\/strong><span style=\"font-size: 1em;\">Elin Brimheim Heinesen<br \/>\n<\/span><strong style=\"font-size: 1em;\">K\u00f3r: <\/strong><span style=\"font-size: 1em;\">Finnur Hansen, <\/span><span style=\"font-size: 1em;\">Kim Hansen,\u00a0 <\/span><span style=\"font-size: 1em;\">Karl Martin Samuelsen (rockskr\u00edggj)<br \/>\n<\/span><strong style=\"font-size: 1em;\">Lj\u00f3mbor\u00f0: <\/strong><span style=\"font-size: 1em;\">Finnur Hansen<br \/>\n<\/span><strong style=\"font-size: 1em;\">Akk. gittar: <\/strong><span style=\"font-size: 1em;\">Finnur Hansen<br \/>\n<\/span><strong style=\"font-size: 1em;\">Elgittar: <\/strong><span style=\"font-size: 1em;\">Leivur Thomsen (solo)<br \/>\n<\/span><strong style=\"font-size: 1em;\">Bass: <\/strong><span style=\"font-size: 1em;\">Arnold Ludvig<br \/>\n<\/span><strong style=\"font-size: 1em;\">Trummur: <\/strong>R\u00f3gvi \u00e1 R\u00f3gvu<\/p>\n<hr \/>\n<p><em>Sangtekstur:<\/em><\/p>\n<h4>VIT LIVA SAMAN<\/h4>\n<p>Eitt menniskja eg eri.<br \/>\nEg megni ikki n\u00f3gv.<br \/>\nEg vil ei s\u00e6ra onnur,<br \/>\nso hv\u00ed grevur t\u00fa hesa gj\u00f3gv?<br \/>\nT\u00fa kanska kanst meg ska\u00f0a,<br \/>\nog eg veit, t\u00fa royna fert.<br \/>\nT\u00fa f\u00edgginda meg s\u00e6rt sum,<br \/>\nmen ta\u00f0 er ta\u00f0, t\u00fa sj\u00e1lvur ert.<\/p>\n<p>Vit liva saman, t\u00fa og eg.<br \/>\nHv\u00ed so gera m\u00e6r fortre\u00f0?<br \/>\nR\u00e6tt t\u00fa m\u00e6r t\u00edna hond<br \/>\nog fylg m\u00e6r \u00e1 veg.<br \/>\nLati\u00f0 okkum ganga s\u00ed\u00f0 um s\u00ed\u00f0,<br \/>\nsama slag \u00f8ll innan\u00ed.<br \/>\nTaka vit saman hendur,<br \/>\nvera vit fr\u00ed.<\/p>\n<p>T\u00edn f\u00edggindi er innan<br \/>\n\u00ed t\u00e6r og ikki m\u00e6r.<br \/>\nT\u00fa sp\u00e6lir bara sterkur,<br \/>\nein t\u00fd\u00f0iliga s\u00e6r.<br \/>\nTa\u00f0 er t\u00ed t\u00fa ert so illur,<br \/>\nat t\u00fa n\u00e6stan drepa kanst,<br \/>\nmen t\u00e1 i\u00f0 t\u00fa f\u00e6rt valdi\u00f0,<br \/>\ner ta\u00f0 veruliga t\u00fa, sum vanst?<\/p>\n<p>Vit liva saman t\u00fa og eg\u2026.<\/p>\n<p>Eg veit,<br \/>\neg veit,<br \/>\neg veit ei, hv\u00ed<br \/>\nvit ei,<br \/>\nvit ei<br \/>\ngera okkum fr\u00ed<br \/>\nog smoyggja leinkjurnar av,<br \/>\neru bara menniskju \u00ed fri\u00f0<br \/>\nso kom n\u00fa vi\u00f0.<\/p>\n<hr \/>\n<h3>9. HANN KEDDUR ER<\/h3>\n<p><iframe loading=\"lazy\" title=\"YouTube video player\" src=\"https:\/\/www.youtube.com\/embed\/r8Wovm5bCVg\" width=\"700\" height=\"450\" frameborder=\"0\" allowfullscreen=\"allowfullscreen\" data-mce-fragment=\"1\"><span data-mce-type=\"bookmark\" style=\"display: inline-block; width: 0px; overflow: hidden; line-height: 0;\" class=\"mce_SELRES_start\">\ufeff<\/span><\/iframe><\/p>\n<blockquote><p>&#8220;Hetta lagi\u00f0 skriva\u00f0i eg einafer\u00f0, t\u00e1 eg livdi saman vi\u00f0 einum manni, sum \u00ed sambandi vi\u00f0 sj\u00fakralegu enda\u00f0i vi\u00f0 at f\u00e1a tunglyndi. Eg f\u00f8ldi so inniliga vi\u00f0 honum og vildi so fegin hj\u00e1lpa, ugga og l\u00e6tta um hansara s\u00e1larligu p\u00ednu, men kendi meg so hj\u00e1lparsleysa, t\u00ed einki tyktist at gera nakran mun, l\u00edkamiki\u00f0 hvat eg gj\u00f8rdi. Hvar fer ein so vi\u00f0 allari s\u00ednari f\u00e1n\u00fdtiskenslu? J\u00fa, eg havi ofta br\u00fakt ta\u00f0 sum terapi at seta meg at skriva t\u00f3nleik, t\u00e1 l\u00edvi\u00f0 hevur bj\u00f3\u00f0a\u00f0 m\u00e6r og m\u00ednum k\u00e6ru av, og m\u00f3tgongdin hevur tyngt meg ni\u00f0ur. Ta\u00f0 gj\u00f8rdi eg eisini hesafer\u00f0, og hetta lagi\u00f0 kom so burtur\u00far.&#8221;<br \/>\n&#8211; Elin Brimheim Heinesen<\/p><\/blockquote>\n<audio class=\"wp-audio-shortcode\" id=\"audio-1588-9\" preload=\"none\" style=\"width: 100%;\" controls=\"controls\"><source type=\"audio\/mpeg\" src=\"https:\/\/heinesen.fo\/wp-content\/uploads\/2023\/08\/09-Hann-Keddur-Er.m4a?_=9\" \/><a href=\"https:\/\/heinesen.fo\/wp-content\/uploads\/2023\/08\/09-Hann-Keddur-Er.m4a\">https:\/\/heinesen.fo\/wp-content\/uploads\/2023\/08\/09-Hann-Keddur-Er.m4a<\/a><\/audio>\n<hr \/>\n<p><strong>Or\u00f0 og lag: <\/strong>Elin Brimheim Heinesen<br \/>\n<strong>Lj\u00f3\u00f0t\u00f8kni og lj\u00f3\u00f0bland: <\/strong>Finnur Hansen<br \/>\n<strong>\u00datseting og framlei\u00f0sla: <\/strong>Elin Brimheim Heinesen, Finnur Hansen<br \/>\n<strong>Mastering: <\/strong>Finn Eliasson, Audioplanet ApS<br \/>\n<strong style=\"font-size: 1em;\">K\u00f3r\u00fatseting: <\/strong><span style=\"font-size: 1em;\">Elin Brimheim Heinesen<br \/>\n<\/span><strong style=\"font-size: 1em;\">Str\u00fakara\u00fatseting: <\/strong><span style=\"font-size: 1em;\">Finnur Hansen<br \/>\n<\/span><strong style=\"font-size: 1em;\">Sangur og k\u00f3r: <\/strong><span style=\"font-size: 1em;\">Elin Brimheim Heinesen<br \/>\n<\/span><strong style=\"font-size: 1em;\">Lj\u00f3mbor\u00f0: <\/strong><span style=\"font-size: 1em;\">Finnur Hansen<br \/>\n<\/span><strong style=\"font-size: 1em;\">Gittar: <\/strong><span style=\"font-size: 1em;\">R\u00fani Eysturl\u00ed\u00f0<br \/>\n<\/span><strong style=\"font-size: 1em;\">Bass: <\/strong><span style=\"font-size: 1em;\">Arnold Ludvig<br \/>\n<\/span><strong style=\"font-size: 1em;\">Trummur: <\/strong><span style=\"font-size: 1em;\">R\u00f3gvi \u00e1 R\u00f3gvu<br \/>\n<\/span><strong style=\"font-size: 1em;\">Violin, bratch: <\/strong><span style=\"font-size: 1em;\">Angelika Nielsen<br \/>\n<\/span><strong style=\"font-size: 1em;\">Cello: <\/strong><span style=\"font-size: 1em;\">T\u00f3ri Restorff Jacobsen<\/span><\/p>\n<hr \/>\n<p><em>Sangtekstur:<\/em><\/p>\n<h4>HANN KEDDUR ER<\/h4>\n<p>Hann keddur er.<br \/>\nHann er so fyltur av<br \/>\nsorg, s\u00fat og harmi.<br \/>\nOg eg,<br \/>\neg f\u00e1i ikki hj\u00e1lpt.<br \/>\nEg vil fegin ugga hann<br \/>\nog birta \u00e1lit \u00e1 l\u00edvi\u00f0.<\/p>\n<p>Eg v\u00f3ni, okkurt hj\u00e1lpir<br \/>\nog l\u00e6ttir s\u00e1lartrega,<br \/>\nso hann f\u00e6r t\u00ed\u00f0 at<br \/>\nernast og<br \/>\nbert b\u00ed\u00f0a eina t\u00ed\u00f0, t\u00ed so<br \/>\nfer alt seg at laga.<br \/>\nEg vildi, at hann<br \/>\naftur sm\u00edla vil.<\/p>\n<p>Hann keddur er.<br \/>\nHann er so harmur, hann<br \/>\ns\u00e6r ongan enda.<br \/>\nOg eg,<br \/>\neg f\u00e1i einki gj\u00f8rt.<br \/>\nEg hond m\u00edna r\u00e6tti \u00fat<br \/>\nog royni\u2019at geva\u2019honum treysti.<\/p>\n<p>Eg v\u00f3ni, okkurt hj\u00e1lpir<br \/>\nog l\u00e6ttir s\u00e1lartrega,<br \/>\nso hann f\u00e6r t\u00ed\u00f0 at<br \/>\nernast og<br \/>\nbert b\u00ed\u00f0a eina t\u00ed\u00f0, t\u00ed so<br \/>\nfer alt seg at laga.<br \/>\nEg vildi, at hann<br \/>\naftur sm\u00edla vil.<\/p>\n<p>Men beint n\u00fa er hann yvirtikin<br \/>\nav beiskleika.<br \/>\nMen ein dag<br \/>\nver\u00f0ur ta\u00f0<br \/>\nfari\u00f0 afturum og ver\u00f0ur<br \/>\nalt gloymt.<\/p>\n<p>Eg v\u00f3ni, okkurt hj\u00e1lpir<br \/>\nog l\u00e6ttir s\u00e1lartrega,<br \/>\nso hann f\u00e6r t\u00ed\u00f0 at<br \/>\nernast og<br \/>\nbert b\u00ed\u00f0a eina t\u00ed\u00f0, t\u00ed so<br \/>\nfer alt seg at laga.<br \/>\nEg vildi, at hann<br \/>\naftur sm\u00edla vil,<br \/>\nsm\u00edla vil.<\/p>\n<hr \/>\n<h3>10. KEMUR T\u00da AFTUR<\/h3>\n<p><iframe loading=\"lazy\" title=\"YouTube video player\" src=\"https:\/\/www.youtube.com\/embed\/mO88jHMbnAQ\" width=\"700\" height=\"450\" frameborder=\"0\" allowfullscreen=\"allowfullscreen\" data-mce-fragment=\"1\"><\/iframe><\/p>\n<blockquote><p>&#8220;Hetta lagi\u00f0 skriva\u00f0i eg \u00e1 einum sangskrivaraskei\u00f0i \u00e1 F\u00f8roya F\u00f3lkah\u00e1sk\u00fala fyri n\u00f8krum \u00e1rum s\u00ed\u00f0ani saman vi\u00f0 \u00c1rna J\u00f3hannesson, sum t\u00e1 var einans 14 \u00e1ra gamal. Vit sendu lagi\u00f0 til eina sangkapping hj\u00e1 Amnesty F\u00f8roya Deild. Lagi\u00f0 var ikki millum vinnandi l\u00f8gini, men hevur kortini uppibori\u00f0 at ver\u00f0a givi\u00f0 \u00fat, haldi eg. Lagi\u00f0 er gj\u00f8rt til minnis um spanska samvitskufangan Arturo Mora Saintz, f. 1947. Mamma m\u00edn, Maud Heinesen, sum var vi\u00f0stovnari av Amnesty F\u00f8roya Deild og virkin har \u00ed meiri enn tr\u00fd \u00e1rt\u00edggjundi, kn\u00fdtti seg serliga til Arturo \u00ed sj\u00e1lvbodna arbeinum at stu\u00f0la og royna at f\u00e1a samvitskufangar leyslatnar. Arturo las verkfr\u00f8\u00f0i, t\u00e1 hann var\u00f0 fongsla\u00f0ur og p\u00edndur undir Franco-st\u00fdrinum fr\u00e1 1969 til 1972. Einasta ors\u00f8k til fongslingina var, at hann hev\u00f0i b\u00fdtt \u00fat faldarar, sum m\u00f3tm\u00e6ltu dey\u00f0ad\u00f3mum yvir baskarar. Maria Jos\u00e9, unnusta hansara, b\u00ed\u00f0a\u00f0i eftir Arturo \u00f8ll \u00e1rini, hann sat \u00ed fongsli. M.a. takka\u00f0 veri\u00f0 Amnesty var\u00f0 Arturo leyslatin v\u00e6l fyri t\u00ed\u00f0ina, hann var d\u00f8mdur at sita. Men tey b\u00e6\u00f0i, Arturo og Maria Jos\u00e9, s\u00f3tu p\u00fara \u00e1 berum, t\u00e1 hann kom \u00fat aftur \u00far fongslinum. Tey settu s\u00e6r fyri at spara upp til br\u00fadleyp, og \u00ed 1978 giftust tey endiliga. Men bert 18 dagar eftir br\u00fadleypi\u00f0 doy\u00f0i Arturo t\u00edverri \u00ed eini fer\u00f0sluvanlukku! Sj\u00e1ldan hevur mamma gr\u00e1ti\u00f0 so illa, sum t\u00e1 hon fekk hesi syrgiligu bo\u00f0ini. Restina av l\u00edvi s\u00ednum helt mamma sambandi\u00f0 vi\u00f0 Maria Jos\u00e9, sum seinni bleiv gift vi\u00f0 \u00f8\u00f0rum manni og fekk tvey b\u00f8rn. T\u00e6r hittust fleiri fer\u00f0ir til st\u00f3ra gle\u00f0i fyri hv\u00f8rja a\u00f0ra. Henda s\u00f8ga hevur alt\u00ed\u00f0 gj\u00f8rt st\u00f3rt inntrykk \u00e1 meg, og gj\u00f8rdist t\u00ed \u00edbl\u00e1stur til lagi\u00f0. Av t\u00ed at mamma var vi\u00f0 til at fyriskipa fleiri v\u00edsusangarastevnur til frama fyri Amnesty \u00ed t\u00ed\u00f0ini, hon sat \u00ed nevnd, serliga \u00ed 70\u2019unum, og av t\u00ed at Arturo og Maria Jos\u00e9 v\u00f3ru spani\u00f3lar, gj\u00f8rdu eg og \u00c1rni av at gera lagi\u00f0 \u00ed einum st\u00edli, sum partv\u00edst er \u00edbl\u00e1stur av v\u00edsusangara-traditi\u00f3nini t\u00e1, partv\u00edst av 70\u2019ara t\u00f3nleiki \u00ed heila tiki\u00f0 og partv\u00edst av sponskum f\u00f3lkat\u00f3nleiki.&#8221;<br \/>\n&#8211; Elin Brimheim Heinesen<\/p><\/blockquote>\n<audio class=\"wp-audio-shortcode\" id=\"audio-1588-10\" preload=\"none\" style=\"width: 100%;\" controls=\"controls\"><source type=\"audio\/mpeg\" src=\"https:\/\/heinesen.fo\/wp-content\/uploads\/2023\/08\/10-Kemur-Tu-Aftur.m4a?_=10\" \/><a href=\"https:\/\/heinesen.fo\/wp-content\/uploads\/2023\/08\/10-Kemur-Tu-Aftur.m4a\">https:\/\/heinesen.fo\/wp-content\/uploads\/2023\/08\/10-Kemur-Tu-Aftur.m4a<\/a><\/audio>\n<hr \/>\n<p><strong>Or\u00f0: <\/strong>Elin Brimheim Heinesen<br \/>\n<strong>Lag: <\/strong>Elin Brimheim Heinesen,\u00a0 \u00c1rni J\u00f3hannesson<br \/>\n<strong style=\"font-size: 1em;\">Lj\u00f3\u00f0t\u00f8kni og lj\u00f3\u00f0bland: <\/strong><span style=\"font-size: 1em;\">Finnur Hansen<br \/>\n<\/span><strong style=\"font-size: 1em;\">\u00datseting og framlei\u00f0sla: <\/strong><span style=\"font-size: 1em;\">Elin Brimheim Heinesen, <\/span><span style=\"font-size: 1em;\">Finnur Hansen<br \/>\n<\/span><strong style=\"font-size: 1em;\">Mastering: <\/strong><span style=\"font-size: 1em;\">Finn Eliasson, Audioplanet ApS<br \/>\n<\/span><strong style=\"font-size: 1em;\">K\u00f3r\u00fatseting: <\/strong><span style=\"font-size: 1em;\">Elin Brimheim Heinesen<br \/>\n<\/span><strong style=\"font-size: 1em;\">Sangur og k\u00f3r: <\/strong><span style=\"font-size: 1em;\">Elin Brimheim Heinesen<br \/>\n<\/span><strong style=\"font-size: 1em;\">Lj\u00f3mbor\u00f0, harmonika: <\/strong><span style=\"font-size: 1em;\">Finnur Hansen<br \/>\n<\/span><strong style=\"font-size: 1em;\">Spanskan gittar: <\/strong><span style=\"font-size: 1em;\">Leivur Thomsen<br \/>\n<\/span><strong>Akk. gittar: <\/strong>Elin Brimheim Heinesen<br \/>\n<strong>H\u00e1lvakk. gittar: <\/strong>R\u00fani Eysturl\u00ed\u00f0<br \/>\n<strong>Bass: <\/strong>Arnold Ludvig<br \/>\n<strong>Trummur: <\/strong>R\u00f3gvi \u00e1 R\u00f3gvu<\/p>\n<hr \/>\n<p><em>Sangtekstur:<\/em><\/p>\n<h4>KEMUR T\u00da AFTUR<\/h4>\n<p>Vit sv\u00f3vu so s\u00f8tt eina h\u00e1summarn\u00e1tt.<br \/>\nHur\u00f0in brast upp, og teir komu \u00e1 g\u00e1tt.<br \/>\nSum \u00f3l\u00f8gi svartkl\u00e6ddir menn skryktu teg<br \/>\n\u00far seingini, og f\u00f3ru vi\u00f0 t\u00e6r s\u00edn veg.<br \/>\nEg r\u00f3pti og r\u00f3pti og r\u00f3pti og r\u00f3pti,<br \/>\nmen svar t\u00edtt ta\u00f0 hvarv \u00fat \u00ed myrkri\u00f0.<\/p>\n<p>Hvat hev\u00f0i t\u00fa gj\u00f8rt? Hv\u00ed t\u00f3ku teir teg?<br \/>\nHv\u00ed revsa teir okkum? Og hvat geri eg<br \/>\nn\u00fa uttan umsorgan t\u00edna?<br \/>\nTeir halda seg revsa teg og meg,<br \/>\nmen hvat raka teir anna\u00f0 enn sj\u00e1lvan seg<br \/>\nog ringu samvitsku s\u00edna.<\/p>\n<p>N\u00fa ert t\u00fa farin, og her er so stilt.<br \/>\nL\u00edvi\u00f0 hj\u00e1 okkum n\u00fa ver\u00f0ur alt spilt.<br \/>\nBr\u00fadleypi\u00f0 avl\u00fdst og b\u00f8rnini vi\u00f0.<br \/>\nN\u00e6r munnu teir fara at geva t\u00e6r gri\u00f0.<\/p>\n<p>Eg b\u00ed\u00f0i og b\u00ed\u00f0i og b\u00ed\u00f0i og b\u00ed\u00f0i,<br \/>\ntil t\u00fa einafer\u00f0 kemur aftur.<\/p>\n<p>Hvat hev\u00f0i t\u00fa gj\u00f8rt\u2026<\/p>\n<p>T\u00edn svalandi skuggi var m\u00edn s\u00e1larb\u00f3t.<br \/>\nMen n\u00fa er t\u00edtt tr\u00e6 rykt upp vi\u00f0 r\u00f3t.<br \/>\nN\u00e6r kemur t\u00fa aftur,<br \/>\nja, kemur t\u00fa aftur?<br \/>\nManst t\u00fa hugsa eins n\u00f3gv<br \/>\num meg,<br \/>\nsum eg<br \/>\nhugsi um teg?<\/p>\n<p>Eg b\u00ed\u00f0i og b\u00ed\u00f0i og b\u00ed\u00f0i og b\u00ed\u00f0i,<br \/>\ntil t\u00fa einafer\u00f0 kemur aftur.<\/p>\n<hr \/>\n<h3>11. N\u00c1TTARSANGUR MAMMUNAR<\/h3>\n<p><iframe loading=\"lazy\" title=\"YouTube video player\" src=\"https:\/\/www.youtube.com\/embed\/A0gr_BILtGM\" width=\"700\" height=\"450\" frameborder=\"0\" allowfullscreen=\"allowfullscreen\" data-mce-fragment=\"1\"><\/iframe><\/p>\n<blockquote><p>&#8220;Hetta lagi\u00f0 skriva\u00f0i eg eina n\u00e1ttina, t\u00e1 eg hev\u00f0i siti\u00f0 eina g\u00f3\u00f0a l\u00f8tu og hugt so hugtikinat m\u00edni \u00f3metaliga elskuligu d\u00f3ttur, me\u00f0an hon l\u00e1 har so l\u00edtil og fitt og svav s\u00edn s\u00f8ta sv\u00f8vn. Eg fekk sovor\u00f0na trongd til at royna at l\u00fdsa tann risast\u00f3ra k\u00e6rleikan, eg kendi til hennara, umframt ta st\u00f3ru \u00e1byrgdina, sum fylgir vi\u00f0 at bl\u00edva mamma. Kenslurnar f\u00f3ru avsta\u00f0 vi\u00f0 m\u00e6r, og hetta var so lagi\u00f0, i\u00f0 spurdist burtur\u00far.&#8221;<br \/>\n&#8211; Elin Brimheim Heinesen<\/p><\/blockquote>\n<audio class=\"wp-audio-shortcode\" id=\"audio-1588-11\" preload=\"none\" style=\"width: 100%;\" controls=\"controls\"><source type=\"audio\/mpeg\" src=\"https:\/\/heinesen.fo\/wp-content\/uploads\/2023\/08\/11-Nattarsangur-Mammunar.m4a?_=11\" \/><a href=\"https:\/\/heinesen.fo\/wp-content\/uploads\/2023\/08\/11-Nattarsangur-Mammunar.m4a\">https:\/\/heinesen.fo\/wp-content\/uploads\/2023\/08\/11-Nattarsangur-Mammunar.m4a<\/a><\/audio>\n<hr \/>\n<p><strong>Or\u00f0 og lag: <\/strong>Elin Brimheim Heinesen<br \/>\n<strong style=\"font-size: 1em;\">Lj\u00f3\u00f0t\u00f8kni og lj\u00f3\u00f0bland: <\/strong><span style=\"font-size: 1em;\">Finnur Hansen<br \/>\n<\/span><strong style=\"font-size: 1em;\">\u00datseting og framlei\u00f0sla: <\/strong><span style=\"font-size: 1em;\">Elin Brimheim Heinesen, <\/span><span style=\"font-size: 1em;\">Finnur Hansen<br \/>\n<\/span><strong style=\"font-size: 1em;\">Mastering: <\/strong><span style=\"font-size: 1em;\">Finn Eliasson, Audioplanet ApS<br \/>\n<\/span><strong style=\"font-size: 1em;\">K\u00f3r\u00fatseting: <\/strong><span style=\"font-size: 1em;\">Elin Brimheim Heinesen<br \/>\n<\/span><strong style=\"font-size: 1em;\">Horn\u00fatseting: <\/strong><span style=\"font-size: 1em;\">Finnur Hansen<br \/>\n<\/span><strong style=\"font-size: 1em;\">Sangur og k\u00f3r: <\/strong><span style=\"font-size: 1em;\">Elin Brimheim Heinesen<br \/>\n<\/span><strong style=\"font-size: 1em;\">Lj\u00f3mbor\u00f0: <\/strong><span style=\"font-size: 1em;\">Finnur Hansen<br \/>\n<\/span><strong style=\"font-size: 1em;\">Elgittar: <\/strong><span style=\"font-size: 1em;\">R\u00fani Eysturl\u00ed\u00f0<br \/>\n<\/span><strong style=\"font-size: 1em;\">H\u00e1lvakk. gittar: <\/strong><span style=\"font-size: 1em;\">Leivur Thomsen (solo)<br \/>\n<\/span><strong style=\"font-size: 1em;\">Bass: <\/strong><span style=\"font-size: 1em;\">Arnold Ludvig<br \/>\n<\/span><strong>Trummur: <\/strong>R\u00f3gvi \u00e1 R\u00f3gvu<br \/>\n<strong style=\"font-size: 1em;\">Horn: <\/strong><span style=\"font-size: 1em;\">\u00d3lavur Olsen<\/span><\/p>\n<hr \/>\n<p><em>Sangtekstur:<\/em><\/p>\n<h4>N\u00c1TTARSANGUR MAMMUNAR<\/h4>\n<p>M\u00e1nal\u00fdsi\u00f0 sk\u00ednir \u00e1 t\u00edtt andlit,<br \/>\nn\u00fa t\u00fa svevur dj\u00fapt \u00ed n\u00e1tt.<br \/>\nT\u00fa ert so elskulig, eg skilji ei,<br \/>\neg eri mamma t\u00edn.<\/p>\n<p>Eg v\u00f3ni, at eg megni at vera mamma.<br \/>\nN\u00fa t\u00fa veksur til, eg gera vil<br \/>\nta\u00f0 besta, eg kann fyri teg.<br \/>\nEg veit\u2026<\/p>\n<p>T\u00fa fert at vaksa alt ov skj\u00f3tt,<br \/>\nmen t\u00f3 eg vildi ei, t\u00fa ikki vaks.<br \/>\nEg undrist \u00e1 alt, t\u00fa skalt l\u00e6ra og siga.<br \/>\nTa\u00f0 \u00f3tr\u00faligt er.<\/p>\n<p>Eg v\u00f3ni, at eg megni at vera mamma.<br \/>\nN\u00fa t\u00fa veksur til, eg gera vil,<br \/>\nta\u00f0 besta eg kann fyri teg.<br \/>\nEg veit\u2026 eg geri alt fyri teg.<\/p>\n<p>Eg v\u00f3ni at eg megni\u2019at vera mamma.<br \/>\nN\u00fa t\u00fa veksur til, eg gera vil<br \/>\nta\u00f0 besta eg kann fyri teg.<br \/>\nEg veit\u2026 eg elski, elski teg.<\/p>\n<hr \/>\n<h3>12. M\u00cdN VAR\u00d0I<\/h3>\n<p><iframe loading=\"lazy\" title=\"YouTube video player\" src=\"https:\/\/www.youtube.com\/embed\/nnSdqgjpaZk\" width=\"700\" height=\"450\" frameborder=\"0\" allowfullscreen=\"allowfullscreen\" data-mce-fragment=\"1\"><span data-mce-type=\"bookmark\" style=\"display: inline-block; width: 0px; overflow: hidden; line-height: 0;\" class=\"mce_SELRES_start\">\ufeff<\/span><\/iframe><\/p>\n<blockquote><p>&#8220;Eg havi valt at enda vi\u00f0 einum k\u00e6rleiksangi, sum eg skriva\u00f0i r\u00e6ttiliga ung s\u00ed\u00f0st \u00ed tann\u00e1runum \u2013 og sj\u00e1lvsagt forelska\u00f0 upp um b\u00e6\u00f0i oyru, sum ikki einafer\u00f0. \u00cdbl\u00e1sturin kom eftir eina hugnaliga l\u00f8tu \u00ed einum summarh\u00fasi saman vi\u00f0 m\u00ednum t\u00e1verandi unnusta. T\u00e1 eg kom heim aftur, setti eg meg vi\u00f0 klaveri\u00f0 at royna at l\u00fdsa m\u00ednar kenslur gj\u00f8gnum t\u00f3nleikin. Eg minnist, at eg kom til at t\u00e1ra av r\u00f8rslu, me\u00f0an eg sat og sp\u00e6ldi og sang \u00ed stovuni og t\u00f3narnir spakuliga forma\u00f0u seg til eitt lag.&#8221;<br \/>\n&#8211; Elin Brimheim Heinesen<\/p><\/blockquote>\n<audio class=\"wp-audio-shortcode\" id=\"audio-1588-12\" preload=\"none\" style=\"width: 100%;\" controls=\"controls\"><source type=\"audio\/mpeg\" src=\"https:\/\/heinesen.fo\/wp-content\/uploads\/2023\/08\/12-Min-Vardi.m4a?_=12\" \/><a href=\"https:\/\/heinesen.fo\/wp-content\/uploads\/2023\/08\/12-Min-Vardi.m4a\">https:\/\/heinesen.fo\/wp-content\/uploads\/2023\/08\/12-Min-Vardi.m4a<\/a><\/audio>\n<hr \/>\n<p><strong>Or\u00f0 og lag: <\/strong>Elin Brimheim Heinesen<br \/>\n<strong>Lj\u00f3\u00f0t\u00f8kni og lj\u00f3\u00f0bland: <\/strong>Finnur Hansen<br \/>\n<strong>\u00datseting og framlei\u00f0sla: <\/strong>Elin Brimheim Heinesen, Finnur Hansen<br \/>\n<strong>Mastering: <\/strong>Finn Eliasson, Audioplanet ApS<br \/>\n<strong style=\"font-size: 1em;\">K\u00f3r\u00fatseting: <\/strong><span style=\"font-size: 1em;\">Elin Brimheim Heinesen<br \/>\n<\/span><strong style=\"font-size: 1em;\">Str\u00fakara\u00fatseting: <\/strong><span style=\"font-size: 1em;\">Elin Brimheim Heinesen<br \/>\n<\/span><strong style=\"font-size: 1em;\">Tv\u00f8rfloytu\u00fatseting: <\/strong><span style=\"font-size: 1em;\">Elin Brimheim Heinesen<br \/>\n<\/span><strong style=\"font-size: 1em;\">Sangur og k\u00f3r: <\/strong><span style=\"font-size: 1em;\">Elin Brimheim Heinesen<br \/>\n<\/span><strong style=\"font-size: 1em;\">Tv\u00f8rfloyta: <\/strong><span style=\"font-size: 1em;\">Andrea Hendriksd\u00f3ttir<br \/>\n<\/span><strong style=\"font-size: 1em;\">Violin, bratch: <\/strong><span style=\"font-size: 1em;\">J\u00f3n Festirstein<br \/>\n<\/span><strong style=\"font-size: 1em;\">Cello: <\/strong><span style=\"font-size: 1em;\">T\u00f3ri Restorff Jacobsen<br \/>\n<\/span><strong style=\"font-size: 1em;\">Lj\u00f3mbor\u00f0, harmonika: <\/strong><span style=\"font-size: 1em;\">Finnur Hansen<br \/>\n<\/span><strong style=\"font-size: 1em;\">Gittar: <\/strong><span style=\"font-size: 1em;\">Elin Brimheim Heinesen<br \/>\n<\/span><strong style=\"font-size: 1em;\">Bass: <\/strong><span style=\"font-size: 1em;\">Arnold Ludvig<br \/>\n<\/span><strong style=\"font-size: 1em;\">Trummur: <\/strong><span style=\"font-size: 1em;\">R\u00f3gvi \u00e1 R\u00f3gvu<\/span><\/p>\n<hr \/>\n<p><em>Sangtekstur:<\/em><\/p>\n<h4>M\u00cdN VAR\u00d0I<\/h4>\n<p>\u00c1 eldsta\u00f0num brakar og brennur.<br \/>\nT\u00edni eygu eru perlur, so blonk og so f\u00edn.<br \/>\nEg elski teg so, t\u00e1 t\u00fa flennir,<br \/>\nog t\u00fa blunkar og brosar til m\u00edn.<br \/>\nVit kenna hin bleiktrandi logan,<br \/>\nsum vermir okkum hj\u00f8rtuni, fj\u00e1lgt og milt.<br \/>\nT\u00fa s\u00e6rt m\u00edna kv\u00f8l, m\u00edna tr\u00e1an,<br \/>\nm\u00edna v\u00f3n, sum er f\u00f8gur og gylt.<\/p>\n<p>T\u00fa lei\u00f0ir meg um skar\u00f0i\u00f0<br \/>\noman \u00e1 gr\u00f8nan teig,<br \/>\nt\u00ed t\u00fa ert ein tryggur var\u00f0i,<br \/>\ni\u00f0 v\u00edsir m\u00e6r fram \u00e1 lei\u00f0.<\/p>\n<p>T\u00fa sp\u00e6lir vi\u00f0 fingrarnar varin<br \/>\nog fevnir m\u00edn n\u00f8trandi kropp \u00ed n\u00e1tt.<br \/>\nM\u00edn st\u00faran, m\u00edn \u00f3tti er farin,<br \/>\nog eg kenni, at alt er bert gott.<br \/>\nT\u00edn n\u00e6rvera f\u00e6r meg at gloyma,<br \/>\nt\u00e1 sorandi einsemi h\u00f3ttir meg,<br \/>\nmen n\u00fa \u00ed n\u00e1tt kann eg droyma,<br \/>\nbara vita, at eg elski teg.<\/p>\n<p>T\u00fa lei\u00f0ir meg um skar\u00f0i\u00f0\u2026<\/p>\n","protected":false},"excerpt":{"rendered":"<p>T\u00d3NLISTAF\u00d3LK:\u00a0 Elin Brimheim Heinesen \u00daTG\u00c1VUDAGUR: Leygardagur 7. juli 2018 25. juni 2018 fylti ELIN BRIMHEIM HEINESEN 60 \u00e1r. Hon h\u00e1t\u00ed\u00f0arhelt runda f\u00f8\u00f0ingardagin vi\u00f0 at halda f\u00f8\u00f0ingardagsveitslu leygarkv\u00f8ldi\u00f0 7. juli \u00ed Sj\u00f3nleikarh\u00fasinum \u00ed Havn. Veitslan var samstundis \u00fatg\u00e1vuveitsla, t\u00ed hon gav eisini \u00fat n\u00fdggja fl\u00f8gu vi\u00f0 heitinum \u201eHandan stj\u00f8rnurnar\u201c vi\u00f0 12 l\u00f8gum, hon sj\u00e1lv hevur gj\u00f8rt&hellip;<\/p>\n","protected":false},"author":1,"featured_media":1767,"parent":1929,"menu_order":3,"comment_status":"closed","ping_status":"closed","template":"","meta":{"footnotes":""},"class_list":["post-1588","page","type-page","status-publish","format-standard","has-post-thumbnail","hentry"],"_links":{"self":[{"href":"https:\/\/heinesen.fo\/index.php\/wp-json\/wp\/v2\/pages\/1588","targetHints":{"allow":["GET"]}}],"collection":[{"href":"https:\/\/heinesen.fo\/index.php\/wp-json\/wp\/v2\/pages"}],"about":[{"href":"https:\/\/heinesen.fo\/index.php\/wp-json\/wp\/v2\/types\/page"}],"author":[{"embeddable":true,"href":"https:\/\/heinesen.fo\/index.php\/wp-json\/wp\/v2\/users\/1"}],"replies":[{"embeddable":true,"href":"https:\/\/heinesen.fo\/index.php\/wp-json\/wp\/v2\/comments?post=1588"}],"version-history":[{"count":24,"href":"https:\/\/heinesen.fo\/index.php\/wp-json\/wp\/v2\/pages\/1588\/revisions"}],"predecessor-version":[{"id":3068,"href":"https:\/\/heinesen.fo\/index.php\/wp-json\/wp\/v2\/pages\/1588\/revisions\/3068"}],"up":[{"embeddable":true,"href":"https:\/\/heinesen.fo\/index.php\/wp-json\/wp\/v2\/pages\/1929"}],"wp:featuredmedia":[{"embeddable":true,"href":"https:\/\/heinesen.fo\/index.php\/wp-json\/wp\/v2\/media\/1767"}],"wp:attachment":[{"href":"https:\/\/heinesen.fo\/index.php\/wp-json\/wp\/v2\/media?parent=1588"}],"curies":[{"name":"wp","href":"https:\/\/api.w.org\/{rel}","templated":true}]}}