{"id":1877,"date":"2023-08-28T09:23:59","date_gmt":"2023-08-28T08:23:59","guid":{"rendered":"https:\/\/heinesen.fo\/index.php\/eitt-vaelumtokt-lag\/about-the-song\/"},"modified":"2023-10-27T13:38:44","modified_gmt":"2023-10-27T12:38:44","slug":"um-sangin","status":"publish","type":"page","link":"https:\/\/heinesen.fo\/index.php\/eitt-vaelumtokt-lag\/um-sangin\/","title":{"rendered":"UM SANGIN"},"content":{"rendered":"<figure id=\"attachment_120\" aria-describedby=\"caption-attachment-120\" style=\"width: 350px\" class=\"wp-caption alignleft\"><img loading=\"lazy\" decoding=\"async\" class=\"wp-image-120 size-full\" src=\"https:\/\/heinesen.fo\/wp-content\/uploads\/2023\/08\/Elin_og_papin_millum.jpg\" alt=\"Elin Brimheim Heinesen og p\u00e1pi hennara, rith\u00f8vundurin Jens Pauli Heinesen \u00e1 hansara 75 \u00e1ra f\u00f8\u00f0ingardegi.\" width=\"350\" height=\"262\" srcset=\"https:\/\/heinesen.fo\/wp-content\/uploads\/2023\/08\/Elin_og_papin_millum.jpg 350w, https:\/\/heinesen.fo\/wp-content\/uploads\/2023\/08\/Elin_og_papin_millum-300x225.jpg 300w\" sizes=\"auto, (max-width: 350px) 100vw, 350px\" \/><figcaption id=\"caption-attachment-120\" class=\"wp-caption-text\">Elin Brimheim Heinesen og p\u00e1pi hennara, rith\u00f8vundurin Jens Pauli Heinesen \u00e1 hansara 75 \u00e1ra f\u00f8\u00f0ingardegi.<\/figcaption><\/figure>\n<h3>FYRSTA \u00daTG\u00c1VAN AV SANGINUM<\/h3>\n<p>Sangurin <em>Eitt d\u00fdpi av d\u00fdrari t\u00ed\u00f0<\/em> var ein av best umt\u00f3ktu sangunum \u00e1 NALJA-\u00fatg\u00e1vuni hj\u00e1 Elini &amp; K\u00e1ra (Elini Brimheim Heinesen og K\u00e1ra Linderoth Jacobsen). Fyrstu fer\u00f0 kom \u00fatg\u00e1van sum kassettuband. Hetta var \u00ed 1988. 10 \u00e1r seinni gav pl\u00e1tufelagi\u00f0 TUTL so l\u00f8gini \u00fataftur \u00e1 fl\u00f8gu. T\u00f3nleikurin var upptikin \u00ed Bl\u00f8ndal Studio \u00ed Keypmannhavn \u00ed 1988. Elin Brimheim Heinesen skriva\u00f0i og setti \u00fat lagi\u00f0 <em>Eitt d\u00fdpi av d\u00fdrari t\u00ed\u00f0<\/em>.<\/p>\n<h3>NARRA\u00d0UR OG V\u00d8KUR LIST SPURDIST BURTUR\u00daR<\/h3>\n<p>P\u00e1pi Elina, f\u00f8royski rith\u00f8vundurin Jens Pauli Heinesen, skriva\u00f0i yrkingina <em>Eitt d\u00fdpi av d\u00fdrari t\u00ed\u00f0<\/em> \u00ed 1953 einans 21 \u00e1ra gamal. Hann var t\u00e1 forlova\u00f0ur vi\u00f0 eini ungari d\u00e1mu, Kirstin kalla\u00f0. Hann var r\u00edmiliga v\u00edsur \u00ed, at hon var tann, hann skuldi vera saman vi\u00f0 restina av l\u00edvinum, og at tey skuldu giftast. Men eftir at tey h\u00f8vdu veri\u00f0 saman \u00ed tvinni \u00e1r, r\u00fdmdi hon br\u00e1dliga fr\u00e1 honum vi\u00f0 einum av hansara bestu vinum.<\/p>\n<p>Hann var sera keddur um hetta, so hann setti seg ni\u00f0ur at skriva eina yrking. So skuldi ein hildi\u00f0, at hann skriva\u00f0i eina yrking um at vera \u00f3lukkuliga forelska\u00f0ur, men nei. Hann skriva\u00f0i um, hvussu d\u00fdrab\u00e6rt l\u00edvi\u00f0 er, og hvussu n\u00f3gv l\u00edvi\u00f0 er vert at liva h\u00f3ast avbj\u00f3\u00f0ingar og m\u00f3tgongd. Hann skriva\u00f0i \u00ed veruleikanum um v\u00f3n. Helst fyri at ugga seg sj\u00e1lvan, men \u00ed \u00f8llum f\u00f8rum kom ein einastandandi dj\u00fap og v\u00f8kur yrking burtur\u00far, sum \u00ed dag er ein av mest skatta\u00f0u sangtekstunum \u00ed F\u00f8royum. N\u00f3gv halda, at ta\u00f0 er \u00f3tr\u00faligt, at ein so ungur ma\u00f0ur kundi skriva naka\u00f0 so dj\u00fapt\u00f8ki\u00f0 og gl\u00f8gt.<\/p>\n<p><em>Her er Jens Pauli Heinesen um ta\u00f0 mundi\u00f0, t\u00e1 hann skriva\u00f0i yrkingina &#8220;Eitt d\u00fdpi av d\u00fdrari t\u00ed\u00f0&#8221;:<\/em><\/p>\n<p style=\"text-align: center;\"><img loading=\"lazy\" decoding=\"async\" class=\"alignnone size-full wp-image-1679\" src=\"https:\/\/heinesen.fo\/wp-content\/uploads\/2023\/09\/1953_JPH_i_Sandavagi.jpg\" alt=\"\" width=\"624\" height=\"560\" srcset=\"https:\/\/heinesen.fo\/wp-content\/uploads\/2023\/09\/1953_JPH_i_Sandavagi.jpg 624w, https:\/\/heinesen.fo\/wp-content\/uploads\/2023\/09\/1953_JPH_i_Sandavagi-300x269.jpg 300w\" sizes=\"auto, (max-width: 624px) 100vw, 624px\" \/><\/p>\n<h3>SANGURIN \u00cd N\u00ddGGJARI SYMFONISKARI \u00daTG\u00c1VU<\/h3>\n<p>Tann 10. og tann 17. november \u00ed 2002 var ein heimildarfilmur v\u00edstur \u00ed sj\u00f3nvarpinum fyristu fer\u00f0. Gulla \u00d8regaard hev\u00f0i gj\u00f8rt heimildarfilmin um rith\u00f8vundin og mannin Jens Paula Heinesen sum ein fagna\u00f0 av honum \u00ed sambandi vi\u00f0, at hann fylti 70 \u00e1r 12. november 2002.<\/p>\n<p>Undir tilgongdini at framlei\u00f0a filmin var ein n\u00fdggj \u00fatg\u00e1va av sanginum <em>Eitt d\u00fdpi av d\u00fdrari t\u00ed\u00f0<\/em> gj\u00f8rd. Gulla megna\u00f0i at f\u00e1a f\u00edgging til eina symfoniska innsp\u00e6ling, sum hon skuldi br\u00faka til heimildarfilmin, og Elin fekk fatur \u00ed danska filmst\u00f3naskaldi\u00f0 <a href=\"http:\/\/www.screenmusic.dk\/\" target=\"_blank\" rel=\"noopener\">S\u00f8ren Hyldgaard<\/a>, sum hj\u00e1lpti vi\u00f0 at seta t\u00f3nleikin \u00fat fyri symfoniorkestur og mansk\u00f3r. T\u00f3nleikurin var partv\u00edst innsp\u00e6ldur \u00ed Prag \u00ed Tjekkinum vi\u00f0 City of Prague Philharmonic Orchestra undir lei\u00f0slu av Mario Klemens \u2013 og partv\u00edst \u00ed Havn vi\u00f0 T\u00f3rshavnar Mansk\u00f3ri undir lei\u00f0slu av Bjarna Restorff og vi\u00f0 Elini Brimheim Heinesen sum sangsolisti.<\/p>\n<p>Hendan seinna symfoniska \u00fatg\u00e1van hevur veri\u00f0 \u00e1 tveimum savns\u00fatg\u00e1vum &#8211; fyrstu fer\u00f0 \u00ed 2003 \u00e1 eini fl\u00f8gu, nevnd Popp List 2, \u00fatgivin av pl\u00e1tuhandlinum 3&#8217;arin og a\u00f0ru fer\u00f0 \u00e1 eini a\u00f0rari savns\u00fatg\u00e1vu vi\u00f0 f\u00f8royskum kvinnuligum t\u00f3nlistaf\u00f3lkum, givin \u00fat sum ein g\u00e1va til haldarar av f\u00f8royska kvinnubla\u00f0num Kvinna. Hendan \u00fatg\u00e1van kom \u00fat \u00ed november 2004.<\/p>\n<p>Symfoniska \u00fatg\u00e1van var endur\u00fatgivin \u00ed november 2023 \u00e1 eini heildar\u00fatg\u00e1vu vi\u00f0 sama heiti &#8211;<em> Eitt d\u00fdpi av d\u00fdrari t\u00ed\u00f0<\/em> &#8211; \u00ed dagf\u00f8rdum t\u00f3nablandi og mastering.<\/p>\n<p>S\u00ed eisini Elinsa <a href=\"https:\/\/heinesen.fo\/index.php\/published-music\/utgavuskra\/\" target=\"_blank\" rel=\"noopener\">\u00daTG\u00c1VUSKR\u00c1.<\/a><\/p>\n","protected":false},"excerpt":{"rendered":"<p>FYRSTA \u00daTG\u00c1VAN AV SANGINUM Sangurin Eitt d\u00fdpi av d\u00fdrari t\u00ed\u00f0 var ein av best umt\u00f3ktu sangunum \u00e1 NALJA-\u00fatg\u00e1vuni hj\u00e1 Elini &amp; K\u00e1ra (Elini Brimheim Heinesen og K\u00e1ra Linderoth Jacobsen). Fyrstu fer\u00f0 kom \u00fatg\u00e1van sum kassettuband. Hetta var \u00ed 1988. 10 \u00e1r seinni gav pl\u00e1tufelagi\u00f0 TUTL so l\u00f8gini \u00fataftur \u00e1 fl\u00f8gu. T\u00f3nleikurin var upptikin \u00ed Bl\u00f8ndal&hellip;<\/p>\n","protected":false},"author":1,"featured_media":1675,"parent":1802,"menu_order":0,"comment_status":"closed","ping_status":"closed","template":"","meta":{"footnotes":""},"class_list":["post-1877","page","type-page","status-publish","format-standard","has-post-thumbnail","hentry"],"_links":{"self":[{"href":"https:\/\/heinesen.fo\/index.php\/wp-json\/wp\/v2\/pages\/1877","targetHints":{"allow":["GET"]}}],"collection":[{"href":"https:\/\/heinesen.fo\/index.php\/wp-json\/wp\/v2\/pages"}],"about":[{"href":"https:\/\/heinesen.fo\/index.php\/wp-json\/wp\/v2\/types\/page"}],"author":[{"embeddable":true,"href":"https:\/\/heinesen.fo\/index.php\/wp-json\/wp\/v2\/users\/1"}],"replies":[{"embeddable":true,"href":"https:\/\/heinesen.fo\/index.php\/wp-json\/wp\/v2\/comments?post=1877"}],"version-history":[{"count":11,"href":"https:\/\/heinesen.fo\/index.php\/wp-json\/wp\/v2\/pages\/1877\/revisions"}],"predecessor-version":[{"id":3301,"href":"https:\/\/heinesen.fo\/index.php\/wp-json\/wp\/v2\/pages\/1877\/revisions\/3301"}],"up":[{"embeddable":true,"href":"https:\/\/heinesen.fo\/index.php\/wp-json\/wp\/v2\/pages\/1802"}],"wp:featuredmedia":[{"embeddable":true,"href":"https:\/\/heinesen.fo\/index.php\/wp-json\/wp\/v2\/media\/1675"}],"wp:attachment":[{"href":"https:\/\/heinesen.fo\/index.php\/wp-json\/wp\/v2\/media?parent=1877"}],"curies":[{"name":"wp","href":"https:\/\/api.w.org\/{rel}","templated":true}]}}