{"id":1905,"date":"2023-09-04T16:36:34","date_gmt":"2023-09-04T15:36:34","guid":{"rendered":"https:\/\/heinesen.fo\/index.php\/living-room-concerts\/"},"modified":"2024-04-02T13:04:26","modified_gmt":"2024-04-02T12:04:26","slug":"fljod-konsertir","status":"publish","type":"page","link":"https:\/\/heinesen.fo\/index.php\/fljod-konsertir\/","title":{"rendered":"F&#8217;LJ\u00d3\u00d0 KV\u00d8LDSETUR"},"content":{"rendered":"<h3>HVAT ER EIN STOVUKONSERT?<\/h3>\n<p>Ein stovukonsert er ein konsert, har gestirnir hava m\u00f8guleika at lurta eftir livandi t\u00f3nleiki \u00ed eini stovu \u00ed einum privatum heimi. Stovukonsertir eru vi\u00f0 at gerast sera v\u00e6l umt\u00f3ktar \u00ed n\u00f3gvum londum, men at skipa fyri mentanarkv\u00f8ldum vi\u00f0 s\u00f8guforteljing og sangi \u00ed privatum heimi, er \u00ed roynd og veru ein gomul si\u00f0venja \u00ed F\u00f8royum. F\u00f8royingar r\u00f3pa hetta at hava &#8220;kv\u00f8ldsetu&#8221;.<\/p>\n<p>Seinastu \u00e1rini eru sl\u00edk tilt\u00f8k fyriskipa\u00f0 meira professionelt. Elin var tann fyrsta til at byrja vi\u00f0 hesum n\u00fdggja konsertleisti \u00ed F\u00f8royum vi\u00f0 F&#8217;LJ\u00d3\u00d0 KV\u00d8LDSETUM &#8211; tvs. stovukonsertum og kv\u00f8ldsetum &#8211; longu \u00ed januar 2012.<\/p>\n<p>S\u00ed\u00f0ani komu HOYMA konsertirnar \u00ed G\u00f8tu. Eftir ta\u00f0 komu HEIMA konsertirnar \u00ed N\u00f3lsoy, og so H\u00daSAGONGD \u00ed Sandav\u00e1gi. Fleiri og fleiri bygdir eru farnar at hava s\u00ednar egnu stovukonsetir.<\/p>\n<p><span style=\"font-size: 1em;\">\u00d8ll hesi tilt\u00f8kini fara fram einafer\u00f0 um \u00e1ri\u00f0 vi\u00f0 konsertum \u00ed fleiri ymiskum h\u00fasum ein dag, har F&#8217;LJ\u00d3\u00d0 KV\u00d8LDSETUR fara fram \u00ed einum \u00e1v\u00edsum h\u00fasum fleiri fer\u00f0ir um \u00e1ri\u00f0, og kunnu koma fyri alt \u00e1ri\u00f0.<\/span><\/p>\n<p>Her er eitt YouTube videobrot, sum gevur innlit \u00ed stemningin \u00e1 eini F\u2019LJ\u00d3\u00d0 KV\u00d8LDSETU \/ stovukonsert, har Elin Brimheim Heinesen sp\u00e6lir:<br \/>\n<iframe loading=\"lazy\" title=\"F&#039;LJ\u00d3\u00d0 stovukonsert vi\u00f0 Elini Brimheim Heinesen\" width=\"1200\" height=\"675\" src=\"https:\/\/www.youtube.com\/embed\/4YjxO-G9Or4?feature=oembed\" frameborder=\"0\" allow=\"accelerometer; autoplay; clipboard-write; encrypted-media; gyroscope; picture-in-picture; web-share\" referrerpolicy=\"strict-origin-when-cross-origin\" allowfullscreen><\/iframe><\/p>\n<h3>GOTT FYRI B\u00c6\u00d0I T\u00d3NLISTAF\u00d3LK OG \u00c1HOYRARAR<\/h3>\n<p>\u00c1 vanligum konsertum sp\u00e6lir t\u00f3nlistaf\u00f3lki \u00e1 einum palli vi\u00f0 st\u00f3rari fr\u00e1st\u00f8\u00f0u millum seg og \u00e1hoyrararnar. Ein stovukonsert er ey\u00f0merkt av, at \u00e1hoyrarafj\u00f8ldin er n\u00f3gv n\u00e6rri at t\u00f3nlistaf\u00f3lkunum vi\u00f0 ongum &#8211; ella n\u00e6stan ongum &#8220;filtri&#8221; millum gestirnar og tann, sum framf\u00f8rir. T\u00fa s\u00e6rt hv\u00f8rt andlitsbragd hj\u00e1 t\u00f3nleikarunum t\u00e6tt vi\u00f0 og kanst m\u00f8ta t\u00f3nleikarunum og tosa vi\u00f0 teir, b\u00e6\u00f0i \u00e1\u00f0renn og aftan\u00e1 konsertina.<\/p>\n<p>Gestirnir sp\u00e6la ein sera umr\u00e1\u00f0andi leiklut \u00e1 hesum tilt\u00f8kunum, t\u00ed ta\u00f0 er ein heilt serlig uppliving hj\u00e1 teimum, sum syngja og sp\u00e6la t\u00f3nleikin &#8211; ella lesa upp \u00far b\u00f3kmentum &#8211; at merkja tann ans og ta\u00f0 uppmerksemi, sum \u00e1hoyrarnir geva t\u00ed, sum f\u00f8rt ver\u00f0ur fram. Ta\u00f0 ger upplivingina so n\u00f3gv meira sterka, og \u00edbl\u00e1sturin gongur b\u00e1\u00f0ar vegir. B\u00e6\u00f0i tey, sum framf\u00f8ra og \u00e1hoyrarar hava sagt fer\u00f0 eftir fer\u00f0, at tey hava sera jaligar upplivingar av hesum tilt\u00f8kum.<\/p>\n<p>\u00c1hoyrarafj\u00f8ldin kennir seg at vera part av eini heilt serligari og inniligari uppliving \u00ed einum privatum heimi. Ta\u00f0 kennist n\u00e6stan um at vera og vitja heima hj\u00e1 g\u00f3\u00f0um vinum. N\u00e6rleikin og hugnin, sum ein stovukonsert kann bj\u00f3\u00f0a upp\u00e1, er veruliga naka\u00f0, sum festir seg \u00ed minni og ver\u00f0ur verandi har \u00ed langa t\u00ed\u00f0.<\/p>\n<p><strong><em>Les meira her:<br \/>\n<\/em><\/strong><a href=\"https:\/\/heinesen.fo\/index.php\/fljod-konsertir\/i-einum-privatum-heimi\/\">Um s\u00f8guna og heiti\u00f0 F&#8217;LJ\u00d3\u00d0 Stovukonsertir og Kv\u00f8ldsetur<\/a><br \/>\n<a href=\"https:\/\/heinesen.fo\/index.php\/fljod-konsertir\/oss-um-fljod-konsertir\/\">Ofta settir spurningar um F&#8217;LJ\u00d3\u00d0 Stovukonsertir og Kv\u00f8ldsetur<\/a><\/p>\n","protected":false},"excerpt":{"rendered":"<p>HVAT ER EIN STOVUKONSERT? Ein stovukonsert er ein konsert, har gestirnir hava m\u00f8guleika at lurta eftir livandi t\u00f3nleiki \u00ed eini stovu \u00ed einum privatum heimi. Stovukonsertir eru vi\u00f0 at gerast sera v\u00e6l umt\u00f3ktar \u00ed n\u00f3gvum londum, men at skipa fyri mentanarkv\u00f8ldum vi\u00f0 s\u00f8guforteljing og sangi \u00ed privatum heimi, er \u00ed roynd og veru ein gomul&hellip;<\/p>\n","protected":false},"author":1,"featured_media":1711,"parent":0,"menu_order":0,"comment_status":"closed","ping_status":"closed","template":"","meta":{"footnotes":""},"class_list":["post-1905","page","type-page","status-publish","format-standard","has-post-thumbnail","hentry"],"_links":{"self":[{"href":"https:\/\/heinesen.fo\/index.php\/wp-json\/wp\/v2\/pages\/1905","targetHints":{"allow":["GET"]}}],"collection":[{"href":"https:\/\/heinesen.fo\/index.php\/wp-json\/wp\/v2\/pages"}],"about":[{"href":"https:\/\/heinesen.fo\/index.php\/wp-json\/wp\/v2\/types\/page"}],"author":[{"embeddable":true,"href":"https:\/\/heinesen.fo\/index.php\/wp-json\/wp\/v2\/users\/1"}],"replies":[{"embeddable":true,"href":"https:\/\/heinesen.fo\/index.php\/wp-json\/wp\/v2\/comments?post=1905"}],"version-history":[{"count":14,"href":"https:\/\/heinesen.fo\/index.php\/wp-json\/wp\/v2\/pages\/1905\/revisions"}],"predecessor-version":[{"id":3608,"href":"https:\/\/heinesen.fo\/index.php\/wp-json\/wp\/v2\/pages\/1905\/revisions\/3608"}],"wp:featuredmedia":[{"embeddable":true,"href":"https:\/\/heinesen.fo\/index.php\/wp-json\/wp\/v2\/media\/1711"}],"wp:attachment":[{"href":"https:\/\/heinesen.fo\/index.php\/wp-json\/wp\/v2\/media?parent=1905"}],"curies":[{"name":"wp","href":"https:\/\/api.w.org\/{rel}","templated":true}]}}