{"id":1913,"date":"2023-08-31T10:58:31","date_gmt":"2023-08-31T09:58:31","guid":{"rendered":"https:\/\/heinesen.fo\/index.php\/biography\/1970-1980\/"},"modified":"2024-03-06T19:26:12","modified_gmt":"2024-03-06T19:26:12","slug":"1970-1980","status":"publish","type":"page","link":"https:\/\/heinesen.fo\/index.php\/tonleikayrkisleid\/1970-1980\/","title":{"rendered":"1970 &#8211; 1980"},"content":{"rendered":"<h3>ELIN \u2013 EIN ROKKGENTA \u00cd UNGU \u00c1RUM<\/h3>\n<p>Elin lurta\u00f0i n\u00f3gv eftir t\u00f3nleiki \u00ed s\u00ednum ungu \u00e1rum, mest rokk t\u00f3nleiki, men hon forelska\u00f0i seg mest \u00ed einum serligum b\u00f3lk &#8211; Uriah Heep, og gj\u00f8rdist ein st\u00f3rur fjeppari av teimum. Hon h\u00e1metti serliga heilan aftan fyri n\u00f3gvar av Uriah Heep&#8217;s t\u00f3nlistaverkum \u2013 Ken Hensley, hv\u00f8rs einstaklinga\u00fatg\u00e1vur hon neyt eins n\u00f3gv.<\/p>\n<p><em>Her er Ken Hensley \u00ed 70&#8217;unum:<\/em><\/p>\n<p style=\"text-align: center;\"><img loading=\"lazy\" decoding=\"async\" class=\"alignnone wp-image-1744\" src=\"https:\/\/heinesen.fo\/wp-content\/uploads\/2023\/09\/KenHensley.jpeg\" alt=\"\" width=\"700\" height=\"467\" srcset=\"https:\/\/heinesen.fo\/wp-content\/uploads\/2023\/09\/KenHensley.jpeg 590w, https:\/\/heinesen.fo\/wp-content\/uploads\/2023\/09\/KenHensley-300x200.jpeg 300w\" sizes=\"auto, (max-width: 700px) 100vw, 700px\" \/><\/p>\n<p>Sum eitt l\u00edti\u00f0 kuriosum: L\u00edti\u00f0 visti hon, at n\u00f3gv \u00e1r seinni, f\u00f3r hon at hitta s\u00edna fyrimynd, Ken Hensley, \u00ed heimb\u00fdi hennara, T\u00f3rshavn, har hon fekk m\u00f8guleikan at siga honum fr\u00e1, hvussu n\u00f3gv hansara t\u00f3nleikur hev\u00f0i havt at t\u00fd\u00f0a fyri seg. Hon var so takksom fyri m\u00f8guleikan at kunna takka honum fyri hansara t\u00f3nleik.<\/p>\n<p><em>Her er Elin saman vi\u00f0 s\u00ednari fyrimynd, Ken Hensley, \u00ed barrini Glitnir \u00ed Havn \u00ed 2012:<\/em><\/p>\n<p style=\"text-align: center;\"><img loading=\"lazy\" decoding=\"async\" class=\"alignnone wp-image-1736\" src=\"https:\/\/heinesen.fo\/wp-content\/uploads\/2023\/09\/KenHensley_og_Elin-1024x768.jpg\" alt=\"\" width=\"700\" height=\"525\" srcset=\"https:\/\/heinesen.fo\/wp-content\/uploads\/2023\/09\/KenHensley_og_Elin-1024x768.jpg 1024w, https:\/\/heinesen.fo\/wp-content\/uploads\/2023\/09\/KenHensley_og_Elin-300x225.jpg 300w, https:\/\/heinesen.fo\/wp-content\/uploads\/2023\/09\/KenHensley_og_Elin-768x576.jpg 768w, https:\/\/heinesen.fo\/wp-content\/uploads\/2023\/09\/KenHensley_og_Elin-1536x1152.jpg 1536w, https:\/\/heinesen.fo\/wp-content\/uploads\/2023\/09\/KenHensley_og_Elin-1300x975.jpg 1300w, https:\/\/heinesen.fo\/wp-content\/uploads\/2023\/09\/KenHensley_og_Elin.jpg 2048w\" sizes=\"auto, (max-width: 700px) 100vw, 700px\" \/><\/p>\n<p>T\u00ed\u00f0liga sjeyti\u00e1runum kundi Elin bara sita \u00ed fleiri t\u00edmar og lurta eftir Uriah Heep pl\u00e1tum, ofta saman vi\u00f0 hennara bestu vinkonu, Mariu, sum hev\u00f0i l\u00edknandi t\u00f3nleikasmakk.<\/p>\n<p>T\u00e6r lurta\u00f0u og headbanga\u00f0u eisini n\u00f3gv eftir pl\u00e1tum hj\u00e1 Deep Purple, Doors, Black Sabbath, Steppenwolf, Free, Cream, Led Zeppelin, Frank Zappa, musikalin hj\u00e1 Andrew LLoyd Webber Jesus Christ Superstar (tann vi\u00f0 Ian Gillian sum Jesus), og a\u00f0rar pl\u00e1tur.<\/p>\n<h3>FYRSTA ALMENNA FRAMF\u00d8RSLAN<\/h3>\n<p>Fyrsta veruliga almenna framf\u00f8rslan hj\u00e1 Elini \u00e1 palli sum sangari var, t\u00e1 hon var 16 \u00e1ra gomul \u00ed einum leiki \u00ed Sj\u00f3nleikarh\u00fasinum \u00ed Havn, har hon sang ein f\u00f8royska \u00fatg\u00e1vu av\u00a0 sanginum &#8220;Streets of London&#8221; eftir Ralph McTell, sum hon t\u00fdddi ella enduryrkti sj\u00e1lv sum bara 15 \u00e1ra gomul. F\u00f8royski sangteksturin, sum hon skriva\u00f0i, bleiv sera v\u00e6l umt\u00f3ktur. F\u00f3lk avrita\u00f0u sangin \u00e1 stencil papp\u00edr og sungu hann \u00ed veitslum. Sangurin er tikin upp vi\u00f0 hennara sangteksti av ymiskum \u00f8\u00f0rum t\u00f3nleikarum nakrar fer\u00f0ir s\u00ed\u00f0ani t\u00e1.<\/p>\n<p><em>Her er ein mynd av Elini \u00e1 hennara fyrstu almennu framf\u00f8rslu \u00ed gamla Sj\u00f3nleikarh\u00fasinum \u00ed Havn, \u00ed 1974:<\/em><\/p>\n<p style=\"text-align: center;\"><img loading=\"lazy\" decoding=\"async\" class=\"alignnone wp-image-107\" src=\"https:\/\/heinesen.fo\/wp-content\/uploads\/2023\/08\/Elin_i_Sjonleikarhusinum_1974.jpg\" alt=\"\" width=\"700\" height=\"909\" srcset=\"https:\/\/heinesen.fo\/wp-content\/uploads\/2023\/08\/Elin_i_Sjonleikarhusinum_1974.jpg 402w, https:\/\/heinesen.fo\/wp-content\/uploads\/2023\/08\/Elin_i_Sjonleikarhusinum_1974-231x300.jpg 231w\" sizes=\"auto, (max-width: 700px) 100vw, 700px\" \/><\/p>\n<h3>\u00daTVARPSUNDIRHALDARI<\/h3>\n<p>Eftir hesa framf\u00f8rsluna var hon bi\u00f0in um at taka lut \u00ed eini beinlei\u00f0is \u00fatvarpssending, sum kalla\u00f0ist &#8220;V4&#8221; \u00ed \u00datvarpi F\u00f8roya. Hon gj\u00f8rdist kend \u00ed F\u00f8royum hesi \u00e1rini, t\u00ed hon f\u00f3r \u00e1 fer\u00f0 kring alt F\u00f8roya land vi\u00f0 hinum, sum lutt\u00f3ku \u00ed \u00fatvarpsendingini, og sangr\u00f8dd hennara var sostatt at hoyra \u00ed \u00fatvarpinum leygarkv\u00f8ld \u00ed n\u00e6stan tr\u00edggjar vetrar \u00e1 ra\u00f0. Ta\u00f0 er vert at nevna, at har var einki sj\u00f3nvarp \u00ed F\u00f8royum hesi \u00e1rini \u2013 ikki fyrr enn 1983 \u2013 so \u00f8ll lurta\u00f0u eftir \u00fatvarpinum.<\/p>\n<p><em>Her er ein mynd fr\u00e1 eini av V4 sendingunum &#8211; fr\u00e1 vinstru Niels Juel Arge (aftast), Oskar Hermansen, Elin Mouritsen (aftast), Elin Brimheim Heinesen, Sof\u00eda S\u00f8rensen (aftast), Olivur N\u00e6s, K\u00e1ri Petersen og Fr\u00f3\u00f0i Sandoy:<\/em><\/p>\n<p style=\"text-align: center;\"><img loading=\"lazy\" decoding=\"async\" class=\"alignnone wp-image-132\" src=\"https:\/\/heinesen.fo\/wp-content\/uploads\/2023\/08\/ElinBHeinesen_V41977.jpg\" alt=\"\" width=\"700\" height=\"488\" srcset=\"https:\/\/heinesen.fo\/wp-content\/uploads\/2023\/08\/ElinBHeinesen_V41977.jpg 501w, https:\/\/heinesen.fo\/wp-content\/uploads\/2023\/08\/ElinBHeinesen_V41977-300x209.jpg 300w\" sizes=\"auto, (max-width: 700px) 100vw, 700px\" \/><\/p>\n<p>Her er ein sendingarr\u00f8\u00f0 \u00ed tveimum p\u00f8rtum, sum T\u00f3r\u00f0ur Johannesarson leg\u00f0i til r\u00e6ttis um t\u00e1tta- og v\u00edsusangaran Elina. T\u00f3r\u00f0ur sigur solei\u00f0is um sendingarnar:<\/p>\n<blockquote><p><em>&#8220;\u00cd tveimum sendingum hoyra vit Elina Brimheim Heinesen syngja nakrar t\u00e6ttir og v\u00edsur. <span style=\"font-size: 1em;\">Elin Brimheim Heinesen hevur veri\u00f0 sera v\u00ed\u00f0a t\u00f3nleikarliga, l\u00edka fr\u00e1 jazzi til popp. \u00cd sendingunum ver\u00f0ur dentur lagdur \u00e1 t\u00e6ttir og v\u00edsur, sum hon hevur sungi\u00f0. <\/span><span style=\"font-size: 1em;\">Hon var n\u00f3gv frammi \u00ed sjeyti\u00e1runum \u00ed V4.&#8221; <\/span><\/em><\/p><\/blockquote>\n<p><span style=\"font-size: 1em;\">\u00cd fyrru sending grei\u00f0ir Elin millum anna\u00f0 fr\u00e1, hvussu hon kom upp \u00ed V4:<br \/>\n<\/span><\/p>\n<p><center><iframe loading=\"lazy\" src=\"https:\/\/w.soundcloud.com\/player\/?url=https%3A\/\/api.soundcloud.com\/tracks\/1626236322&amp;color=%23ff5500&amp;auto_play=false&amp;hide_related=false&amp;show_comments=true&amp;show_user=true&amp;show_reposts=false&amp;show_teaser=true&amp;visual=true\" width=\"500\" height=\"500\" frameborder=\"no\" scrolling=\"no\"><\/iframe><\/center>\u00cd seinnu sending hoyra vit millum anna\u00f0 Elina grei\u00f0a fr\u00e1, hvussu ta\u00f0 var at syngja beinlei\u00f0is \u00ed undirhaldssendingum, um fyrimyndir og um fl\u00f8guna Yndisl\u00f8g. Hon syngur eisini nakrar t\u00e6ttir fr\u00e1 undirhaldssendingum:<\/p>\n<p><center><iframe loading=\"lazy\" src=\"https:\/\/w.soundcloud.com\/player\/?url=https%3A\/\/api.soundcloud.com\/tracks\/1626238647&amp;color=%23ff5500&amp;auto_play=false&amp;hide_related=false&amp;show_comments=true&amp;show_user=true&amp;show_reposts=false&amp;show_teaser=true&amp;visual=true\" width=\"500\" height=\"500\" frameborder=\"no\" scrolling=\"no\"><\/iframe><\/center><\/p>\n<h3>LEGENDARISKI JAZZKLUBBIN \u00cd HAVN<\/h3>\n<p>\u00cd seinnu helvt av sjeyti\u00e1rinum var Elin vi\u00f0 til at stovna fyrsta jazzklubban \u00ed Havn \u2013 Havnar Jazzfelag &#8211; ein legendariskur klubbi, har ikki bara\u00a0 jazzur var sp\u00e6ldur, men \u00f8ll sl\u00f8g av r\u00fatmiskum t\u00f3nleiki. Jazzklubbin gj\u00f8rdist eitt kent sta\u00f0, sum n\u00f3gvir f\u00f8royskir t\u00f3nleikarar enn minnast vi\u00f0 takksemi, t\u00ed hann bj\u00f3\u00f0a\u00f0i teimum ein m\u00f8guleika at sp\u00e6la og lurta eftir t\u00f3nleiki, sum ongant\u00ed\u00f0 var sp\u00e6ldur live \u00ed Havn \u00e1\u00f0ur. Harumframt komu fleiri \u00fatlendskir t\u00f3nleikarar, sum v\u00f3ru bodnir til F\u00f8roya at sp\u00e6la \u00ed jazzklubbanum. Hetta var ein sera st\u00f3rur \u00edbl\u00e1stur fyri f\u00f8royskar t\u00f3nleikarar. Elini d\u00e1mdi sera v\u00e6l jazz og blues \u00ed seinnu helvt av sjeyti\u00e1runum, orsaka av hennara \u00e1huga og virksemi \u00ed Havnar Jazzfelag \u2013 so hetta hevur eisini havt eina st\u00f3ra \u00e1virkan.<\/p>\n<p>Elin hev\u00f0i eisini fleiri framf\u00f8rslur \u00ed jazzklubbanum, millum anna\u00f0 vi\u00f0 morbr\u00f3\u00f0ir s\u00ednum, Svenn Brimheim, har hon sang jazz og bues fr\u00e1 The Real Book.<\/p>\n<p><em>Elin \u00e1 palli vi\u00f0 morbr\u00f3\u00f0ir s\u00ednum Svenn Brimheim (\u00a9 Ole Wich):<\/em><\/p>\n<p style=\"text-align: center;\"><img loading=\"lazy\" decoding=\"async\" class=\"alignnone wp-image-122\" src=\"https:\/\/heinesen.fo\/wp-content\/uploads\/2023\/08\/Elin_og_Svenn_i_auluni_aLaeraraskulanum_1980.jpg\" alt=\"\" width=\"700\" height=\"475\" srcset=\"https:\/\/heinesen.fo\/wp-content\/uploads\/2023\/08\/Elin_og_Svenn_i_auluni_aLaeraraskulanum_1980.jpg 558w, https:\/\/heinesen.fo\/wp-content\/uploads\/2023\/08\/Elin_og_Svenn_i_auluni_aLaeraraskulanum_1980-300x204.jpg 300w\" sizes=\"auto, (max-width: 700px) 100vw, 700px\" \/><\/p>\n<p>Ta t\u00ed\u00f0ina sp\u00e6ldi Elin eisini f\u00f3lkat\u00f3nleik vi\u00f0 n\u00f8krum av s\u00ednum floksfelagum \u2013 \u00cdvar B\u00e6rentsen, \u00e1 gittar, og Bergur Hansen \u00e1 floytu \u2013 hon sang og sp\u00e6ldi klaver sj\u00e1lv. Hon byrja\u00f0i eisini at gera s\u00edn egna t\u00f3nleik mest f\u00f3lkat\u00f3nleik vi\u00f0 \u00edbl\u00e1stri \u00far jazzi og blues, og hev\u00f0i fleiri framf\u00f8rslur \u00ed jazzklubbanum \u2013 eisini saman vi\u00f0 \u00f8\u00f0rum t\u00f3nleikarum.<\/p>\n<p><em>Her er Elin, har hon syngur saman vi\u00f0 Bergur \u00e1 floytu og \u00cdvar \u00e1 gittara:<\/em><\/p>\n<p style=\"text-align: center;\"><img loading=\"lazy\" decoding=\"async\" class=\"alignnone wp-image-91\" src=\"https:\/\/heinesen.fo\/wp-content\/uploads\/2023\/08\/Bergur_Elin_Ivar_1977.jpg\" alt=\"\" width=\"700\" height=\"487\" srcset=\"https:\/\/heinesen.fo\/wp-content\/uploads\/2023\/08\/Bergur_Elin_Ivar_1977.jpg 960w, https:\/\/heinesen.fo\/wp-content\/uploads\/2023\/08\/Bergur_Elin_Ivar_1977-300x209.jpg 300w, https:\/\/heinesen.fo\/wp-content\/uploads\/2023\/08\/Bergur_Elin_Ivar_1977-768x534.jpg 768w\" sizes=\"auto, (max-width: 700px) 100vw, 700px\" \/><\/p>\n<h3>FYRSTA JAZZPL\u00c1TAN NAKRANT\u00cd\u00d0 UPPTIKIN \u00cd F\u00d8ROYUM<\/h3>\n<p>Elin var \u00ed 1977 \u00e1 fyrstu jazzpl\u00e1tuni nakrant\u00ed\u00f0 gj\u00f8rd \u00ed F\u00f8royum &#8220;Jazz \u00ed F\u00f8royum 1&#8221; (TUTL HJF 1) vi\u00f0 sanginum &#8220;Hundasj\u00faku blues&#8221; gj\u00f8rdur av sk\u00falaflokki hennara og Kristiani Blak, l\u00e6rara teirra, sum er ein av sangunum, i\u00f0 hevur veri\u00f0 verandi longst nakrant\u00ed\u00f0 \u00e1 hittlistanum &#8220;15 teim bestu&#8221; \u00ed F\u00f8royum (uml. 20 vikur). Pl\u00e1tan var\u00f0 tikin upp \u00ed uppt\u00f8kuh\u00f8lunum hj\u00e1 legendariska t\u00f3nleikaframlei\u00f0aranum Milson Zachariassen \u00ed kjallaranum hj\u00e1 honum.<\/p>\n<p style=\"text-align: center;\"><img loading=\"lazy\" decoding=\"async\" class=\"alignnone wp-image-3143\" src=\"https:\/\/heinesen.fo\/wp-content\/uploads\/2023\/10\/HJF002-Jazz-i-Foroyum.jpg\" alt=\"\" width=\"300\" height=\"300\" srcset=\"https:\/\/heinesen.fo\/wp-content\/uploads\/2023\/10\/HJF002-Jazz-i-Foroyum.jpg 259w, https:\/\/heinesen.fo\/wp-content\/uploads\/2023\/10\/HJF002-Jazz-i-Foroyum-150x150.jpg 150w\" sizes=\"auto, (max-width: 300px) 100vw, 300px\" \/><\/p>\n<p>Sama \u00e1ri\u00f0 (1977) var Elin vi\u00f0 \u00e1 eini barnapl\u00e1tu &#8220;Nu ska&#8217; vi u \u00e5 sejle&#8221; [TUTL HJF 3] 1977 vi\u00f0 b\u00f3lkinum Kr\u00e6klingar og \u00f8\u00f0rum, vi\u00f0 t\u00f3nleiki eftir Kristian Blak. Hon sang Girafsangen (&#8220;The Giraf Song&#8221;).<\/p>\n<p style=\"text-align: center;\"><img loading=\"lazy\" decoding=\"async\" class=\"alignnone size-medium wp-image-335\" src=\"https:\/\/heinesen.fo\/wp-content\/uploads\/2023\/08\/Kristian-Blak-Nu-ska-vi-u-a-sejle-HJF003-300x300.jpg\" alt=\"\" width=\"300\" height=\"300\" srcset=\"https:\/\/heinesen.fo\/wp-content\/uploads\/2023\/08\/Kristian-Blak-Nu-ska-vi-u-a-sejle-HJF003-300x300.jpg 300w, https:\/\/heinesen.fo\/wp-content\/uploads\/2023\/08\/Kristian-Blak-Nu-ska-vi-u-a-sejle-HJF003-150x150.jpg 150w, https:\/\/heinesen.fo\/wp-content\/uploads\/2023\/08\/Kristian-Blak-Nu-ska-vi-u-a-sejle-HJF003-768x768.jpg 768w, https:\/\/heinesen.fo\/wp-content\/uploads\/2023\/08\/Kristian-Blak-Nu-ska-vi-u-a-sejle-HJF003.jpg 800w\" sizes=\"auto, (max-width: 300px) 100vw, 300px\" \/><\/p>\n<h3>KONSERTFER\u00d0 \u00cd SKOTLANDI, ORKNOYGGJUNUM OG HETLANDI<\/h3>\n<p>Um summari\u00f0 \u00ed 1977 f\u00f3r Elin \u00e1 konsertfer\u00f0 \u00ed Skotlandi, Orknoyggjunum og Hetlandi, har hon var partur av einum h\u00f3pi av f\u00f3lkum, sum m.a. dansa\u00f0u f\u00f8royskan dans og sp\u00e6ldu sp\u00e6limanst\u00f3nleik. Hon sang eisini sj\u00e1lv \u00e1 palli vi\u00f0 gittarasp\u00e6laranum \u00cdvari B\u00e6rentsen og basssp\u00e6laranum Kolbein Simonsen, har hon sang nakrar av s\u00ednum egnu sangum og nakrar sangir hj\u00e1 \u00cdvari B\u00e6rentsen. Konsertirnar v\u00f3ru v\u00e6l umt\u00f3ktar, serliga \u00ed Orknoyggjunum og \u00ed Hetlandi, har \u00f8ll atgongumerki v\u00f3ru \u00fatseld \u00e1 \u00f8llum konsertunum.<\/p>\n<p><em>Her framf\u00f8rir Elin saman vi\u00f0 \u00cdvari B\u00e6rentsen \u00e1 gittari og Kolbein Simonsen \u00e1 bassi \u00ed Orknoyggjunum og Hetlandi:<\/em><\/p>\n<p style=\"text-align: center;\"><img loading=\"lazy\" decoding=\"async\" class=\"alignnone wp-image-164\" src=\"https:\/\/heinesen.fo\/wp-content\/uploads\/2023\/08\/Tourne77Elin_Orkney2-1024x728.jpg\" alt=\"\" width=\"700\" height=\"498\" srcset=\"https:\/\/heinesen.fo\/wp-content\/uploads\/2023\/08\/Tourne77Elin_Orkney2-1024x728.jpg 1024w, https:\/\/heinesen.fo\/wp-content\/uploads\/2023\/08\/Tourne77Elin_Orkney2-300x213.jpg 300w, https:\/\/heinesen.fo\/wp-content\/uploads\/2023\/08\/Tourne77Elin_Orkney2-768x546.jpg 768w, https:\/\/heinesen.fo\/wp-content\/uploads\/2023\/08\/Tourne77Elin_Orkney2-1536x1093.jpg 1536w, https:\/\/heinesen.fo\/wp-content\/uploads\/2023\/08\/Tourne77Elin_Orkney2-2048x1457.jpg 2048w, https:\/\/heinesen.fo\/wp-content\/uploads\/2023\/08\/Tourne77Elin_Orkney2-1300x925.jpg 1300w\" sizes=\"auto, (max-width: 700px) 100vw, 700px\" \/><\/p>\n<p style=\"text-align: left;\"><img loading=\"lazy\" decoding=\"async\" class=\"aligncenter wp-image-162\" src=\"https:\/\/heinesen.fo\/wp-content\/uploads\/2023\/08\/Tourne77_KolbeinIvarElin-1024x731-1.jpg\" alt=\"\" width=\"700\" height=\"500\" srcset=\"https:\/\/heinesen.fo\/wp-content\/uploads\/2023\/08\/Tourne77_KolbeinIvarElin-1024x731-1.jpg 1024w, https:\/\/heinesen.fo\/wp-content\/uploads\/2023\/08\/Tourne77_KolbeinIvarElin-1024x731-1-300x214.jpg 300w, https:\/\/heinesen.fo\/wp-content\/uploads\/2023\/08\/Tourne77_KolbeinIvarElin-1024x731-1-768x548.jpg 768w\" sizes=\"auto, (max-width: 700px) 100vw, 700px\" \/><\/p>\n<h3>SANGLEIKURIN &#8220;L\u00cdV OG LEIKUR \u00cd FIMTI \u00c1R&#8221;<\/h3>\n<p>\u00cd 1976 var Elin ein av sj\u00f3nleikarunum \u00e1 pallinum \u00ed sangleikinum &#8220;L\u00edv og leikur \u00ed fimti \u00e1r&#8221;.<\/p>\n<p><em>Her eru allir sj\u00f3nleikararnir \u00e1 pallinum \u00ed Sj\u00f3nleikarh\u00fasinum. Elin er nr. 3 fr\u00e1 vinstru fremst:<\/em><\/p>\n<p style=\"text-align: center;\"><img loading=\"lazy\" decoding=\"async\" class=\"alignnone wp-image-72\" src=\"https:\/\/heinesen.fo\/wp-content\/uploads\/2023\/08\/1976-Liv-og-leikur-i-fimti-ar-1024x709-1.jpg\" alt=\"\" width=\"730\" height=\"505\" srcset=\"https:\/\/heinesen.fo\/wp-content\/uploads\/2023\/08\/1976-Liv-og-leikur-i-fimti-ar-1024x709-1.jpg 1024w, https:\/\/heinesen.fo\/wp-content\/uploads\/2023\/08\/1976-Liv-og-leikur-i-fimti-ar-1024x709-1-300x208.jpg 300w, https:\/\/heinesen.fo\/wp-content\/uploads\/2023\/08\/1976-Liv-og-leikur-i-fimti-ar-1024x709-1-768x532.jpg 768w\" sizes=\"auto, (max-width: 730px) 100vw, 730px\" \/><\/p>\n<p><em>Her er Elin \u00e1 hennara fyrstu einstaklingaframf\u00f8rslu \u00e1 palli, har hon sang egin l\u00f8g, seint \u00ed 70&#8217;unum \u00e1 altj\u00f3\u00f0a kvinnudegnum. Tiltaki\u00f0 var \u00ed auluni \u00e1 F\u00f8roya Studentask\u00fala:<\/em><\/p>\n<p style=\"text-align: center;\"><img loading=\"lazy\" decoding=\"async\" class=\"alignnone wp-image-97\" src=\"https:\/\/heinesen.fo\/wp-content\/uploads\/2023\/08\/Elin_8mars1979-733x1024.jpg\" alt=\"\" width=\"700\" height=\"978\" srcset=\"https:\/\/heinesen.fo\/wp-content\/uploads\/2023\/08\/Elin_8mars1979-733x1024.jpg 733w, https:\/\/heinesen.fo\/wp-content\/uploads\/2023\/08\/Elin_8mars1979-215x300.jpg 215w, https:\/\/heinesen.fo\/wp-content\/uploads\/2023\/08\/Elin_8mars1979.jpg 744w\" sizes=\"auto, (max-width: 700px) 100vw, 700px\" \/><\/p>\n<hr \/>\n<p>V\u00ed\u00f0ari til <a href=\"https:\/\/heinesen.fo\/index.php\/tonleikayrkisleid\/1980-1990\/\">1980-1990<\/a><\/p>\n","protected":false},"excerpt":{"rendered":"<p>ELIN \u2013 EIN ROKKGENTA \u00cd UNGU \u00c1RUM Elin lurta\u00f0i n\u00f3gv eftir t\u00f3nleiki \u00ed s\u00ednum ungu \u00e1rum, mest rokk t\u00f3nleiki, men hon forelska\u00f0i seg mest \u00ed einum serligum b\u00f3lk &#8211; Uriah Heep, og gj\u00f8rdist ein st\u00f3rur fjeppari av teimum. Hon h\u00e1metti serliga heilan aftan fyri n\u00f3gvar av Uriah Heep&#8217;s t\u00f3nlistaverkum \u2013 Ken Hensley, hv\u00f8rs einstaklinga\u00fatg\u00e1vur hon&hellip;<\/p>\n","protected":false},"author":1,"featured_media":1482,"parent":1907,"menu_order":2,"comment_status":"closed","ping_status":"closed","template":"","meta":{"footnotes":""},"class_list":["post-1913","page","type-page","status-publish","format-standard","has-post-thumbnail","hentry"],"_links":{"self":[{"href":"https:\/\/heinesen.fo\/index.php\/wp-json\/wp\/v2\/pages\/1913","targetHints":{"allow":["GET"]}}],"collection":[{"href":"https:\/\/heinesen.fo\/index.php\/wp-json\/wp\/v2\/pages"}],"about":[{"href":"https:\/\/heinesen.fo\/index.php\/wp-json\/wp\/v2\/types\/page"}],"author":[{"embeddable":true,"href":"https:\/\/heinesen.fo\/index.php\/wp-json\/wp\/v2\/users\/1"}],"replies":[{"embeddable":true,"href":"https:\/\/heinesen.fo\/index.php\/wp-json\/wp\/v2\/comments?post=1913"}],"version-history":[{"count":21,"href":"https:\/\/heinesen.fo\/index.php\/wp-json\/wp\/v2\/pages\/1913\/revisions"}],"predecessor-version":[{"id":3572,"href":"https:\/\/heinesen.fo\/index.php\/wp-json\/wp\/v2\/pages\/1913\/revisions\/3572"}],"up":[{"embeddable":true,"href":"https:\/\/heinesen.fo\/index.php\/wp-json\/wp\/v2\/pages\/1907"}],"wp:featuredmedia":[{"embeddable":true,"href":"https:\/\/heinesen.fo\/index.php\/wp-json\/wp\/v2\/media\/1482"}],"wp:attachment":[{"href":"https:\/\/heinesen.fo\/index.php\/wp-json\/wp\/v2\/media?parent=1913"}],"curies":[{"name":"wp","href":"https:\/\/api.w.org\/{rel}","templated":true}]}}