{"id":1917,"date":"2023-08-31T11:00:21","date_gmt":"2023-08-31T10:00:21","guid":{"rendered":"https:\/\/heinesen.fo\/index.php\/biography\/1990-2000\/"},"modified":"2025-05-12T11:14:58","modified_gmt":"2025-05-12T10:14:58","slug":"1990-2000","status":"publish","type":"page","link":"https:\/\/heinesen.fo\/index.php\/tonleikayrkisleid\/1990-2000\/","title":{"rendered":"1990 &#8211; 2000"},"content":{"rendered":"<h3 style=\"text-align: left;\">ELIN GERST MAMMA<\/h3>\n<p style=\"text-align: left;\">Ikki hendi n\u00f3gv \u00e1 t\u00f3nleika\u00f8kinum \u00ed l\u00edvinum hj\u00e1 Elini \u00ed n\u00edti\u00e1runum, Hon \u00e1tti ein d\u00f3ttur \u00ed 1990 og at vera mamma t\u00f3k sj\u00e1lvsagt n\u00f3gva t\u00ed\u00f0 og orku, eins og ta\u00f0 eigur. Hon gj\u00f8rdi seg eisini lidna vi\u00f0 s\u00edna universitets\u00fatb\u00fagving og royndi at f\u00e1a fer\u00f0 \u00e1 eina yrkislei\u00f0 innan samskifti og markna\u00f0arf\u00f8ring fyri at kunna \u00fatvega s\u00edtt f\u00edggjarliga \u00edkast til familjuna, so ta\u00f0 var n\u00e6r um eingin t\u00ed\u00f0 eftir til at gera naka\u00f0 vi\u00f0 t\u00f3nleikin.<\/p>\n<p><em>Her er Elin beint eftir, at hon hevur \u00e1tt d\u00f3ttrina, Helenu Heinesen Rebensdorff (eisini kend sum\u00a0<\/em><em><a href=\"http:\/\/brimheim.com\" target=\"_blank\" rel=\"noopener\">BRIMHEIM<\/a>) 12. februar \u00ed 1990:<\/em><\/p>\n<p><img loading=\"lazy\" decoding=\"async\" class=\"size-large wp-image-1374 aligncenter\" src=\"https:\/\/heinesen.fo\/wp-content\/uploads\/2023\/09\/1990_Elin_Helena_just-foedd-1024x690.jpg\" alt=\"\" width=\"1024\" height=\"690\" srcset=\"https:\/\/heinesen.fo\/wp-content\/uploads\/2023\/09\/1990_Elin_Helena_just-foedd-1024x690.jpg 1024w, https:\/\/heinesen.fo\/wp-content\/uploads\/2023\/09\/1990_Elin_Helena_just-foedd-300x202.jpg 300w, https:\/\/heinesen.fo\/wp-content\/uploads\/2023\/09\/1990_Elin_Helena_just-foedd-768x517.jpg 768w, https:\/\/heinesen.fo\/wp-content\/uploads\/2023\/09\/1990_Elin_Helena_just-foedd-1536x1034.jpg 1536w, https:\/\/heinesen.fo\/wp-content\/uploads\/2023\/09\/1990_Elin_Helena_just-foedd-2048x1379.jpg 2048w, https:\/\/heinesen.fo\/wp-content\/uploads\/2023\/09\/1990_Elin_Helena_just-foedd-1300x876.jpg 1300w\" sizes=\"auto, (max-width: 1024px) 100vw, 1024px\" \/><\/p>\n<h3>HVAR F\u00d3RU ELIN &amp; K\u00c1RI AFTAN\u00c1 NALJA?<\/h3>\n<p>Elin &amp; K\u00e1ri h\u00f8vdu \u00e6tla\u00f0 s\u00e6r at geva s\u00edna n\u00e6stu heildar\u00fatg\u00e1vu \u00fat \u00ed 1992 &#8220;NALJA II&#8221;, men j\u00fast t\u00e1 v\u00f3ru F\u00f8royar raktar av eini sera \u00e1lvarsligari f\u00edggjarkreppu, sum gj\u00f8rdi ta\u00f0 \u00f3gj\u00f8rligt at f\u00e1a f\u00edgging til framlei\u00f0sluna av eini n\u00fdggjari \u00fatg\u00e1vu. Eftir hetta fingi\u00f0 b\u00e6\u00f0i Elin og K\u00e1ri hv\u00f8r s\u00e6r so n\u00f3gv anna\u00f0 at gera og f\u00f3ru hv\u00f8r s\u00edna lei\u00f0.<\/p>\n<p>K\u00e1ri fekk eina v\u00e6leydna\u00f0a yrkislei\u00f0 sum t\u00f3naskald og framlei\u00f0ari \u00ed Danmark. Hann er h\u00f8vu\u00f0sma\u00f0urin aftanfyri n\u00f3gvar av teimum jinglunum, trailaral\u00f8gunum og temal\u00f8gunum \u00ed v\u00e6lumt\u00f3ktum sendingum \u00ed donskum sj\u00f3nvarpi. Hann er eisini ma\u00f0urin aftanfyri v\u00e6l eydna\u00f0ar popp verk\u00e6tlanir &#8211; so sum f\u00f8royska gentub\u00f3lkin Popp Korn og popp b\u00f3lkin Faroe 5. T\u00f3nleika\u00fatg\u00e1vurnar hj\u00e1 hesum b\u00e1\u00f0um b\u00f3lkunum eru nakrar av best seljandi \u00fatg\u00e1vunum \u00ed fyrsta t\u00edggju\u00e1raskei\u00f0inum \u00ed n\u00fdggja \u00e1rt\u00fasindinum.<\/p>\n<p>T\u00e1 Elin var li\u00f0ug vi\u00f0 s\u00edna &#8211; t\u00e1 &#8211; \u00f3vanligu universitets\u00fatb\u00fagving \u00ed Fagurfr\u00f8\u00f0i og Mentanarfyrisiting \u00ed 1991, s\u00f8kti hon meira enn 100 st\u00f8rv \u00ed eitt \u00e1r. Hon var vi\u00f0 at gerast v\u00f3nleys av einki starv at f\u00e1a, men arbei\u00f0sgevarar kendi einki til hennara \u00fatb\u00fagving , hvat hon kundi br\u00fakast til, og Elin hev\u00f0i veruliga trupulleikar vi\u00f0 at sannf\u00f8ra teir um s\u00ednar f\u00f8rleikar. \u00darsliti\u00f0 var, at ta\u00f0 eydna\u00f0ist henni ikki at f\u00e1a naka\u00f0 starv vi\u00f0komandi fyri hennara \u00fatb\u00fagving.<\/p>\n<p>Men t\u00e1 hon var heima \u00ed F\u00f8royum \u00ed summarfr\u00ed \u00ed 1992, fekk hon endiliga bj\u00f3\u00f0a\u00f0 eitt starv \u00ed handilsmi\u00f0st\u00f8\u00f0ini SMS \u00ed Havn sum markna\u00f0arlei\u00f0ari. Ta\u00f0 var sera umr\u00e1\u00f0andi fyri hana at f\u00e1a eitt l\u00edkinda starv at seta \u00e1 s\u00edtt CV, um hon skuldi gera s\u00e6r v\u00f3n um at f\u00e1a eitt starv \u00ed Danmark, so hon gj\u00f8rdi av at taka av tilbo\u00f0num um starv og vera verandi \u00ed F\u00f8royum. Hon enda\u00f0i vi\u00f0 at vera \u00ed F\u00f8royum \u00ed n\u00e6stan eitt heilt \u00e1r, h\u00f3ast hetta merkti, at familjan t\u00edverri m\u00e1tti vera sundurskild eina t\u00ed\u00f0. Ta\u00f0 merkti at d\u00f3ttir teirra m\u00e1tti fer\u00f0ast aftur og fram millum Danmark og F\u00f8royar, har hon so var nakrar m\u00e1na\u00f0ir hj\u00e1 hv\u00f8rjum foreldri, i\u00f0 var alt anna\u00f0 enn ein haldb\u00e6r st\u00f8\u00f0a fyri familjuna.<\/p>\n<h3>SANGLEIKURIN: GLATA\u00d0U SP\u00c6LIMENNINIR<\/h3>\n<p>Eitt undantak var t\u00f3 vi\u00f0v\u00edkjandi t\u00f3nleikayrkislei\u00f0ini hj\u00e1 Elini, sum n\u00e6stan ikki var til \u00ed n\u00edti\u00e1runum. Elin st\u00f3\u00f0 aftur syngjandi \u00e1 sj\u00f3nleikapalli \u00ed 1993, har hon sp\u00e6ldi ein leiklut \u00ed sj\u00f3nleikinum \/ sangleikinum \u201cGlata\u00f0u Sp\u00e6limenninir\u201d bygd \u00e1 skalds\u00f8guna vi\u00f0 sama heiti eftir kenda h\u00f8vundin\u00a0 William Heinesen. Hetta f\u00f3r fram \u00ed Nor\u00f0urlandah\u00fasinum \u00ed Havn<\/p>\n<p><em>Her s\u00e6rt t\u00fa Elina aftanfyri leiktj\u00f8ldini. Hon sp\u00e6ldi leiklutin sum Svarta Mira \u00ed leikinum Gla\u00f0atu sp\u00e6limenninir:<\/em><\/p>\n<p style=\"text-align: center;\"><img loading=\"lazy\" decoding=\"async\" class=\"alignnone size-medium wp-image-1250\" src=\"https:\/\/heinesen.fo\/wp-content\/uploads\/2023\/08\/1993_GlataduSpaelimenninir1-226x300.jpg\" alt=\"\" width=\"226\" height=\"300\" srcset=\"https:\/\/heinesen.fo\/wp-content\/uploads\/2023\/08\/1993_GlataduSpaelimenninir1-226x300.jpg 226w, https:\/\/heinesen.fo\/wp-content\/uploads\/2023\/08\/1993_GlataduSpaelimenninir1-771x1024.jpg 771w, https:\/\/heinesen.fo\/wp-content\/uploads\/2023\/08\/1993_GlataduSpaelimenninir1-768x1020.jpg 768w, https:\/\/heinesen.fo\/wp-content\/uploads\/2023\/08\/1993_GlataduSpaelimenninir1-1156x1536.jpg 1156w, https:\/\/heinesen.fo\/wp-content\/uploads\/2023\/08\/1993_GlataduSpaelimenninir1-1542x2048.jpg 1542w, https:\/\/heinesen.fo\/wp-content\/uploads\/2023\/08\/1993_GlataduSpaelimenninir1-1300x1727.jpg 1300w, https:\/\/heinesen.fo\/wp-content\/uploads\/2023\/08\/1993_GlataduSpaelimenninir1.jpg 1586w\" sizes=\"auto, (max-width: 226px) 100vw, 226px\" \/>\u00a0 \u00a0 \u00a0<img loading=\"lazy\" decoding=\"async\" class=\"alignnone size-medium wp-image-1253\" src=\"https:\/\/heinesen.fo\/wp-content\/uploads\/2023\/08\/1993_GlataduSpaelimenninir2-199x300.jpg\" alt=\"\" width=\"199\" height=\"300\" srcset=\"https:\/\/heinesen.fo\/wp-content\/uploads\/2023\/08\/1993_GlataduSpaelimenninir2-199x300.jpg 199w, https:\/\/heinesen.fo\/wp-content\/uploads\/2023\/08\/1993_GlataduSpaelimenninir2-680x1024.jpg 680w, https:\/\/heinesen.fo\/wp-content\/uploads\/2023\/08\/1993_GlataduSpaelimenninir2-768x1157.jpg 768w, https:\/\/heinesen.fo\/wp-content\/uploads\/2023\/08\/1993_GlataduSpaelimenninir2-1020x1536.jpg 1020w, https:\/\/heinesen.fo\/wp-content\/uploads\/2023\/08\/1993_GlataduSpaelimenninir2-1360x2048.jpg 1360w, https:\/\/heinesen.fo\/wp-content\/uploads\/2023\/08\/1993_GlataduSpaelimenninir2-1300x1958.jpg 1300w, https:\/\/heinesen.fo\/wp-content\/uploads\/2023\/08\/1993_GlataduSpaelimenninir2.jpg 1655w\" sizes=\"auto, (max-width: 199px) 100vw, 199px\" \/><\/p>\n<p style=\"text-align: center;\"><img loading=\"lazy\" decoding=\"async\" class=\"alignnone size-medium wp-image-1256\" src=\"https:\/\/heinesen.fo\/wp-content\/uploads\/2023\/08\/1993_GlataduSpaelimenninir3-218x300.jpg\" alt=\"\" width=\"218\" height=\"300\" srcset=\"https:\/\/heinesen.fo\/wp-content\/uploads\/2023\/08\/1993_GlataduSpaelimenninir3-218x300.jpg 218w, https:\/\/heinesen.fo\/wp-content\/uploads\/2023\/08\/1993_GlataduSpaelimenninir3-744x1024.jpg 744w, https:\/\/heinesen.fo\/wp-content\/uploads\/2023\/08\/1993_GlataduSpaelimenninir3-768x1056.jpg 768w, https:\/\/heinesen.fo\/wp-content\/uploads\/2023\/08\/1993_GlataduSpaelimenninir3-1117x1536.jpg 1117w, https:\/\/heinesen.fo\/wp-content\/uploads\/2023\/08\/1993_GlataduSpaelimenninir3-1489x2048.jpg 1489w, https:\/\/heinesen.fo\/wp-content\/uploads\/2023\/08\/1993_GlataduSpaelimenninir3-1300x1788.jpg 1300w, https:\/\/heinesen.fo\/wp-content\/uploads\/2023\/08\/1993_GlataduSpaelimenninir3.jpg 1774w\" sizes=\"auto, (max-width: 218px) 100vw, 218px\" \/> <img loading=\"lazy\" decoding=\"async\" class=\"alignnone size-medium wp-image-1259\" src=\"https:\/\/heinesen.fo\/wp-content\/uploads\/2023\/08\/1993_GlataduSpaelimenninir4-221x300.jpg\" alt=\"\" width=\"221\" height=\"300\" srcset=\"https:\/\/heinesen.fo\/wp-content\/uploads\/2023\/08\/1993_GlataduSpaelimenninir4-221x300.jpg 221w, https:\/\/heinesen.fo\/wp-content\/uploads\/2023\/08\/1993_GlataduSpaelimenninir4-756x1024.jpg 756w, https:\/\/heinesen.fo\/wp-content\/uploads\/2023\/08\/1993_GlataduSpaelimenninir4-768x1040.jpg 768w, https:\/\/heinesen.fo\/wp-content\/uploads\/2023\/08\/1993_GlataduSpaelimenninir4-1134x1536.jpg 1134w, https:\/\/heinesen.fo\/wp-content\/uploads\/2023\/08\/1993_GlataduSpaelimenninir4-1512x2048.jpg 1512w, https:\/\/heinesen.fo\/wp-content\/uploads\/2023\/08\/1993_GlataduSpaelimenninir4-1300x1761.jpg 1300w, https:\/\/heinesen.fo\/wp-content\/uploads\/2023\/08\/1993_GlataduSpaelimenninir4.jpg 1539w\" sizes=\"auto, (max-width: 221px) 100vw, 221px\" \/><\/p>\n<p>J\u00fast t\u00e1 var hesin leikurin tann st\u00f8rsta framf\u00f8rslan \u00e1 palli nakrant\u00ed\u00f0 \u00ed f\u00f8royskari s\u00f8gu vi\u00f0 meira enn 100 f\u00f3lkum \u00e1 pallinum og handan leiktj\u00f8ldini. Ta\u00f0 var eisini ein sera v\u00e6l umt\u00f3ktur og v\u00e6l vitja\u00f0ur leikur. Tey sp\u00e6ldu fyri fullum h\u00fasum 19 fer\u00f0ir \u00ed mai 1993 og kundu havt sp\u00e6lt n\u00f3gvar fer\u00f0ir aftrat, men Nor\u00f0urlandah\u00fasi\u00f0 hev\u00f0i onnur tilt\u00f8k \u00e1 skr\u00e1, sum m\u00e1ttu sleppa framat, so ta\u00f0 var ikki gj\u00f8rligt at leingja um leikt\u00ed\u00f0arskei\u00f0i\u00f0, av t\u00ed at hetta hev\u00f0i \u00f3r\u00f3gva\u00f0 onnur tilt\u00f8k.<\/p>\n<h3>AFTUR \u00cd DANMARK<\/h3>\n<p>Eftir at \u00e1\u00f0urnevnda \u00e1lvarsliga f\u00edggjarkreppan rakti F\u00f8royar, f\u00f3r Elin aftur til Danmarkar \u00e1 sumri 1993, har hon fekk starv sum markna\u00f0arlei\u00f0ari \u00ed einum gomlum teatri \u00ed Keypmannahavn, Folketeateret. Og sostatt kundi l\u00edv hennara \u00ed st\u00f3rb\u00fdnum halda fram.<\/p>\n<p><em>Her er Elin og kjarnufamiljan \u00ed 1995 uttanfyri b\u00fasta\u00f0 teirra \u00ed mi\u00f0b\u00fdnum \u00ed Keypmannahavn:<\/em><\/p>\n<p><img loading=\"lazy\" decoding=\"async\" class=\"alignnone size-full wp-image-1377\" src=\"https:\/\/heinesen.fo\/wp-content\/uploads\/2023\/09\/1995_Jens_Helena_Elin.jpg\" alt=\"\" width=\"1473\" height=\"1993\" srcset=\"https:\/\/heinesen.fo\/wp-content\/uploads\/2023\/09\/1995_Jens_Helena_Elin.jpg 1473w, https:\/\/heinesen.fo\/wp-content\/uploads\/2023\/09\/1995_Jens_Helena_Elin-222x300.jpg 222w, https:\/\/heinesen.fo\/wp-content\/uploads\/2023\/09\/1995_Jens_Helena_Elin-757x1024.jpg 757w, https:\/\/heinesen.fo\/wp-content\/uploads\/2023\/09\/1995_Jens_Helena_Elin-768x1039.jpg 768w, https:\/\/heinesen.fo\/wp-content\/uploads\/2023\/09\/1995_Jens_Helena_Elin-1135x1536.jpg 1135w, https:\/\/heinesen.fo\/wp-content\/uploads\/2023\/09\/1995_Jens_Helena_Elin-1300x1759.jpg 1300w\" sizes=\"auto, (max-width: 1473px) 100vw, 1473px\" \/><\/p>\n<p>T\u00edverri fyri d\u00f3ttrina helt hj\u00fanalagi\u00f0 ikki. Elin og ma\u00f0urin f\u00f3ru fr\u00e1 hv\u00f8rjum \u00f8\u00f0rum \u00ed 1997 og v\u00f3ru skild \u00ed 1998.<\/p>\n<h3>ENDUR\u00daTG\u00c1VA AV\u00a0 NALJA<\/h3>\n<p>Sama \u00e1r hendi h\u00f3ast alt naka\u00f0 \u00ed t\u00f3nleikayrkisleigini hj\u00e1 Elini. Eftir at hava fingi\u00f0 n\u00f3gvar fyrispurningar gj\u00f8rdu Elin &amp; K\u00e1ri av at endur\u00fatgeva NALJA \u00fatg\u00e1vuna \u00e1 fl\u00f8gu \u00e1 sumri\u00a0 \u00ed 1998 fyri at fagna, at 10 \u00e1r v\u00f3ru li\u00f0in s\u00ed\u00f0ani kassettubandi\u00f0 NALJA kom \u00e1 markna\u00f0in. Hesafer\u00f0 var ta\u00f0 pl\u00e1tufelagi\u00f0 TUTL, sum gav \u00fat. \u00c1 fl\u00f8guni v\u00f3ru allir teir g\u00f3\u00f0u, gomlu sangirnir + eitt eykalag &#8220;Heimlongsul&#8221;. Eitt lag, sum tey b\u00e6\u00f0i gj\u00f8rdu saman. K\u00e1ri gj\u00f8rdi t\u00f3nleikin, og Elin skriva\u00f0i sangtekstin um naka\u00f0, sum var naka\u00f0, i\u00f0 hon hugsa\u00f0i sera n\u00f3gv um j\u00fast ta t\u00ed\u00f0ina &#8211; longsulin eftir at fara heimaftur til heimlandi\u00f0.<\/p>\n<p>Les meira um NALJA-\u00fatg\u00e1vuna <a href=\"https:\/\/heinesen.fo\/index.php\/published-music\/album-nalja\/\">HER<\/a>.<\/p>\n<p><em>Her er h\u00fasin til endur\u00fatgivnu NALJA-\u00fatg\u00e1vuna, sum Elin sni\u00f0gav:<\/em><\/p>\n<p><img loading=\"lazy\" decoding=\"async\" class=\"size-full wp-image-333 aligncenter\" src=\"https:\/\/heinesen.fo\/wp-content\/uploads\/2023\/08\/Elin-Kari-Nalja-HJF051.png\" alt=\"\" width=\"800\" height=\"803\" srcset=\"https:\/\/heinesen.fo\/wp-content\/uploads\/2023\/08\/Elin-Kari-Nalja-HJF051.png 800w, https:\/\/heinesen.fo\/wp-content\/uploads\/2023\/08\/Elin-Kari-Nalja-HJF051-300x300.png 300w, https:\/\/heinesen.fo\/wp-content\/uploads\/2023\/08\/Elin-Kari-Nalja-HJF051-150x150.png 150w, https:\/\/heinesen.fo\/wp-content\/uploads\/2023\/08\/Elin-Kari-Nalja-HJF051-768x771.png 768w\" sizes=\"auto, (max-width: 800px) 100vw, 800px\" \/><\/p>\n<hr \/>\n<p>V\u00ed\u00f0ari til <a href=\"https:\/\/heinesen.fo\/index.php\/tonleikayrkisleid\/2000-2010\/\">2000-2010<\/a><\/p>\n","protected":false},"excerpt":{"rendered":"<p>ELIN GERST MAMMA Ikki hendi n\u00f3gv \u00e1 t\u00f3nleika\u00f8kinum \u00ed l\u00edvinum hj\u00e1 Elini \u00ed n\u00edti\u00e1runum, Hon \u00e1tti ein d\u00f3ttur \u00ed 1990 og at vera mamma t\u00f3k sj\u00e1lvsagt n\u00f3gva t\u00ed\u00f0 og orku, eins og ta\u00f0 eigur. Hon gj\u00f8rdi seg eisini lidna vi\u00f0 s\u00edna universitets\u00fatb\u00fagving og royndi at f\u00e1a fer\u00f0 \u00e1 eina yrkislei\u00f0 innan samskifti og markna\u00f0arf\u00f8ring fyri&hellip;<\/p>\n","protected":false},"author":1,"featured_media":1482,"parent":1907,"menu_order":4,"comment_status":"closed","ping_status":"closed","template":"","meta":{"footnotes":""},"class_list":["post-1917","page","type-page","status-publish","format-standard","has-post-thumbnail","hentry"],"_links":{"self":[{"href":"https:\/\/heinesen.fo\/index.php\/wp-json\/wp\/v2\/pages\/1917","targetHints":{"allow":["GET"]}}],"collection":[{"href":"https:\/\/heinesen.fo\/index.php\/wp-json\/wp\/v2\/pages"}],"about":[{"href":"https:\/\/heinesen.fo\/index.php\/wp-json\/wp\/v2\/types\/page"}],"author":[{"embeddable":true,"href":"https:\/\/heinesen.fo\/index.php\/wp-json\/wp\/v2\/users\/1"}],"replies":[{"embeddable":true,"href":"https:\/\/heinesen.fo\/index.php\/wp-json\/wp\/v2\/comments?post=1917"}],"version-history":[{"count":21,"href":"https:\/\/heinesen.fo\/index.php\/wp-json\/wp\/v2\/pages\/1917\/revisions"}],"predecessor-version":[{"id":4110,"href":"https:\/\/heinesen.fo\/index.php\/wp-json\/wp\/v2\/pages\/1917\/revisions\/4110"}],"up":[{"embeddable":true,"href":"https:\/\/heinesen.fo\/index.php\/wp-json\/wp\/v2\/pages\/1907"}],"wp:featuredmedia":[{"embeddable":true,"href":"https:\/\/heinesen.fo\/index.php\/wp-json\/wp\/v2\/media\/1482"}],"wp:attachment":[{"href":"https:\/\/heinesen.fo\/index.php\/wp-json\/wp\/v2\/media?parent=1917"}],"curies":[{"name":"wp","href":"https:\/\/api.w.org\/{rel}","templated":true}]}}