{"id":1919,"date":"2023-09-02T00:08:28","date_gmt":"2023-09-01T23:08:28","guid":{"rendered":"https:\/\/heinesen.fo\/index.php\/biography\/2000-2010\/"},"modified":"2024-03-06T19:29:39","modified_gmt":"2024-03-06T19:29:39","slug":"2000-2010","status":"publish","type":"page","link":"https:\/\/heinesen.fo\/index.php\/tonleikayrkisleid\/2000-2010\/","title":{"rendered":"2000 &#8211; 2010"},"content":{"rendered":"<h3>BEST UMT\u00d3KTA LAGI\u00d0 HJ\u00c1 ELINI \u00cd N\u00ddGGJUM HAMI<\/h3>\n<p>\u201cEITT D\u00ddPI AV D\u00ddRARI T\u00cd\u00d0&#8221; er heiti\u00f0 \u00e1 einum av best umt\u00f3ktu l\u00f8gunum \u00e1 NALJA \u00fatg\u00e1vuni. Elin skriva\u00f0i og setti t\u00f3nleikin \u00fat fyri sangin, og p\u00e1pi hennara, rith\u00f8vundurin Jens Pauli Heinesen, skriva\u00f0i tekstin.<\/p>\n<p>\u00cd 2002 var sangurin settur \u00fat fyri symfoniorkestur av danska filmst\u00f3naskaldinum S\u00f8ren Hyldgaard og var\u00f0 innsp\u00e6ldur \u00ed Prag \u00ed Tjekk\u00ednum vi\u00f0 City of Prague Philharmonic Orchestra undir lei\u00f0slu av dirigentinum Mario Klemens. Elin var sangsolistur og T\u00f3rshavnar Mansk\u00f3r sang k\u00f3rr\u00f8ddirnar undir lei\u00f0slu av Bjarna Restorff.<\/p>\n<p>Sangurin var almannakunngj\u00f8rdur \u00ed einum heimildarfilmi hj\u00e1 Gullu \u00d8regaard um p\u00e1pa Elina, Jens Paula Heinesen, i\u00f0 var v\u00edstur \u00ed f\u00f8royska sj\u00f3nvarpinum sum ein hei\u00f0ur til rith\u00f8vundan \u00e1 70 \u00e1ra degi hansara.<\/p>\n<p>Les meira um lagi\u00f0 &#8216;Eitt d\u00fdpi av d\u00fdrari t\u00ed\u00f0&#8217; <a href=\"https:\/\/heinesen.fo\/index.php\/eitt-vaelumtokt-lag\/\">HER<\/a>.<\/p>\n<p>Lurta eftir uppruna\u00fatg\u00e1vuni av sanginum her:<\/p>\n<audio class=\"wp-audio-shortcode\" id=\"audio-1919-1\" preload=\"none\" style=\"width: 100%;\" controls=\"controls\"><source type=\"audio\/mpeg\" src=\"https:\/\/heinesen.fo\/wp-content\/uploads\/2023\/08\/05-Eitt-Dypi-Av-Dyrari-Tid.mp3?_=1\" \/><a href=\"https:\/\/heinesen.fo\/wp-content\/uploads\/2023\/08\/05-Eitt-Dypi-Av-Dyrari-Tid.mp3\">https:\/\/heinesen.fo\/wp-content\/uploads\/2023\/08\/05-Eitt-Dypi-Av-Dyrari-Tid.mp3<\/a><\/audio>\n<p>Lurta eftir symfonisku \u00fatg\u00e1vuni av sanginum her:<\/p>\n<audio class=\"wp-audio-shortcode\" id=\"audio-1919-2\" preload=\"none\" style=\"width: 100%;\" controls=\"controls\"><source type=\"audio\/mpeg\" src=\"https:\/\/heinesen.fo\/wp-content\/uploads\/2023\/08\/Eitt_dypi_av_dyrari_tid.mp3?_=2\" \/><a href=\"https:\/\/heinesen.fo\/wp-content\/uploads\/2023\/08\/Eitt_dypi_av_dyrari_tid.mp3\">https:\/\/heinesen.fo\/wp-content\/uploads\/2023\/08\/Eitt_dypi_av_dyrari_tid.mp3<\/a><\/audio>\n<h3>ELIN GER COME-BACK \u00c1 T\u00d3NLEIKAPALLINUM<\/h3>\n<p>\u00cd n\u00e6stan 20 \u00e1r fr\u00e1 t\u00ed\u00f0liga \u00ed n\u00edti\u00e1runum tra\u00f0ka\u00f0i Elin n\u00e6stan ikki fram alment sum t\u00f3nleikari. Hon gj\u00f8rdist mamma \u00ed 1990, og \u00ed langa t\u00ed\u00f0 hev\u00f0i hon eisini ovmiki\u00f0 at gera \u00ed arbei\u00f0sl\u00edvinum innan mentanarfyrisiting, markna\u00f0arf\u00f8ring og mi\u00f0lan &#8211; so har var eingin t\u00ed\u00f0 eftir til at f\u00e1ast vi\u00f0 t\u00f3nleik.<\/p>\n<p>Men \u00ed 2005 f\u00f3r Elin endiliga aftur \u00ed uppt\u00f8kuh\u00f8li\u00f0 at sp\u00e6la inn \u00e1tta sangir saman vi\u00f0 mammubeiggja s\u00ednum, Svenn Brimheim, sum var ein kendur gittarsp\u00e6lari \u00ed F\u00f8royum, og saman vi\u00f0 t\u00f3nleikab\u00f3lkinum, sum hann sp\u00e6ldi \u00ed, Ad Libitum, sum var ein sera v\u00e6l umt\u00f3ktur akustiskur easy-listening f\u00f3lkat\u00f3nleikarab\u00f3lkur \u00ed F\u00f8royum, i\u00f0 mest sp\u00e6ldi eldri evergreens. Tey l\u00f8gdu \u00e6tlan um at sp\u00e6la fleiri sangir inn seinni, og \u00e6tlanin var, at \u00fatg\u00e1van skuldi koma \u00fat \u00ed 2006, men t\u00edverri doy\u00f0i Svenn \u00e1 v\u00e1ri \u00ed 2006, \u00e1\u00f0renn tey kundu fara aftur \u00ed uppt\u00f8kuh\u00f8li\u00f0 at gera restina av innsp\u00e6lingunum. Seinni &#8211; \u00ed 2007 &#8211; f\u00f3r Elin \u00ed uppt\u00f8kuh\u00f8li\u00f0 saman vi\u00f0 b\u00f3lkinum hj\u00e1 Svenn at sp\u00e6la inn teir sjey sangirnir, sum resta\u00f0u \u00ed.<\/p>\n<p>Heildar\u00fatg\u00e1van fekk heiti\u00f0 \u201cYndisl\u00f8g \u2013 Ein fer\u00f0 aftur \u00ed farnar t\u00ed\u00f0ir\u201d (Treasured songs \u2013 A Trip Down Memory Lane) og inniheldur 15 yndisl\u00f8g hj\u00e1 henni sj\u00e1lvari, hj\u00e1 mammuni og hj\u00e1 mammubeiggjanum Svenn. \u00c1tta av l\u00f8gunum blivu upptikin live \u00ed uppt\u00f8kuh\u00f8linum hj\u00e1 Kringvarpi F\u00f8roya \u00ed 2005 saman vi\u00f0 Svenn og Ad Libitum. Teir \u00edrestandi sjey sangirnir v\u00f3ru innsp\u00e6ldir \u00ed somu uppt\u00f8kuh\u00f8lum \u00ed 2007 &#8211; hesafer\u00f0 t\u00f3 uttan Svenn.<\/p>\n<p>Men ta\u00f0 gekk long t\u00ed\u00f0, \u00e1\u00f0renn til bar at geva t\u00f3nleikin \u00fat orsaka av trupulleikum vi\u00f0 at f\u00e1a loyvi fr\u00e1 r\u00e6ttindahavarunum til sangirnar.\u00a0 Meira f\u00e6st at vita um hesa \u00fatg\u00e1vuna <a href=\"https:\/\/heinesen.fo\/index.php\/published-music\/album-yndisloeg-treasured-songs\/\">HER<\/a>.<\/p>\n<h3>MYNDIR FR\u00c1 KONSERTUM \u00cd 2007-2010<\/h3>\n<p>Her eru nakrar myndir fr\u00e1 ymiskum framf\u00f8rslum:<\/p>\n<p><em>Elin vi\u00f0 Ad Libitum \u00ed 2007 &#8211; J\u00f3l \u00ed Mi\u00f0lah\u00fasinum \/ Sosialurin \u00ed Havn :<\/em><\/p>\n<p style=\"text-align: center;\"><img loading=\"lazy\" decoding=\"async\" class=\"alignnone size-full wp-image-88\" src=\"https:\/\/heinesen.fo\/wp-content\/uploads\/2023\/08\/Ad_Libitum_og_Elin_Sosialurin_jolakonsert2007.jpg\" alt=\"\" width=\"400\" height=\"279\" srcset=\"https:\/\/heinesen.fo\/wp-content\/uploads\/2023\/08\/Ad_Libitum_og_Elin_Sosialurin_jolakonsert2007.jpg 400w, https:\/\/heinesen.fo\/wp-content\/uploads\/2023\/08\/Ad_Libitum_og_Elin_Sosialurin_jolakonsert2007-300x209.jpg 300w\" sizes=\"auto, (max-width: 400px) 100vw, 400px\" \/><\/p>\n<p><em>Elin vi\u00f0 Ad Libitum \u00ed 2008 &#8211; Konsert \u00ed Mi\u00f0lah\u00fasinum, t\u00e1 bla\u00f0i\u00f0 Sosialurin hev\u00f0i 80 \u00e1ra f\u00f8\u00f0ingardag:<\/em><\/p>\n<p style=\"text-align: center;\"><img loading=\"lazy\" decoding=\"async\" class=\"alignnone size-full wp-image-86\" src=\"https:\/\/heinesen.fo\/wp-content\/uploads\/2023\/08\/Ad_Libitum_og_Elin_Sosialurin_80ar_juli2008.jpg\" alt=\"\" width=\"450\" height=\"338\" srcset=\"https:\/\/heinesen.fo\/wp-content\/uploads\/2023\/08\/Ad_Libitum_og_Elin_Sosialurin_80ar_juli2008.jpg 450w, https:\/\/heinesen.fo\/wp-content\/uploads\/2023\/08\/Ad_Libitum_og_Elin_Sosialurin_80ar_juli2008-300x225.jpg 300w\" sizes=\"auto, (max-width: 450px) 100vw, 450px\" \/><\/p>\n<p><em>Elin sp\u00e6lir saman vi\u00f0 Jens Marna Hansen \u00e1 eini 50 \u00e1ra f\u00f8\u00f0ingardagsveitslu hj\u00e1 eini vinkonu \u00ed 2008:<\/em><\/p>\n<p style=\"text-align: center;\"><img loading=\"lazy\" decoding=\"async\" class=\"alignnone size-full wp-image-148\" src=\"https:\/\/heinesen.fo\/wp-content\/uploads\/2023\/08\/n1463510092_38243_7552.jpg\" alt=\"\" width=\"604\" height=\"453\" srcset=\"https:\/\/heinesen.fo\/wp-content\/uploads\/2023\/08\/n1463510092_38243_7552.jpg 604w, https:\/\/heinesen.fo\/wp-content\/uploads\/2023\/08\/n1463510092_38243_7552-300x225.jpg 300w\" sizes=\"auto, (max-width: 604px) 100vw, 604px\" \/><\/p>\n<p><em>Og her er ein video vi\u00f0 framf\u00f8rslu teirra \u00e1 somu veitslu:<\/em><\/p>\n<p style=\"text-align: center;\"><iframe loading=\"lazy\" src=\"https:\/\/www.youtube.com\/embed\/lZGfI3_hLhg?start=36\" width=\"640\" height=\"360\" frameborder=\"0\" allowfullscreen=\"allowfullscreen\" data-mce-fragment=\"1\"><span data-mce-type=\"bookmark\" style=\"display: inline-block; width: 0px; overflow: hidden; line-height: 0;\" class=\"mce_SELRES_start\">\ufeff<\/span><\/iframe><\/p>\n<p><em>Elin sp\u00e6lir saman vi\u00f0 Benjamin Petersen (Son of Fortune) \u00ed T\u00f8ting \u00ed G\u00f8tu \u00ed 2009:<\/em><\/p>\n<p style=\"text-align: center;\"><img loading=\"lazy\" decoding=\"async\" class=\"alignnone size-full wp-image-79\" src=\"https:\/\/heinesen.fo\/wp-content\/uploads\/2023\/08\/227857_223158787698292_128611720486333_1022106_7528379_n.jpg\" alt=\"\" width=\"720\" height=\"405\" srcset=\"https:\/\/heinesen.fo\/wp-content\/uploads\/2023\/08\/227857_223158787698292_128611720486333_1022106_7528379_n.jpg 720w, https:\/\/heinesen.fo\/wp-content\/uploads\/2023\/08\/227857_223158787698292_128611720486333_1022106_7528379_n-300x169.jpg 300w\" sizes=\"auto, (max-width: 720px) 100vw, 720px\" \/><\/p>\n<p><img loading=\"lazy\" decoding=\"async\" class=\"size-full wp-image-81 aligncenter\" src=\"https:\/\/heinesen.fo\/wp-content\/uploads\/2023\/08\/229707_223158851031619_128611720486333_1022110_4536746_n.jpg\" alt=\"\" width=\"720\" height=\"405\" srcset=\"https:\/\/heinesen.fo\/wp-content\/uploads\/2023\/08\/229707_223158851031619_128611720486333_1022110_4536746_n.jpg 720w, https:\/\/heinesen.fo\/wp-content\/uploads\/2023\/08\/229707_223158851031619_128611720486333_1022110_4536746_n-300x169.jpg 300w\" sizes=\"auto, (max-width: 720px) 100vw, 720px\" \/><\/p>\n<p><em>Elin og Ad Libitum \u00e1 eini Ment\u00f3n konsert \u00ed Reinsar\u00ednum summari\u00f0 2010:<\/em><\/p>\n<p style=\"text-align: center;\"><img loading=\"lazy\" decoding=\"async\" class=\"alignnone size-large wp-image-146\" src=\"https:\/\/heinesen.fo\/wp-content\/uploads\/2023\/08\/menton2010_elin_b_heinesen_og_ad_libitum2-1024x764.jpg\" alt=\"\" width=\"1024\" height=\"764\" srcset=\"https:\/\/heinesen.fo\/wp-content\/uploads\/2023\/08\/menton2010_elin_b_heinesen_og_ad_libitum2-1024x764.jpg 1024w, https:\/\/heinesen.fo\/wp-content\/uploads\/2023\/08\/menton2010_elin_b_heinesen_og_ad_libitum2-300x224.jpg 300w, https:\/\/heinesen.fo\/wp-content\/uploads\/2023\/08\/menton2010_elin_b_heinesen_og_ad_libitum2-768x573.jpg 768w, https:\/\/heinesen.fo\/wp-content\/uploads\/2023\/08\/menton2010_elin_b_heinesen_og_ad_libitum2-1536x1145.jpg 1536w, https:\/\/heinesen.fo\/wp-content\/uploads\/2023\/08\/menton2010_elin_b_heinesen_og_ad_libitum2-1300x969.jpg 1300w, https:\/\/heinesen.fo\/wp-content\/uploads\/2023\/08\/menton2010_elin_b_heinesen_og_ad_libitum2.jpg 1600w\" sizes=\"auto, (max-width: 1024px) 100vw, 1024px\" \/><\/p>\n<p style=\"text-align: center;\">\u00a0<img loading=\"lazy\" decoding=\"async\" class=\"alignnone size-large wp-image-144\" src=\"https:\/\/heinesen.fo\/wp-content\/uploads\/2023\/08\/menton2010_elin_b_heinesen_og_ad_libitum-936x1024.jpg\" alt=\"\" width=\"936\" height=\"1024\" srcset=\"https:\/\/heinesen.fo\/wp-content\/uploads\/2023\/08\/menton2010_elin_b_heinesen_og_ad_libitum-936x1024.jpg 936w, https:\/\/heinesen.fo\/wp-content\/uploads\/2023\/08\/menton2010_elin_b_heinesen_og_ad_libitum-274x300.jpg 274w, https:\/\/heinesen.fo\/wp-content\/uploads\/2023\/08\/menton2010_elin_b_heinesen_og_ad_libitum-768x840.jpg 768w, https:\/\/heinesen.fo\/wp-content\/uploads\/2023\/08\/menton2010_elin_b_heinesen_og_ad_libitum-1404x1536.jpg 1404w, https:\/\/heinesen.fo\/wp-content\/uploads\/2023\/08\/menton2010_elin_b_heinesen_og_ad_libitum-1300x1422.jpg 1300w, https:\/\/heinesen.fo\/wp-content\/uploads\/2023\/08\/menton2010_elin_b_heinesen_og_ad_libitum.jpg 1463w\" sizes=\"auto, (max-width: 936px) 100vw, 936px\" \/><\/p>\n<hr \/>\n<p>V\u00ed\u00f0ari til <a href=\"https:\/\/heinesen.fo\/index.php\/tonleikayrkisleid\/2010-2020\/\">2010-2020<\/a><\/p>\n","protected":false},"excerpt":{"rendered":"<p>BEST UMT\u00d3KTA LAGI\u00d0 HJ\u00c1 ELINI \u00cd N\u00ddGGJUM HAMI \u201cEITT D\u00ddPI AV D\u00ddRARI T\u00cd\u00d0&#8221; er heiti\u00f0 \u00e1 einum av best umt\u00f3ktu l\u00f8gunum \u00e1 NALJA \u00fatg\u00e1vuni. Elin skriva\u00f0i og setti t\u00f3nleikin \u00fat fyri sangin, og p\u00e1pi hennara, rith\u00f8vundurin Jens Pauli Heinesen, skriva\u00f0i tekstin. \u00cd 2002 var sangurin settur \u00fat fyri symfoniorkestur av danska filmst\u00f3naskaldinum S\u00f8ren Hyldgaard og&hellip;<\/p>\n","protected":false},"author":1,"featured_media":1482,"parent":1907,"menu_order":5,"comment_status":"closed","ping_status":"closed","template":"","meta":{"footnotes":""},"class_list":["post-1919","page","type-page","status-publish","format-standard","has-post-thumbnail","hentry"],"_links":{"self":[{"href":"https:\/\/heinesen.fo\/index.php\/wp-json\/wp\/v2\/pages\/1919","targetHints":{"allow":["GET"]}}],"collection":[{"href":"https:\/\/heinesen.fo\/index.php\/wp-json\/wp\/v2\/pages"}],"about":[{"href":"https:\/\/heinesen.fo\/index.php\/wp-json\/wp\/v2\/types\/page"}],"author":[{"embeddable":true,"href":"https:\/\/heinesen.fo\/index.php\/wp-json\/wp\/v2\/users\/1"}],"replies":[{"embeddable":true,"href":"https:\/\/heinesen.fo\/index.php\/wp-json\/wp\/v2\/comments?post=1919"}],"version-history":[{"count":20,"href":"https:\/\/heinesen.fo\/index.php\/wp-json\/wp\/v2\/pages\/1919\/revisions"}],"predecessor-version":[{"id":3575,"href":"https:\/\/heinesen.fo\/index.php\/wp-json\/wp\/v2\/pages\/1919\/revisions\/3575"}],"up":[{"embeddable":true,"href":"https:\/\/heinesen.fo\/index.php\/wp-json\/wp\/v2\/pages\/1907"}],"wp:featuredmedia":[{"embeddable":true,"href":"https:\/\/heinesen.fo\/index.php\/wp-json\/wp\/v2\/media\/1482"}],"wp:attachment":[{"href":"https:\/\/heinesen.fo\/index.php\/wp-json\/wp\/v2\/media?parent=1919"}],"curies":[{"name":"wp","href":"https:\/\/api.w.org\/{rel}","templated":true}]}}