{"id":1923,"date":"2023-08-31T11:01:51","date_gmt":"2023-08-31T10:01:51","guid":{"rendered":"https:\/\/heinesen.fo\/index.php\/biography\/2020-2\/"},"modified":"2025-12-21T21:36:51","modified_gmt":"2025-12-21T21:36:51","slug":"2020-2","status":"publish","type":"page","link":"https:\/\/heinesen.fo\/index.php\/tonleikayrkisleid\/2020-2\/","title":{"rendered":"2020 &#8211;"},"content":{"rendered":"<h3><span style=\"font-size: 1em;\">ELIN VERKSETIR EINA H\u00d3PF\u00cdGGINGARVERK\u00c6TLAN<\/span><\/h3>\n<p>Me\u00f0an korona gj\u00f8rdi um seg og alt felagsl\u00edv \u00ed landinum var mestsum deytt, v\u00f3ru n\u00f3gvir t\u00f3nleikarar noyddir til bara at sita heima eins og \u00f8ll onnur. Fyri at undirhalda seg sj\u00e1lvar og onnur f\u00f3ru fleiri av teimum at bj\u00f3\u00f0a framf\u00f8rslur \u00e1 netinum &#8211; eisini Elin. Millum a\u00f0rar sangir hev\u00f0i hon eina live framf\u00f8rslu av einum lag, hon hev\u00f0i skriva\u00f0 til yrking hj\u00e1 p\u00e1pa s\u00ednum, r\u00f3pt <em>S\u00f3leyan<\/em>.<\/p>\n<p>Hon deildi framf\u00f8rsluna \u00e1 sosialum mi\u00f0lum, og bilsin var hon, t\u00e1 hon varna\u00f0ist at uppt\u00f8kan fekk bein at ganga \u00e1 \u00ed F\u00f8royum. Eftir bert tveir dagar h\u00f8vdu fleiri t\u00fasund f\u00f3lk s\u00e6\u00f0 framf\u00f8rsluna og n\u00f3gv vi\u00f0merktu, at teimum d\u00e1mdi lagi\u00f0 sera v\u00e6l.<\/p>\n<p>Her er uppt\u00f8kan, sum breiddi seg skj\u00f3tt um F\u00f8royaland:<\/p>\n<p style=\"text-align: center;\"><iframe loading=\"lazy\" title=\"YouTube video player\" src=\"https:\/\/www.youtube.com\/embed\/YKAUiqQm-i0?si=bfPYCvOnoD9Vgmst\" width=\"700\" height=\"450\" frameborder=\"0\" allowfullscreen=\"allowfullscreen\"><span data-mce-type=\"bookmark\" style=\"display: inline-block; width: 0px; overflow: hidden; line-height: 0;\" class=\"mce_SELRES_start\">\ufeff<\/span><\/iframe><\/p>\n<p>Millum tey f\u00f3lkini, sum gj\u00f8rdu vi\u00f0merkingar til sangin, var H\u00f8gni Rasmussen, sum spurdi Elina, hv\u00ed hon ikki verksetti eina h\u00f3pf\u00edggingarverk\u00e6tlan vi\u00f0 t\u00ed fyri eyga at f\u00e1a f\u00edgging, so hon kundi innsp\u00e6la lagi\u00f0 \u00ed einum professionellum uppt\u00f8kuh\u00f8li. Og ikki bara ta\u00f0 &#8211; hv\u00ed ikki gera eina symfoniska uppt\u00f8ku av lagnum, spurdi hann &#8211; eins og hon hev\u00f0i gj\u00f8rt vi\u00f0 sangin <em>Eitt d\u00fdpi av d\u00fdrari t\u00ed\u00f0<\/em>, sum hon fekk innsp\u00e6lt vi\u00f0 einum tjekkiskum symfoniorkestri n\u00e6stan 20 \u00e1r \u00e1\u00f0renn.<\/p>\n<p>Elin fekk \u00edbl\u00e1stur av \u00f8llum hesum jaligu vi\u00f0merkingunum, so hon f\u00f3r undir s\u00edna n\u00e6stu st\u00f3ru t\u00f3nleikaverk\u00e6tlan. Hon fekk hugskoti\u00f0, at hon vildi hei\u00f0ra p\u00e1pa s\u00edn, rith\u00f8vundin Jens Paula Heinesen, sum f\u00f3r at fylla 90 \u00e1r tvey \u00e1r seinni, 12, november 2022. Hon droymdi um at geva fleiri l\u00f8g \u00fat, sum hon skuldi gera til yrkingar hj\u00e1 p\u00e1panum &#8211; og, um m\u00f8guligt, skipa fyri eini st\u00f3rari hei\u00f0urskonsert fyri p\u00e1panum \u00e1 f\u00f8\u00f0ingardegi hansara saman vi\u00f0 F\u00f8roya Symfoniorkestri og einum k\u00f3ri.<\/p>\n<p>Men fyri at kunna gera ta\u00f0, hev\u00f0i hon br\u00fak fyri pengum &#8211; einari r\u00fagvu av pengum. Hon vildi fyrst vita, um ta\u00f0 var gj\u00f8rligt at f\u00e1a f\u00edgging til at innsp\u00e6la eitt einstakt lag, sum hon hev\u00f0i skriva\u00f0 til yrking hj\u00e1 p\u00e1panum &#8211; <em>S\u00f3leyan<\/em>, tann sangurin sum so n\u00f3gv f\u00f3lk h\u00f8vdu lurta\u00f0 eftir \u00e1 facebook. So hon verksetti eina h\u00f3pf\u00edggingarverk\u00e6tlan \u00e1 n\u00fdliga stovnsettu s\u00ed\u00f0uni &#8211; hopfigging.fo &#8211; fyri bara henda sangin.<\/p>\n<p>Hennara h\u00f3pf\u00edggingarverk\u00e6tlan var tann fyrsta av s\u00ednum slag fyri eina t\u00f3nleikaverk\u00e6tlan \u00e1 hesi n\u00fdggju h\u00f3pf\u00edggingarheimas\u00ed\u00f0uni. H\u00f8gni, sum hev\u00f0i eggja\u00f0 henni til at royna h\u00f3pf\u00edgging, hj\u00e1lpti henni vi\u00f0 at gera eina videouppt\u00f8ku, har hon ba\u00f0 f\u00f3lk um at stu\u00f0la s\u00ednari verk\u00e6tlan &#8211; sum s\u00e6st her:<\/p>\n<p style=\"text-align: center;\"><iframe loading=\"lazy\" title=\"vimeo-player\" src=\"https:\/\/player.vimeo.com\/video\/409760342?h=af592b3b58\" width=\"700\" height=\"400\" frameborder=\"0\" allowfullscreen=\"allowfullscreen\"><span data-mce-type=\"bookmark\" style=\"display: inline-block; width: 0px; overflow: hidden; line-height: 0;\" class=\"mce_SELRES_start\">\ufeff<\/span><span data-mce-type=\"bookmark\" style=\"display: inline-block; width: 0px; overflow: hidden; line-height: 0;\" class=\"mce_SELRES_start\">\ufeff<\/span><span data-mce-type=\"bookmark\" style=\"display: inline-block; width: 0px; overflow: hidden; line-height: 0;\" class=\"mce_SELRES_start\">\ufeff<\/span><\/iframe><\/p>\n<p>\u00c1 hopfigging.fo s\u00ed\u00f0uni um verk\u00e6tlanina hj\u00e1 Elini, skriva\u00f0i hon m.a.:<\/p>\n<blockquote><p><em>&#8220;Ta\u00f0 hev\u00f0i bara veri\u00f0 heilt fantastiskt, um ta\u00f0 var gj\u00f8rligt at gera eina symfoniska innsp\u00e6ling av S\u00f3leyan, so hon kundi veri\u00f0 kl\u00e1r \u00ed g\u00f3\u00f0ari t\u00ed\u00f0 at geva \u00fat \u00ed allarseinasta lagi \u00e1 90 \u00e1ra f\u00f8\u00f0ingardegi hj\u00e1 p\u00e1pa \u00ed 2022, og \u00e1 henda h\u00e1tt hei\u00f0ra minni hansara. Eg v\u00f3ni t\u00ed inniliga, at n\u00f3g n\u00f3gv f\u00f3lk taka undir vi\u00f0 og stu\u00f0la hesi verk\u00e6tlanini, so dreymurin ver\u00f0ur veruleiki&#8221;.<\/em><\/p><\/blockquote>\n<p style=\"text-align: left;\">Les meira um verk\u00e6tlanina \u00e1 hopfigging.fo <a href=\"https:\/\/www.hopfigging.fo\/project\/view\/57\" target=\"_blank\" rel=\"noopener\">HER<\/a>.<\/p>\n<p>Her er samr\u00f8\u00f0a vi\u00f0 Elina \u00e1 \u00fatvarpsst\u00f8\u00f0ini R7 um h\u00f3pf\u00edggingina &#8211; og um hvussu gekst:<\/p>\n<p><center><iframe loading=\"lazy\" style=\"border: none; overflow: hidden;\" src=\"https:\/\/www.facebook.com\/plugins\/video.php?height=476&amp;href=https%3A%2F%2Fwww.facebook.com%2FElinBrimheimHeinesen%2Fvideos%2F269153897605852%2F&amp;show_text=false&amp;width=267&amp;t=0\" width=\"267\" height=\"476\" frameborder=\"0\" scrolling=\"no\" allowfullscreen=\"allowfullscreen\"><\/iframe><\/center>H\u00f3pf\u00edggingin gekk v\u00e6l betur enn v\u00e6nta\u00f0. Upp\u00e1 einans seks dagar hev\u00f0i Elin fingi\u00f0 meira enn fullu upp\u00e6ddina, hon s\u00f8kti um. T\u00e1 h\u00f3pf\u00edggingart\u00ed\u00f0arskei\u00f0i\u00f0 var av, hev\u00f0i hon fingi\u00f0 verk\u00e6tlanina 136 % f\u00edggja\u00f0a, so n\u00fa var bara at finna onkran, sum kundi hj\u00e1lpa henni at seta t\u00f3nleikin \u00fat fyri symfoniorkestur. Hon fann fram til fleiri, sum bj\u00f3\u00f0a\u00f0u seg fram til sl\u00edkar uppg\u00e1vur, har \u00edmillum fr\u00e1l\u00edka italska t\u00f3naskaldi\u00f0 og \u00fatsetaran Enzo De Rosa, sum hon setti seg \u00ed samband vi\u00f0 eftir at hava hoyrt t\u00f3nleik, sum hann hev\u00f0i sett \u00fat fyri onnur f\u00f3lk. T\u00e1 hon hev\u00f0i lurta\u00f0 eftir hesum, var hon beinanvegin sannf\u00f8rd um, at hetta var r\u00e6tti ma\u00f0urin til uppg\u00e1vuna. Enzo hoyrdi ta einf\u00f8ldu \u00fatg\u00e1vuna av lagnum <em>S\u00f3leyan<\/em> og j\u00e1tta\u00f0i beinanvegin, at hann fegin vildi hj\u00e1lpa henni at seta lagi\u00f0 \u00fat fyri symfoniorkestur. Og ta\u00f0 skuldi v\u00edsa seg, at hann skuffa\u00f0i ikki.<\/p>\n<p><em>S\u00f3leyan<\/em> var givin \u00fat sum staklag og sum sj\u00f3nbandalag tann dagin p\u00e1pi Elina fylti 89 \u00e1r &#8211; 12. november 2021 &#8211; b\u00e6\u00f0i \u00ed eini f\u00f8royskari og eini enskari \u00fatg\u00e1vu.<\/p>\n<p>Hygg eftir sj\u00f3nbandalagnum her::<\/p>\n<p style=\"text-align: center;\"><iframe loading=\"lazy\" title=\"YouTube video player\" src=\"https:\/\/www.youtube.com\/embed\/KHFIqjqT4Gg?si=Yr99OXwtdbnF2LNG\" width=\"700\" height=\"450\" frameborder=\"0\" allowfullscreen=\"allowfullscreen\"><span data-mce-type=\"bookmark\" style=\"display: inline-block; width: 0px; overflow: hidden; line-height: 0;\" class=\"mce_SELRES_start\">\ufeff<\/span><\/iframe><\/p>\n<p>Og her \u00ed ensku \u00fatg\u00e1vuni:<\/p>\n<p style=\"text-align: center;\"><iframe loading=\"lazy\" title=\"YouTube video player\" src=\"https:\/\/www.youtube.com\/embed\/8RDofwQg284?si=OeP8juZBYVzBkOIo\" width=\"700\" height=\"450\" frameborder=\"0\" allowfullscreen=\"allowfullscreen\"><span data-mce-type=\"bookmark\" style=\"display: inline-block; width: 0px; overflow: hidden; line-height: 0;\" class=\"mce_SELRES_start\">\ufeff<\/span><\/iframe><\/p>\n<p>Lagi\u00f0 fekk g\u00f3\u00f0a m\u00f3tt\u00f8ku, sum fekk italska t\u00f3naskaldi\u00f0 og \u00fatsetaran Enzo De Rosa til at spyrja Elina, um hon ikki hev\u00f0i fleiri l\u00f8g, sum hon hev\u00f0i skriva\u00f0 til yrkingar hj\u00e1 p\u00e1panum, sum tey kundu samstarva v\u00ed\u00f0ari um. Hetta gav henni dirvi til at halda fram vi\u00f0 verk\u00e6tlanini og upp\u00e1 stutta t\u00ed\u00f0 hev\u00f0i hon so gj\u00f8rt f\u00fdra n\u00fdggj l\u00f8g til yrkingar hj\u00e1 p\u00e1panum, sum Enzo f\u00f3r undir at gera symfoniskar \u00fatsetingar til.<\/p>\n<p>Men fyrst m\u00e1ttu tey tryggja s\u00e6r f\u00edgging til verk\u00e6tlanina, solei\u00f0is at eisini hesi l\u00f8gini kundu ver\u00f0a innsp\u00e6ld vi\u00f0 symfoniorkestri. So Elin verksetti eina h\u00f3pf\u00edggingarverk\u00e6tlan aftrat, har hon ikki v\u00e6nta\u00f0i, men bara v\u00f3na\u00f0i, at henda n\u00fdggja h\u00f3pf\u00edggingin f\u00f3r at hj\u00e1lpa henni at koma \u00e1 m\u00e1l vi\u00f0 at innsp\u00e6la l\u00f8gini og &#8211; ikki minst &#8211; at frumframf\u00f8ra l\u00f8gini til eina hei\u00f0urskonsert \u00ed Nor\u00f0urlandah\u00fasinum vi\u00f0 F\u00f8roya Symfoniorkestri \u00e1 90 \u00e1ra f\u00f8\u00f0ingardegnum hj\u00e1 p\u00e1panum.<\/p>\n<p>Henda n\u00fdggja h\u00f3pf\u00edggingarverk\u00e6tlanin gekk t\u00edbetur eisini v\u00e6l. T\u00e1 t\u00ed\u00f0arskei\u00f0i\u00f0 enda\u00f0i hev\u00f0i Elin 175 % av upph\u00e6ddini, hon s\u00f8kti um. Hetta var ein risa hj\u00e1lp. Men t\u00f3 ikki n\u00f3g miki\u00f0 til at f\u00edggja alla verk\u00e6tlanina, so hon s\u00f8kti eisini a\u00f0rar vegir &#8211; grunnar, stovnar, kommunur og fyrit\u00f8kur.<\/p>\n<p>Vi\u00f0 hesum stu\u00f0lum aftrat + einum st\u00f3rum parti tiknum av hennara egnu uppsparing \u00ed bankanum, eydna\u00f0ist ta\u00f0 henni endiliga at savna so miki\u00f0 av pengum saman, at hon fekk innsp\u00e6lt f\u00fdra onnur l\u00f8g aftrat, \u00fatsett av Enzo De Rosa og innsp\u00e6ld vi\u00f0 tjekkiska tj\u00f3\u00f0arsymfoniorkestrinum &#8211; the Czech National Symphony Orchestra &#8211; og vi\u00f0 f\u00f8royska k\u00f3rinum Tarira, umframt skipa fyri st\u00f3ru hei\u00f0urskonsertini tann dagin p\u00e1pin hev\u00f0i fylt 90.<\/p>\n<p>Elin var \u00f3metaliga gla\u00f0 og errin, t\u00e1 hei\u00f0urskonsertin endiliga gj\u00f8rdist veruleiki. Tiltaki\u00f0 f\u00f3r fram \u00ed Nor\u00f0urlandah\u00fasinum \u00ed Havnini fyri fullum h\u00fasum &#8211; umlei\u00f0 450 f\u00f3lk &#8211; 12. november 2022 \u00e1 f\u00f8\u00f0ingardegnum hj\u00e1 p\u00e1panum, har hon kundi framf\u00f8ra teir seks sangirnar, hon hev\u00f0i gj\u00f8rt til yrkingarnar hj\u00e1 p\u00e1panum saman vi\u00f0 F\u00f8roya Symfoniorkestri og teimum b\u00e1\u00f0um k\u00f3runum Tarira og T\u00f3rshavnar Mansk\u00f3ri &#8211; og vi\u00f0 henni sj\u00e1lvari sum sangsolisti. Umframt t\u00f3nleikin v\u00f3ru eisini fleiri samr\u00f8\u00f0ur vi\u00f0 ymisk f\u00f3lk um p\u00e1pan og upplestur burtur \u00far skaldskapi hansara millum t\u00f3nleikaframf\u00f8rslurnar.<\/p>\n<p>T\u00e1 hei\u00f0urskonsertin var li\u00f0ug, reistu allir \u00e1hoyrarnir \u00ed salinum seg upp &#8211; og allir luttakararnir \u00e1 pallinum fingu standandi l\u00f3gvabrestir fr\u00e1 \u00e1hoyrarunum. Elin kundi ikki vera meira n\u00f8gd.<\/p>\n<p>Her eru sm\u00e1 klipp fr\u00e1 konsertini:<\/p>\n<blockquote class=\"instagram-media\" style=\"background: #FFF; border: 0; border-radius: 3px; box-shadow: 0 0 1px 0 rgba(0,0,0,0.5),0 1px 10px 0 rgba(0,0,0,0.15); margin: 1px; max-width: 540px; min-width: 326px; padding: 0; width: calc(100% - 2px);\" data-instgrm-captioned=\"\" data-instgrm-permalink=\"https:\/\/www.instagram.com\/p\/CldXElBDSOy\/?utm_source=ig_embed&amp;utm_campaign=loading\" data-instgrm-version=\"14\">\n<div style=\"padding: 16px;\">\n<p>&nbsp;<\/p>\n<div style=\"display: flex; flex-direction: row; align-items: center;\">\n<div style=\"background-color: #f4f4f4; border-radius: 50%; flex-grow: 0; height: 40px; margin-right: 14px; width: 40px;\"><\/div>\n<div style=\"display: flex; flex-direction: column; flex-grow: 1; justify-content: center;\">\n<div style=\"background-color: #f4f4f4; border-radius: 4px; flex-grow: 0; height: 14px; margin-bottom: 6px; width: 100px;\"><\/div>\n<div style=\"background-color: #f4f4f4; border-radius: 4px; flex-grow: 0; height: 14px; width: 60px;\"><\/div>\n<\/div>\n<\/div>\n<div style=\"padding: 19% 0;\"><\/div>\n<div style=\"display: block; height: 50px; margin: 0 auto 12px; width: 50px;\"><\/div>\n<div style=\"padding-top: 8px;\">\n<div style=\"color: #3897f0; font-family: Arial,sans-serif; font-size: 14px; font-style: normal; font-weight: 550; line-height: 18px;\">View this post on Instagram<\/div>\n<\/div>\n<div style=\"padding: 12.5% 0;\"><\/div>\n<div style=\"display: flex; flex-direction: row; margin-bottom: 14px; align-items: center;\">\n<div>\n<div style=\"background-color: #f4f4f4; border-radius: 50%; height: 12.5px; width: 12.5px; transform: translateX(0px) translateY(7px);\"><\/div>\n<div style=\"background-color: #f4f4f4; height: 12.5px; transform: rotate(-45deg) translateX(3px) translateY(1px); width: 12.5px; flex-grow: 0; margin-right: 14px; margin-left: 2px;\"><\/div>\n<div style=\"background-color: #f4f4f4; border-radius: 50%; height: 12.5px; width: 12.5px; transform: translateX(9px) translateY(-18px);\"><\/div>\n<\/div>\n<div style=\"margin-left: 8px;\">\n<div style=\"background-color: #f4f4f4; border-radius: 50%; flex-grow: 0; height: 20px; width: 20px;\"><\/div>\n<div style=\"width: 0; height: 0; border-top: 2px solid transparent; border-left: 6px solid #f4f4f4; border-bottom: 2px solid transparent; transform: translateX(16px) translateY(-4px) rotate(30deg);\"><\/div>\n<\/div>\n<div style=\"margin-left: auto;\">\n<div style=\"width: 0px; border-top: 8px solid #F4F4F4; border-right: 8px solid transparent; transform: translateY(16px);\"><\/div>\n<div style=\"background-color: #f4f4f4; flex-grow: 0; height: 12px; width: 16px; transform: translateY(-4px);\"><\/div>\n<div style=\"width: 0; height: 0; border-top: 8px solid #F4F4F4; border-left: 8px solid transparent; transform: translateY(-4px) translateX(8px);\"><\/div>\n<\/div>\n<\/div>\n<div style=\"display: flex; flex-direction: column; flex-grow: 1; justify-content: center; margin-bottom: 24px;\">\n<div style=\"background-color: #f4f4f4; border-radius: 4px; flex-grow: 0; height: 14px; margin-bottom: 6px; width: 224px;\"><\/div>\n<div style=\"background-color: #f4f4f4; border-radius: 4px; flex-grow: 0; height: 14px; width: 144px;\"><\/div>\n<\/div>\n<p>&nbsp;<\/p>\n<p style=\"color: #c9c8cd; font-family: Arial,sans-serif; font-size: 14px; line-height: 17px; margin-bottom: 0; margin-top: 8px; overflow: hidden; padding: 8px 0 7px; text-align: center; text-overflow: ellipsis; white-space: nowrap;\"><a style=\"color: #c9c8cd; font-family: Arial,sans-serif; font-size: 14px; font-style: normal; font-weight: normal; line-height: 17px; text-decoration: none;\" href=\"https:\/\/www.instagram.com\/p\/CldXElBDSOy\/?utm_source=ig_embed&amp;utm_campaign=loading\" target=\"_blank\" rel=\"noopener\">A post shared by Elin Brimheim Heinesen (@elinbheinesen)<\/a><\/p>\n<\/div>\n<\/blockquote>\n<p><script async src=\"\/\/www.instagram.com\/embed.js\"><\/script><\/p>\n<blockquote class=\"instagram-media\" style=\"background: #FFF; border: 0; border-radius: 3px; box-shadow: 0 0 1px 0 rgba(0,0,0,0.5),0 1px 10px 0 rgba(0,0,0,0.15); margin: 1px; max-width: 540px; min-width: 326px; padding: 0; width: calc(100% - 2px);\" data-instgrm-captioned=\"\" data-instgrm-permalink=\"https:\/\/www.instagram.com\/tv\/CldYJF8DhtO\/?utm_source=ig_embed&amp;utm_campaign=loading\" data-instgrm-version=\"14\">\n<div style=\"padding: 16px;\">\n<p>&nbsp;<\/p>\n<div style=\"display: flex; flex-direction: row; align-items: center;\">\n<div style=\"background-color: #f4f4f4; border-radius: 50%; flex-grow: 0; height: 40px; margin-right: 14px; width: 40px;\"><\/div>\n<div style=\"display: flex; flex-direction: column; flex-grow: 1; justify-content: center;\">\n<div style=\"background-color: #f4f4f4; border-radius: 4px; flex-grow: 0; height: 14px; margin-bottom: 6px; width: 100px;\"><\/div>\n<div style=\"background-color: #f4f4f4; border-radius: 4px; flex-grow: 0; height: 14px; width: 60px;\"><\/div>\n<\/div>\n<\/div>\n<div style=\"padding: 19% 0;\"><\/div>\n<div style=\"display: block; height: 50px; margin: 0 auto 12px; width: 50px;\"><\/div>\n<div style=\"padding-top: 8px;\">\n<div style=\"color: #3897f0; font-family: Arial,sans-serif; font-size: 14px; font-style: normal; font-weight: 550; line-height: 18px;\">View this post on Instagram<\/div>\n<\/div>\n<div style=\"padding: 12.5% 0;\"><\/div>\n<div style=\"display: flex; flex-direction: row; margin-bottom: 14px; align-items: center;\">\n<div>\n<div style=\"background-color: #f4f4f4; border-radius: 50%; height: 12.5px; width: 12.5px; transform: translateX(0px) translateY(7px);\"><\/div>\n<div style=\"background-color: #f4f4f4; height: 12.5px; transform: rotate(-45deg) translateX(3px) translateY(1px); width: 12.5px; flex-grow: 0; margin-right: 14px; margin-left: 2px;\"><\/div>\n<div style=\"background-color: #f4f4f4; border-radius: 50%; height: 12.5px; width: 12.5px; transform: translateX(9px) translateY(-18px);\"><\/div>\n<\/div>\n<div style=\"margin-left: 8px;\">\n<div style=\"background-color: #f4f4f4; border-radius: 50%; flex-grow: 0; height: 20px; width: 20px;\"><\/div>\n<div style=\"width: 0; height: 0; border-top: 2px solid transparent; border-left: 6px solid #f4f4f4; border-bottom: 2px solid transparent; transform: translateX(16px) translateY(-4px) rotate(30deg);\"><\/div>\n<\/div>\n<div style=\"margin-left: auto;\">\n<div style=\"width: 0px; border-top: 8px solid #F4F4F4; border-right: 8px solid transparent; transform: translateY(16px);\"><\/div>\n<div style=\"background-color: #f4f4f4; flex-grow: 0; height: 12px; width: 16px; transform: translateY(-4px);\"><\/div>\n<div style=\"width: 0; height: 0; border-top: 8px solid #F4F4F4; border-left: 8px solid transparent; transform: translateY(-4px) translateX(8px);\"><\/div>\n<\/div>\n<\/div>\n<div style=\"display: flex; flex-direction: column; flex-grow: 1; justify-content: center; margin-bottom: 24px;\">\n<div style=\"background-color: #f4f4f4; border-radius: 4px; flex-grow: 0; height: 14px; margin-bottom: 6px; width: 224px;\"><\/div>\n<div style=\"background-color: #f4f4f4; border-radius: 4px; flex-grow: 0; height: 14px; width: 144px;\"><\/div>\n<\/div>\n<p>&nbsp;<\/p>\n<p style=\"color: #c9c8cd; font-family: Arial,sans-serif; font-size: 14px; line-height: 17px; margin-bottom: 0; margin-top: 8px; overflow: hidden; padding: 8px 0 7px; text-align: center; text-overflow: ellipsis; white-space: nowrap;\"><a style=\"color: #c9c8cd; font-family: Arial,sans-serif; font-size: 14px; font-style: normal; font-weight: normal; line-height: 17px; text-decoration: none;\" href=\"https:\/\/www.instagram.com\/tv\/CldYJF8DhtO\/?utm_source=ig_embed&amp;utm_campaign=loading\" target=\"_blank\" rel=\"noopener\">A post shared by Elin Brimheim Heinesen (@elinbheinesen)<\/a><\/p>\n<\/div>\n<\/blockquote>\n<p><script async src=\"\/\/www.instagram.com\/embed.js\"><\/script><\/p>\n<p>Kringvarp F\u00f8roya t\u00f3k alt tiltaki\u00f0 upp \u00e1 sj\u00f3nband. Og \u00e1 p\u00e1skum \u00e1ri\u00f0 eftir var hei\u00f0urskonsertin fyri Jens Paula Heinesen send \u00ed sj\u00f3nvarpinum \u00ed tveimum p\u00f8rtum, \u00e1vikavist 6.\u00a0 og 7. apr\u00edl 2023.<\/p>\n<p><strong>Hygg at <\/strong><a href=\"https:\/\/kvf.fo\/sending\/fagnadarkonsert-jens-pauli-heinesen?sid=155226\" target=\"_blank\" rel=\"noopener\"><strong>PARTI EITT:<\/strong><\/a><\/p>\n<p><center><iframe loading=\"lazy\" title=\"YouTube video player\" src=\"https:\/\/www.youtube.com\/embed\/HTNWMCvENIE?si=1QJpPwoXvDmnLKmq\" width=\"700\" height=\"400\" frameborder=\"0\" allowfullscreen=\"allowfullscreen\"><\/iframe><\/center><strong>Hygg at <a href=\"https:\/\/kvf.fo\/sending\/fagnadarkonsert-jens-pauli-heinesen?sid=155225\" target=\"_blank\" rel=\"noopener\">PARTI TVEY:<\/a><\/strong><\/p>\n<p><center><iframe loading=\"lazy\" title=\"YouTube video player\" src=\"https:\/\/www.youtube.com\/embed\/1OXF0V1DFDU?si=-phZkWXeIeoFqenw\" width=\"700\" height=\"400\" frameborder=\"0\" allowfullscreen=\"allowfullscreen\"><\/iframe><\/center>Innsp\u00e6lingarnar til sj\u00e1lva pl\u00e1tu\u00fatg\u00e1vuna av teimum f\u00fdra n\u00fdggju l\u00f8gunum eftir Elina vi\u00f0 sangtekstum eftir p\u00e1pan v\u00f3ru gj\u00f8rdar um summari\u00f0 \u00ed 2022 \u00ed Prag \u00ed Tjekk\u00ednum vi\u00f0 tjekkiska tj\u00f3\u00f0arsymfoniorkestrinum, og \u00ed h\u00f8llini H\u00e1t\u00fani \u00e1 Musikksk\u00falanum \u00ed Havn vi\u00f0 k\u00f3rinum Tariru, me\u00f0an Elin sang s\u00edn part inn \u00ed privatum uppt\u00f8kuh\u00f8lum.<\/p>\n<p>\u00c6tlanin var, at \u00fatg\u00e1van vi\u00f0 hesum f\u00fdra l\u00f8gunum, umframt <em>S\u00f3leyan<\/em> og <em>Eitt d\u00fdpi av d\u00fdrari t\u00ed\u00f0<\/em>, skuldi koma \u00fat b\u00e6\u00f0i sum fl\u00f8ga og LP tann dagin hei\u00f0urskonsertin var. Men so var\u00f0 ikki. Ta\u00f0 t\u00f3k n\u00f3gv longri t\u00ed\u00f0, enn Elin hev\u00f0i v\u00e6nta\u00f0, at f\u00e1a t\u00f3nablandi\u00f0 av t\u00f3nleikinum upp\u00e1 pl\u00e1ss &#8211; fyri at vera neyv: n\u00e6stan eitt heilt \u00e1r longri. So Elin gj\u00f8rdi av at \u00fatseta \u00fatg\u00e1vuna til 91 \u00e1ra f\u00f8\u00f0ingardagin hj\u00e1 p\u00e1panum, 12. november 2023.<\/p>\n<p>Les meira um \u00fatg\u00e1vuna <a href=\"https:\/\/heinesen.fo\/index.php\/published-music\/album-eitt-dypi-av-dyrari-tid\/\">HERE<\/a>.<\/p>\n<h3>STOVUKONSERTIR VI\u00d0 EY\u00d0UN MOHR HANSEN<\/h3>\n<p>Summari\u00f0 2023 sp\u00e6ldi Elin meira enn 20 stovukonsetir fyri fer\u00f0af\u00f3lkum saman vi\u00f0 gittaristinum Ey\u00f0un Mohr Hansen heima \u00ed hennara egnu stovu undir heitinum <a href=\"https:\/\/heinesen.fo\/index.php\/fljod-konsertir\/\">F&#8217;LJ\u00d3\u00d0 stovukonsertir og kv\u00f8ldsetur<\/a>. Les meira um hesar konsertirnar <a href=\"https:\/\/heinesen.fo\/index.php\/fljod-konsertir\/\">HER<\/a>.<\/p>\n<p>Elin og Ey\u00f0un sp\u00e6ldu eisini tv\u00e6r stovukonsertir fyri fullum h\u00fasum \u00ed Sandav\u00e1gi \u00e1 tiltakinum <em>H\u00fasagongd<\/em>, sum hetta \u00e1ri\u00f0 f\u00f3r fram 6. mai.<\/p>\n<p><em>Her eru nakrar myndir fr\u00e1 stovukonsertini \u00e1 H\u00fasagongd tiltakinum \u00ed Sandav\u00e1gi 6. mai 2023:<\/em><\/p>\n<p><img loading=\"lazy\" decoding=\"async\" class=\"size-large wp-image-3042 aligncenter\" src=\"https:\/\/heinesen.fo\/wp-content\/uploads\/2023\/10\/2023-05-06_Husagongd-Sandavagur_Elin-og-Eydun_1-683x1024.jpg\" alt=\"\" width=\"683\" height=\"1024\" srcset=\"https:\/\/heinesen.fo\/wp-content\/uploads\/2023\/10\/2023-05-06_Husagongd-Sandavagur_Elin-og-Eydun_1-683x1024.jpg 683w, https:\/\/heinesen.fo\/wp-content\/uploads\/2023\/10\/2023-05-06_Husagongd-Sandavagur_Elin-og-Eydun_1-200x300.jpg 200w, https:\/\/heinesen.fo\/wp-content\/uploads\/2023\/10\/2023-05-06_Husagongd-Sandavagur_Elin-og-Eydun_1-768x1152.jpg 768w, https:\/\/heinesen.fo\/wp-content\/uploads\/2023\/10\/2023-05-06_Husagongd-Sandavagur_Elin-og-Eydun_1-1024x1536.jpg 1024w, https:\/\/heinesen.fo\/wp-content\/uploads\/2023\/10\/2023-05-06_Husagongd-Sandavagur_Elin-og-Eydun_1-1300x1950.jpg 1300w, https:\/\/heinesen.fo\/wp-content\/uploads\/2023\/10\/2023-05-06_Husagongd-Sandavagur_Elin-og-Eydun_1.jpg 1365w\" sizes=\"auto, (max-width: 683px) 100vw, 683px\" \/> <img loading=\"lazy\" decoding=\"async\" class=\"size-large wp-image-3045 aligncenter\" src=\"https:\/\/heinesen.fo\/wp-content\/uploads\/2023\/10\/2023-05-06_Husagongd-Sandavagur_Elin-og-Eydun_2-683x1024.jpg\" alt=\"\" width=\"683\" height=\"1024\" srcset=\"https:\/\/heinesen.fo\/wp-content\/uploads\/2023\/10\/2023-05-06_Husagongd-Sandavagur_Elin-og-Eydun_2-683x1024.jpg 683w, https:\/\/heinesen.fo\/wp-content\/uploads\/2023\/10\/2023-05-06_Husagongd-Sandavagur_Elin-og-Eydun_2-200x300.jpg 200w, https:\/\/heinesen.fo\/wp-content\/uploads\/2023\/10\/2023-05-06_Husagongd-Sandavagur_Elin-og-Eydun_2-768x1152.jpg 768w, https:\/\/heinesen.fo\/wp-content\/uploads\/2023\/10\/2023-05-06_Husagongd-Sandavagur_Elin-og-Eydun_2-1024x1536.jpg 1024w, https:\/\/heinesen.fo\/wp-content\/uploads\/2023\/10\/2023-05-06_Husagongd-Sandavagur_Elin-og-Eydun_2-1300x1950.jpg 1300w, https:\/\/heinesen.fo\/wp-content\/uploads\/2023\/10\/2023-05-06_Husagongd-Sandavagur_Elin-og-Eydun_2.jpg 1365w\" sizes=\"auto, (max-width: 683px) 100vw, 683px\" \/> <img loading=\"lazy\" decoding=\"async\" class=\"size-large wp-image-3048 aligncenter\" src=\"https:\/\/heinesen.fo\/wp-content\/uploads\/2023\/10\/2023-05-06_Husagongd-Sandavagur_Elin-og-Eydun_3-683x1024.jpg\" alt=\"\" width=\"683\" height=\"1024\" srcset=\"https:\/\/heinesen.fo\/wp-content\/uploads\/2023\/10\/2023-05-06_Husagongd-Sandavagur_Elin-og-Eydun_3-683x1024.jpg 683w, https:\/\/heinesen.fo\/wp-content\/uploads\/2023\/10\/2023-05-06_Husagongd-Sandavagur_Elin-og-Eydun_3-200x300.jpg 200w, https:\/\/heinesen.fo\/wp-content\/uploads\/2023\/10\/2023-05-06_Husagongd-Sandavagur_Elin-og-Eydun_3-768x1152.jpg 768w, https:\/\/heinesen.fo\/wp-content\/uploads\/2023\/10\/2023-05-06_Husagongd-Sandavagur_Elin-og-Eydun_3-1024x1536.jpg 1024w, https:\/\/heinesen.fo\/wp-content\/uploads\/2023\/10\/2023-05-06_Husagongd-Sandavagur_Elin-og-Eydun_3-1300x1950.jpg 1300w, https:\/\/heinesen.fo\/wp-content\/uploads\/2023\/10\/2023-05-06_Husagongd-Sandavagur_Elin-og-Eydun_3.jpg 1365w\" sizes=\"auto, (max-width: 683px) 100vw, 683px\" \/><\/p>\n<h3>KONSERTIR VI\u00d0 EBH BAND<\/h3>\n<p>Summari\u00f0 2023 sp\u00e6ldi Elin eisini fleiri a\u00f0rar konsertir saman vi\u00f0 fullum t\u00f3nleikab\u00f3lki &#8211; tvs. vi\u00f0 Ey\u00f0un Mohr Hansen \u00e1 gittar, Edvard Nyholm Debess \u00e1 bass og R\u00f3gva \u00e1 R\u00f3gvu \u00e1 trummum. Tv\u00e6r av konsertunum v\u00f3ru partur av Summart\u00f3nar 2023 skr\u00e1nni.<\/p>\n<p><em>Her er ein videouppt\u00f8ka fr\u00e1 konsertini \u00ed Caf\u00e9 E\u00f0ge \u00ed Mikladali 8. juni:<\/em><\/p>\n<blockquote class=\"instagram-media\" style=\"background: #FFF; border: 0; border-radius: 3px; box-shadow: 0 0 1px 0 rgba(0,0,0,0.5),0 1px 10px 0 rgba(0,0,0,0.15); margin: 1px; max-width: 540px; min-width: 326px; padding: 0; width: calc(100% - 2px);\" data-instgrm-captioned=\"\" data-instgrm-permalink=\"https:\/\/www.instagram.com\/tv\/CucKB5vRYFM\/?utm_source=ig_embed&amp;utm_campaign=loading\" data-instgrm-version=\"14\">\n<div style=\"padding: 16px;\">\n<p>&nbsp;<\/p>\n<div style=\"display: flex; flex-direction: row; align-items: center;\">\n<div style=\"background-color: #f4f4f4; border-radius: 50%; flex-grow: 0; height: 40px; margin-right: 14px; width: 40px;\"><\/div>\n<div style=\"display: flex; flex-direction: column; flex-grow: 1; justify-content: center;\">\n<div style=\"background-color: #f4f4f4; border-radius: 4px; flex-grow: 0; height: 14px; margin-bottom: 6px; width: 100px;\"><\/div>\n<div style=\"background-color: #f4f4f4; border-radius: 4px; flex-grow: 0; height: 14px; width: 60px;\"><\/div>\n<\/div>\n<\/div>\n<div style=\"padding: 19% 0;\"><\/div>\n<div style=\"display: block; height: 50px; margin: 0 auto 12px; width: 50px;\"><\/div>\n<div style=\"padding-top: 8px;\">\n<div style=\"color: #3897f0; font-family: Arial,sans-serif; font-size: 14px; font-style: normal; font-weight: 550; line-height: 18px;\">View this post on Instagram<\/div>\n<\/div>\n<div style=\"padding: 12.5% 0;\"><\/div>\n<div style=\"display: flex; flex-direction: row; margin-bottom: 14px; align-items: center;\">\n<div>\n<div style=\"background-color: #f4f4f4; border-radius: 50%; height: 12.5px; width: 12.5px; transform: translateX(0px) translateY(7px);\"><\/div>\n<div style=\"background-color: #f4f4f4; height: 12.5px; transform: rotate(-45deg) translateX(3px) translateY(1px); width: 12.5px; flex-grow: 0; margin-right: 14px; margin-left: 2px;\"><\/div>\n<div style=\"background-color: #f4f4f4; border-radius: 50%; height: 12.5px; width: 12.5px; transform: translateX(9px) translateY(-18px);\"><\/div>\n<\/div>\n<div style=\"margin-left: 8px;\">\n<div style=\"background-color: #f4f4f4; border-radius: 50%; flex-grow: 0; height: 20px; width: 20px;\"><\/div>\n<div style=\"width: 0; height: 0; border-top: 2px solid transparent; border-left: 6px solid #f4f4f4; border-bottom: 2px solid transparent; transform: translateX(16px) translateY(-4px) rotate(30deg);\"><\/div>\n<\/div>\n<div style=\"margin-left: auto;\">\n<div style=\"width: 0px; border-top: 8px solid #F4F4F4; border-right: 8px solid transparent; transform: translateY(16px);\"><\/div>\n<div style=\"background-color: #f4f4f4; flex-grow: 0; height: 12px; width: 16px; transform: translateY(-4px);\"><\/div>\n<div style=\"width: 0; height: 0; border-top: 8px solid #F4F4F4; border-left: 8px solid transparent; transform: translateY(-4px) translateX(8px);\"><\/div>\n<\/div>\n<\/div>\n<div style=\"display: flex; flex-direction: column; flex-grow: 1; justify-content: center; margin-bottom: 24px;\">\n<div style=\"background-color: #f4f4f4; border-radius: 4px; flex-grow: 0; height: 14px; margin-bottom: 6px; width: 224px;\"><\/div>\n<div style=\"background-color: #f4f4f4; border-radius: 4px; flex-grow: 0; height: 14px; width: 144px;\"><\/div>\n<\/div>\n<p>&nbsp;<\/p>\n<p style=\"color: #c9c8cd; font-family: Arial,sans-serif; font-size: 14px; line-height: 17px; margin-bottom: 0; margin-top: 8px; overflow: hidden; padding: 8px 0 7px; text-align: center; text-overflow: ellipsis; white-space: nowrap;\"><a style=\"color: #c9c8cd; font-family: Arial,sans-serif; font-size: 14px; font-style: normal; font-weight: normal; line-height: 17px; text-decoration: none;\" href=\"https:\/\/www.instagram.com\/tv\/CucKB5vRYFM\/?utm_source=ig_embed&amp;utm_campaign=loading\" target=\"_blank\" rel=\"noopener\">A post shared by E\u00f0ge (@cafeedgemikladal)<\/a><\/p>\n<\/div>\n<\/blockquote>\n<p><script async src=\"\/\/www.instagram.com\/embed.js\"><\/script><\/p>\n<p><em>Her er ein videouppt\u00f8ka fr\u00e1 konsertini \u00ed SALT \u00e1 Tv\u00f8royri 9. juni 2023, sum ein \u00e1hoyrari &#8211;\u00a0 R\u00fani Thomsen &#8211; t\u00f3k upp:<\/em><\/p>\n<p><center><iframe loading=\"lazy\" style=\"border: none; overflow: hidden;\" src=\"https:\/\/www.facebook.com\/plugins\/video.php?height=400&amp;href=https%3A%2F%2Fwww.facebook.com%2Frunith%2Fvideos%2F1419670868827712%2F&amp;show_text=false&amp;width=700&amp;t=0\" width=\"700\" height=\"400\" frameborder=\"0\" scrolling=\"no\" allowfullscreen=\"allowfullscreen\"><span data-mce-type=\"bookmark\" style=\"display: inline-block; width: 0px; overflow: hidden; line-height: 0;\" class=\"mce_SELRES_start\">\ufeff<\/span><\/iframe><\/center>B\u00f3lkurin sp\u00e6ldi eisini eina konsert \u00ed Maggies \u00ed N\u00f3lsoy, leygarkv\u00f8ldi\u00f0 2. september, men enda\u00f0u t\u00e1 vi\u00f0 at vera ein trio, og ikki ein kvartett, t\u00ed trummusl\u00e1arin gj\u00f8rdist sj\u00fakur \u00ed s\u00ed\u00f0stu l\u00f8tu og kundi t\u00ed ikki vera vi\u00f0.<\/p>\n<p style=\"text-align: left;\"><em>Elin Brimheim Heinesen Trio \u00ed Maggie&#8217;s \u00ed N\u00f3lsoy leygarkv\u00f8ldi\u00f0. 2. september 2023 &#8211; Janus Nols\u00f8 gj\u00f8rdi uppt\u00f8kurnar:<\/em><\/p>\n<p style=\"text-align: center;\"><iframe loading=\"lazy\" style=\"border: none; overflow: hidden;\" src=\"https:\/\/www.facebook.com\/plugins\/video.php? height=476&amp;href=https%3A%2F%2Fwww.facebook.com%2Fjanusnolso%2Fvideos%2F207913812281895%2F&amp;show_text=false&amp;width=267&amp;t=0\" width=\"700\" height=\"1190\" frameborder=\"0\" scrolling=\"no\" allowfullscreen=\"allowfullscreen\"><span data-mce-type=\"bookmark\" style=\"display: inline-block; width: 0px; overflow: hidden; line-height: 0;\" class=\"mce_SELRES_start\">\ufeff<\/span><\/iframe><\/p>\n<p style=\"text-align: center;\"><iframe loading=\"lazy\" style=\"border: none; overflow: hidden;\" src=\"https:\/\/www.facebook.com\/plugins\/video.php?height=314&amp;href=https%3A%2F%2Fwww.facebook.com%2Fjanusnolso%2Fvideos%2F851664989808332%2F&amp;show_text=false&amp;width=560&amp;t=0\" width=\"800\" height=\"450\" frameborder=\"0\" scrolling=\"no\" allowfullscreen=\"allowfullscreen\"><span data-mce-type=\"bookmark\" style=\"display: inline-block; width: 0px; overflow: hidden; line-height: 0;\" class=\"mce_SELRES_start\">\ufeff<\/span><\/iframe><\/p>\n<h3>HEILDAR\u00daTG\u00c1VAN EITT D\u00ddPI AV D\u00ddRARI T\u00cd\u00d0 KEMUR \u00daT<\/h3>\n<p>Ta\u00f0 er ikki hv\u00f8nn dag, at n\u00fdggjur f\u00f8royskur symfoniskur t\u00f3nleikur ver\u00f0ur givin \u00fat \u00e1 pl\u00e1tu. Men leygarkv\u00f8ldi\u00f0 2. desember 2023 kl. 20:00\u00a0 leg\u00f0i Elin Brimheim Heinesen fram n\u00fdggju heildar\u00fatg\u00e1vuna hj\u00e1 s\u00e6r og p\u00e1panum, rith\u00f8vundinum Jens Paula Heinesen, \u00e1 m\u00f3tt\u00f8ku og hugnakv\u00f8ldi \u00ed Perluni, T\u00f3rsg\u00f8tu 3 \u00ed Havn. \u00datg\u00e1van hevur heiti\u00f0 \u201cEitt d\u00fdpi av d\u00fdrari t\u00ed\u00f0\u201d og var\u00f0 givin \u00fat \u00e1 vinylpl\u00e1tum, fl\u00f8gum og \u00e1 talgildum pallum av pl\u00e1tufelagnum TUTL.<\/p>\n<p>Elin hev\u00f0i eisini okkurt anna\u00f0 spennandi vi\u00f0 \u00ed skj\u00e1ttuni hetta kv\u00f8ldi\u00f0.<\/p>\n<p><strong>Hetta var skr\u00e1in fyri kv\u00f8ldi\u00f0:<\/strong><\/p>\n<ul>\n<li>Elin leggur fram og grei\u00f0ir fr\u00e1 tilgongdini at skapa t\u00e6r 12 skeringarnar \u00e1 heildar\u00fatg\u00e1vuni<\/li>\n<li>Pr\u00e1t vi\u00f0 ymisk f\u00f3lk, sum hava gj\u00f8rt st\u00f3rfingnu t\u00f3nleikaverk\u00e6tlanina m\u00f8guliga<\/li>\n<li>Livandi t\u00f3nleikur ver\u00f0ur sj\u00e1lvsagt \u00e1 skr\u00e1nni<\/li>\n<li>Sj\u00f3nbandalagi\u00f0 \u201cS\u00f3leyan\u201d ver\u00f0ur v\u00edst \u00e1 st\u00f3rsk\u00edggja<\/li>\n<li>Elin avd\u00fakar eitt eyka j\u00f3la-yvirraskilsi!<\/li>\n<li>Til ber at ogna s\u00e6r pl\u00e1tuna hetta kv\u00f8ldi\u00f0 fyri serpr\u00eds og vi\u00f0 signaturi hj\u00e1 Elini.<\/li>\n<\/ul>\n<p>Bor\u00f0reitt var eisini vi\u00f0 \u00e1biti, og barrin var opin til kl. 23:30.<\/p>\n<p>Meira um \u00fatg\u00e1vuna kann lesast <a href=\"https:\/\/heinesen.fo\/index.php\/utgivin-tonleikur\/album-eitt-dypi-av-dyrari-tid\/\">HER<\/a>.<\/p>\n<p>Og her ber til at lurta eftir allari heildar\u00fatg\u00e1vuni:<br \/>\n<iframe loading=\"lazy\" src=\"https:\/\/odesli.co\/embed\/?url=https%3A%2F%2Falbum.link%2Feitt-dypi-av-dyrari-tid&amp;theme=light\" width=\"100%\" height=\"52\" frameborder=\"0\" sandbox=\"allow-same-origin allow-scripts allow-presentation allow-popups allow-popups-to-escape-sandbox\" allowfullscreen=\"allowfullscreen\"><\/iframe><\/p>\n<h4>Intervj\u00fa<\/h4>\n<p>Her er ein samr\u00f8\u00f0a &#8211; \u00e1 enskum &#8211; vi\u00f0 Elin Brimheim Heinesen um hennara heildar\u00fatg\u00e1vu &#8220;Eitt d\u00fdpi av d\u00fdrari t\u00ed\u00f0 \/ A Chasm of Precious Time&#8221;, sum var\u00f0 \u00fatgivin 1. desember 2023. \u00cd samr\u00f8\u00f0uni tosar hon um p\u00e1pa, rith\u00f8vundin Jens Paula Heinesen s\u00e1la, sum skriva\u00f0i tekstirnar til sangirnar \u00e1 fl\u00f8guni, og um hansara l\u00edv og b\u00f3kmentir. Ta\u00f0 er Matthew Workman, vertur \u00e1 poddvarpinum The Faroe Islands Podcast, sum intervj\u00faar Elina.<\/p>\n<p>Lurta <a href=\"https:\/\/content.libsyn.com\/p\/1\/8\/d\/18dc026c56bd2140\/Podcast_372.mp3?c_id=164888283&amp;cs_id=164888283&amp;response-content-type=audio%2Fmpeg&amp;Expires=1743644242&amp;Signature=WheSWQP73zxNUqHjqedLU8OGOX7UN-9LePQV-kuXnyjPCNOPv27SlgGYPOhp1XAnrfXyLEwQaeVO4KkkCrCp0Dxahx3kpkdHL3gSw~2T~Nd6jR-ewg7ClldHWkVTctZPjR0sf63NmU-0a9ikGnpLyNd9OrHQ15QYGKn9LhSEsM7fzb~UYv5nv6-ktHWdZ7hRtpYiEUONlFV2~NcuPOwJnIqcwZ9MqWkSDJC5GYMo9h4dGRuB-6HGUVQWbnKOkM~NE6pNNj6qzeE0HkFT--zpHEHSuiSjG9tg4fkQlA2HsSesYwTLkbtHlTCcNT~9bf5YgJmFIsUar6-nNxSwK-Af9Q__&amp;Key-Pair-Id=K1YS7LZGUP96OI\">HER.<\/a><\/p>\n<h3>N\u00ddTT J\u00d3LALAG<\/h3>\n<p>\u00cd desember 2024 kom eilt \u00f3v\u00e6nta\u00f0 og \u00f3fr\u00e1bo\u00f0a\u00f0 enn eitt symfoniskt lag \u00fat, sum Elin Brimheim Heinesen syngur. Elin hev\u00f0i j\u00fast 1. december 2023 givi\u00f0 \u00fat symfonisku heildar\u00fatg\u00e1vuna \u201cEitt d\u00fdpi av d\u00fdrari t\u00ed\u00f0\u201d vi\u00f0 l\u00f8gum, hon hevur gj\u00f8rt til yrkingar hj\u00e1 p\u00e1pa s\u00ednum, Jens Paula Heinesen. Men n\u00fa kom so eitt eyka symfoniskt lag aftrat, sum hon syngur, men sum eingin visti um. Hesafer\u00f0 var talan um ein j\u00f3lasang nevndur \u201cJ\u00f3lafri\u00f0ur \u00e1 j\u00f8r\u00f0\u201d eftir italska t\u00f3naskaldi\u00f0, Enzo De Rosa.<\/p>\n<p>Elin Brimheim Heinesen hevur samstarva\u00f0 vi\u00f0 Enzo De Rosa \u00e1\u00f0ur um heildar\u00fatg\u00e1vu s\u00edna \u201cEitt d\u00fdpi av d\u00fdrari t\u00ed\u00f0\u201d. Enzo gj\u00f8rdi n\u00fdggja j\u00f3lasangin, sum eisini er innsp\u00e6ldur vi\u00f0 symfoniorkestri og vi\u00f0 Elini sum sangsolisti, umframt vi\u00f0 \u00e1tta sm\u00e1gentum &#8211; allar um 10-11 \u00e1ra gamlar &#8211; \u00ed Gentuk\u00f3ri Eystursk\u00falans, stj\u00f3rna\u00f0 av Joannu Johansen. Elin hevur sj\u00e1lv umyrkt enska upprunatekstin til lagi\u00f0.<\/p>\n<p><center><iframe loading=\"lazy\" title=\"YouTube video player\" src=\"https:\/\/www.youtube.com\/embed\/BFpgQKcEylY?si=Mp5SenzpyXhYFwbe\" width=\"700\" height=\"400\" frameborder=\"0\" allowfullscreen=\"allowfullscreen\"><\/iframe><\/center>Solei\u00f0is grei\u00f0ir Enzo De Rosa fr\u00e1, um hvussu lagi\u00f0 bleiv til: &#8211; Sonur m\u00edn, Leonardo, var borin \u00ed heim 11. november \u00ed 2011. \u00cd sambandi vi\u00f0 hesa gle\u00f0iligu hending spurdi eg m\u00edn g\u00f3\u00f0a vin og sangskrivara, Paul Oxley, um hann vildi hj\u00e1lpa m\u00e6r at skriva tekst til ein j\u00f3lasang, eg j\u00fast hev\u00f0i gj\u00f8rt til n\u00fdborna sonin hj\u00e1 m\u00e6r fyri at h\u00e1t\u00ed\u00f0arhalda f\u00f8\u00f0ing hansara. M\u00e1li\u00f0 vi\u00f0 at skriva sangin var at varpa lj\u00f3s \u00e1 ta\u00f0, sum eg haldi \u00e1tti at veri\u00f0 dj\u00fapara meiningin vi\u00f0 komandi h\u00f8gt\u00ed\u00f0ini. J\u00f3lini eru ein t\u00ed\u00f0, har menniskju \u00e1ttu at minst til, at vit \u00f8ll \u00ed veruleikanum eru sameind. T\u00e1 kavin legst \u00e1 h\u00fas, b\u00fdir og lond og fjalir m\u00f8rkini millum okkara, eigur hetta at minna okkum \u00e1, at \u00ed veruleikanum eru hesi m\u00f8rkini bara heilaspuni \u2013 naka\u00f0, sum vit hava funni\u00f0 upp\u00e1 bara fyri at skilja okkum sundur sum menniskju. \u00cd veruleikanum er ta\u00f0 n\u00f3gv meira, sum bindur okkum saman, enn ta\u00f0, sum skilir okkum. Ta\u00f0 var ta\u00f0, eg vildi siga vi\u00f0 hesum sanginum. Eg eri sera fegin um, at Elin vildi lata sangin \u00ed f\u00f8royskan ham.<\/p>\n<p>\u00cd heyst gj\u00f8rdi Enzo De Rosa av at gera eina symfoniska innsp\u00e6ling av j\u00f3lasanginum vi\u00f0 Elini sum sangsolisti. Hann spurdi hana, um hon ikki kundi skriva ein sangtekst \u00e1 f\u00f8royskum, t\u00ed honum d\u00e1mar so v\u00e6l f\u00f8royska m\u00e1li\u00f0 og heldur ta\u00f0 lj\u00f3\u00f0a so v\u00e6l. Sum Enzo or\u00f0ar ta\u00f0: &#8211; Ta\u00f0 lj\u00f3\u00f0ar sum eitt fornt afturlj\u00f3\u00f0 fr\u00e1 fyrndini. Elin grei\u00f0ir fr\u00e1:<\/p>\n<p>&#8211; Enzo De Rosa er ein serstakliga dugnaligur t\u00f3nlistama\u00f0ur og t\u00f3naskald, sum gj\u00f8gnum seinastu 40 \u00e1rini hevur arbeitt vi\u00f0 \u00f3teljandi t\u00f3nleikarum og sangarum kring allan heim. So eg kenni ta\u00f0 sum eina st\u00f3ra \u00e6ru, at Enzo heitti \u00e1 meg og leit m\u00e6r upp \u00ed hendurnar b\u00e6\u00f0i at skriva sangtekstin og syngja j\u00f3lasangin, sum hann hevur gj\u00f8rt til sonin hj\u00e1 s\u00e6r. Ta\u00f0 er st\u00f3rt fyri meg.<\/p>\n<p>Elin setti seg \u00ed samband vi\u00f0 Joannu Johansen um at f\u00e1a Gentuk\u00f3r Eystursk\u00falans at syngja saman vi\u00f0 s\u00e6r \u00e1 \u00fatg\u00e1vuni. Innsp\u00e6lingarnar av r\u00f8ddum og orkestri f\u00f3ru fram s\u00ed\u00f0st \u00ed novemberm\u00e1na\u00f0a \u00ed \u00e1r. Enzo hevur sj\u00e1lvur t\u00f3nablanda\u00f0 orkesturt\u00f3nleikin, me\u00f0an f\u00f8royski t\u00f3nleikaframlei\u00f0arin B\u00e1r\u00f0ur H\u00e1berg hevur tiki\u00f0 upp og t\u00f3nablanda\u00f0 r\u00f8ddirnar hj\u00e1 Elini og gentuk\u00f3rinum. Orkesturparturin er innsp\u00e6ldur av Moscow Metropolitan Session Orchestra undir lei\u00f0slu av Vladimir Podgoretsky. Og masteringina hevur Alex Gordon \u00ed Abbey Road Studios gj\u00f8rt.<\/p>\n<p><strong>Hesi hava veri\u00f0 vi\u00f0 \u00ed framlei\u00f0sluni av \u201cJ\u00f3lafri\u00f0ur \u00e1 j\u00f8r\u00f0\u201d:<\/strong><br \/>\n<em>T\u00f3nleikur og \u00fatseting fyri symfoniorkestur:<\/em> Enzo De Rosa<br \/>\n<em>F\u00f8royskur sangtekstur:<\/em> Elin Brimheim Heinesen<br \/>\n<em>Upprunatekstur:<\/em> Paul Oxley<br \/>\n<em>Orkesturuppt\u00f8kur:<\/em> Bow Tie Remote Recordings<br \/>\n<em>Orkestur:<\/em> Moscow Metropolitan Session Orchestra undir lei\u00f0slu av Vladimir Podgoretsky<br \/>\n<em>Uppt\u00f8kur av orkestri:<\/em> Alexandr Serenko<br \/>\n<em>T\u00f3nabland av orkestri:<\/em> Enzo De Rosa<br \/>\n<em>Sangsolistur:<\/em> Elin Brimheim Heinesen<br \/>\n<em>K\u00f3r:<\/em> Gentuk\u00f3r Eystursk\u00falans (Aleksandra Glerfoss, Anna S\u00e1ra P\u00e6tursd\u00f3ttir, Ey\u00f0dis Iversen, Gloria Schmidt, J\u00f3na Bj\u00f8rg Berg, Maibritt Trondesen, Mira Absalonsen og T\u00f3rger\u00f0 Lamhauge \u2013 allar 10-11 \u00e1ra gamlar) undir lei\u00f0slu av Joannu Johansen.<br \/>\n<em>Uppt\u00f8kur og t\u00f3nabland av r\u00f8ddum:<\/em> B\u00e1r\u00f0ur H\u00e1berg<br \/>\n<em>Mastering:<\/em> Alex Gordon \u00ed Abbey Road Studios<\/p>\n<p><strong>Sangteksturin til \u201cJ\u00f3lafri\u00f0ur \u00e1 j\u00f8r\u00f0\u201d eftir Elina Brimheim Heinesen<\/strong><\/p>\n<p>1. Flykrurnar dala av himmali h\u00e1tt,<br \/>\nsum gimsteinar glampa og dansa \u00ed n\u00e1tt.<br \/>\nG\u00f8turnar t\u00f3mar, frystar \u00ed snj\u00f3.<br \/>\nKvirra n\u00fa r\u00e6\u00f0ur, alt hv\u00edlir \u00ed r\u00f3,<br \/>\nt\u00ed at n\u00fa fjalir kavin hv\u00f8rt str\u00ed\u00f0 og hv\u00f8rt s\u00e1r,<br \/>\nfjalir \u00f8ll landam\u00f8rk, l\u00ed\u00f0ing og t\u00e1r.<br \/>\nHer \u00e1 j\u00f8r\u00f0 valdar fri\u00f0ur,<br \/>\nn\u00fa vit \u00f8ll halda j\u00f3l.<\/p>\n<p>2. J\u00f3lini brei\u00f0a seg um allan heim.<br \/>\nF\u00f3lk sm\u00edlast fegin, og \u00f8ll halda gleim,<br \/>\nsyngja av hjarta eitt bl\u00edtt takkarlj\u00f3\u00f0.<br \/>\nT\u00f3nleikur, l\u00e1tur, \u00f8ll eru so g\u00f3\u00f0,<br \/>\nt\u00ed n\u00fa savnast vit saman eitt bil, kn\u00fdta bond,<br \/>\ndansa um tr\u00e6i\u00f0 so fitt hond \u00ed hond.<br \/>\nHer \u00e1 j\u00f8r\u00f0 valdar fri\u00f0ur,<br \/>\nn\u00fa vit \u00f8ll halda j\u00f3l.<\/p>\n<p>3. Lalala&#8230;<br \/>\nHer \u00e1 j\u00f8r\u00f0 valdar fri\u00f0ur,<br \/>\nn\u00fa vit \u00f8ll halda j\u00f3l,<br \/>\nt\u00ed vit halda j\u00f3l.<br \/>\nT\u00ed halda vit \u00f8ll n\u00fa j\u00f3l.<\/p>\n<p>Lagi\u00f0 \u201cJ\u00f3lafri\u00f0ur \u00e1 j\u00f8r\u00f0\u201d hj\u00e1 Enzo De Rosa er at finna \u00e1 talgildum mi\u00f0lapallum <a href=\"https:\/\/distrokid.com\/hyperfollow\/enzoderosa2\/jlafriur--jr-feat-elin-brimheim-heinesen-faroese-version\">HER<\/a>.<\/p>\n<h3>VALD \u00cd ST\u00ddRI\u00d0 FYRI FMX<\/h3>\n<p>\u00cd januar 2024 var n\u00fdggja st\u00fdri\u00f0 fyri FMX &#8211; Faroe Music Export &#8211; samansett. H\u00f8gni Hoydal, landsst\u00fdrisma\u00f0ur, valdi Mikael Blak til formann. Hann helt fram \u00ed st\u00fdrinum eins og Gunn Hernes. N\u00fdvald v\u00f3ru Elin Brimheim Heinesen og Leivur Thomsen.<\/p>\n<figure id=\"attachment_4031\" aria-describedby=\"caption-attachment-4031\" style=\"width: 1024px\" class=\"wp-caption alignnone\"><a href=\"https:\/\/heinesen.fo\/index.php\/tonleikayrkisleid\/2020-2\/fmx-styrid-2023\/\" rel=\"attachment wp-att-4031\"><img loading=\"lazy\" decoding=\"async\" class=\"wp-image-4031 size-large\" src=\"https:\/\/heinesen.fo\/wp-content\/uploads\/2025\/04\/fmx-styrid-2023-1024x576.webp\" alt=\"Fr\u00e1 vinstru: Leivur Thomsen, Elin Brimheim Heinesen, Mikael Blak og Gunn Hernes.\" width=\"1024\" height=\"576\" srcset=\"https:\/\/heinesen.fo\/wp-content\/uploads\/2025\/04\/fmx-styrid-2023-1024x576.webp 1024w, https:\/\/heinesen.fo\/wp-content\/uploads\/2025\/04\/fmx-styrid-2023-300x169.webp 300w, https:\/\/heinesen.fo\/wp-content\/uploads\/2025\/04\/fmx-styrid-2023-768x432.webp 768w, https:\/\/heinesen.fo\/wp-content\/uploads\/2025\/04\/fmx-styrid-2023-1536x864.webp 1536w, https:\/\/heinesen.fo\/wp-content\/uploads\/2025\/04\/fmx-styrid-2023-1300x731.webp 1300w, https:\/\/heinesen.fo\/wp-content\/uploads\/2025\/04\/fmx-styrid-2023.webp 1600w\" sizes=\"auto, (max-width: 1024px) 100vw, 1024px\" \/><\/a><figcaption id=\"caption-attachment-4031\" class=\"wp-caption-text\">Fr\u00e1 vinstru: Leivur Thomsen, Elin Brimheim Heinesen, Mikael Blak og Gunn Hernes.<\/figcaption><\/figure>\n<h3>EYDNAN SP\u00c6LD \u00c1 KONSERT HJ\u00c1 BYRTA<\/h3>\n<p>\u00cd februar 2024 sp\u00e6ldi b\u00f3lkurin BYRTA eina sera v\u00e6leydna\u00f0a konsert \u00ed Sj\u00f3nleikarh\u00fasinum \u00ed Havn, har tey m..a framf\u00f8rdu lagi\u00f0 Eydnan, sum Elin hevur skriva\u00f0 tekst til:<\/p>\n<blockquote class=\"instagram-media\" style=\"background: #FFF; border: 0; border-radius: 3px; box-shadow: 0 0 1px 0 rgba(0,0,0,0.5),0 1px 10px 0 rgba(0,0,0,0.15); margin: 1px; max-width: 540px; min-width: 326px; padding: 0; width: calc(100% - 2px);\" data-instgrm-captioned=\"\" data-instgrm-permalink=\"https:\/\/www.instagram.com\/reel\/C3vwNMeLYEx\/?utm_source=ig_embed&amp;utm_campaign=loading\" data-instgrm-version=\"14\">\n<div style=\"padding: 16px;\">\n<p>&nbsp;<\/p>\n<div style=\"display: flex; flex-direction: row; align-items: center;\">\n<div style=\"background-color: #f4f4f4; border-radius: 50%; flex-grow: 0; height: 40px; margin-right: 14px; width: 40px;\"><\/div>\n<div style=\"display: flex; flex-direction: column; flex-grow: 1; justify-content: center;\">\n<div style=\"background-color: #f4f4f4; border-radius: 4px; flex-grow: 0; height: 14px; margin-bottom: 6px; width: 100px;\"><\/div>\n<div style=\"background-color: #f4f4f4; border-radius: 4px; flex-grow: 0; height: 14px; width: 60px;\"><\/div>\n<\/div>\n<\/div>\n<div style=\"padding: 19% 0;\"><\/div>\n<div style=\"display: block; height: 50px; margin: 0 auto 12px; width: 50px;\"><\/div>\n<div style=\"padding-top: 8px;\">\n<div style=\"color: #3897f0; font-family: Arial,sans-serif; font-size: 14px; font-style: normal; font-weight: 550; line-height: 18px;\">View this post on Instagram<\/div>\n<\/div>\n<div style=\"padding: 12.5% 0;\"><\/div>\n<div style=\"display: flex; flex-direction: row; margin-bottom: 14px; align-items: center;\">\n<div>\n<div style=\"background-color: #f4f4f4; border-radius: 50%; height: 12.5px; width: 12.5px; transform: translateX(0px) translateY(7px);\"><\/div>\n<div style=\"background-color: #f4f4f4; height: 12.5px; transform: rotate(-45deg) translateX(3px) translateY(1px); width: 12.5px; flex-grow: 0; margin-right: 14px; margin-left: 2px;\"><\/div>\n<div style=\"background-color: #f4f4f4; border-radius: 50%; height: 12.5px; width: 12.5px; transform: translateX(9px) translateY(-18px);\"><\/div>\n<\/div>\n<div style=\"margin-left: 8px;\">\n<div style=\"background-color: #f4f4f4; border-radius: 50%; flex-grow: 0; height: 20px; width: 20px;\"><\/div>\n<div style=\"width: 0; height: 0; border-top: 2px solid transparent; border-left: 6px solid #f4f4f4; border-bottom: 2px solid transparent; transform: translateX(16px) translateY(-4px) rotate(30deg);\"><\/div>\n<\/div>\n<div style=\"margin-left: auto;\">\n<div style=\"width: 0px; border-top: 8px solid #F4F4F4; border-right: 8px solid transparent; transform: translateY(16px);\"><\/div>\n<div style=\"background-color: #f4f4f4; flex-grow: 0; height: 12px; width: 16px; transform: translateY(-4px);\"><\/div>\n<div style=\"width: 0; height: 0; border-top: 8px solid #F4F4F4; border-left: 8px solid transparent; transform: translateY(-4px) translateX(8px);\"><\/div>\n<\/div>\n<\/div>\n<div style=\"display: flex; flex-direction: column; flex-grow: 1; justify-content: center; margin-bottom: 24px;\">\n<div style=\"background-color: #f4f4f4; border-radius: 4px; flex-grow: 0; height: 14px; margin-bottom: 6px; width: 224px;\"><\/div>\n<div style=\"background-color: #f4f4f4; border-radius: 4px; flex-grow: 0; height: 14px; width: 144px;\"><\/div>\n<\/div>\n<p>&nbsp;<\/p>\n<p style=\"color: #c9c8cd; font-family: Arial,sans-serif; font-size: 14px; line-height: 17px; margin-bottom: 0; margin-top: 8px; overflow: hidden; padding: 8px 0 7px; text-align: center; text-overflow: ellipsis; white-space: nowrap;\"><a style=\"color: #c9c8cd; font-family: Arial,sans-serif; font-size: 14px; font-style: normal; font-weight: normal; line-height: 17px; text-decoration: none;\" href=\"https:\/\/www.instagram.com\/reel\/C3vwNMeLYEx\/?utm_source=ig_embed&amp;utm_campaign=loading\" target=\"_blank\" rel=\"noopener\">A post shared by Elin Brimheim Heinesen (@elinbheinesen)<\/a><\/p>\n<\/div>\n<\/blockquote>\n<p><script async src=\"\/\/www.instagram.com\/embed.js\"><\/script><\/p>\n<h3>XPERIMENT SYNGUR LAGI\u00d0 EITT D\u00ddPI AV D\u00ddRARI T\u00cd\u00d0<\/h3>\n<p>\u00cd mars 2024 gav k\u00f3ri\u00f0 XPERIMENT eina heildar\u00fatg\u00e1vu \u00fat. Henrik Birk Aaboe \u00fatsetti lagi\u00f0 Eitt d\u00fdpi av d\u00fdrari t\u00ed\u00f0 fyri k\u00f3ri\u00f0 &#8211; ein serstakliga flott \u00fatseting, i\u00f0 kann hoyrast her:<br \/>\n<iframe loading=\"lazy\" style=\"border-radius: 12px;\" src=\"https:\/\/open.spotify.com\/embed\/track\/0mMqt0tHS7NKjkIz56Kcnc?utm_source=generator\" width=\"100%\" height=\"352\" frameborder=\"0\" allowfullscreen=\"allowfullscreen\"><\/iframe><\/p>\n<p>\u00c1 \u00fatg\u00e1vukonsert s\u00edni \u00ed H\u00e1t\u00fani t\u00fdskv\u00f8ldi\u00f0 5. mars 2024 framf\u00f8rdi sera dugnaliga k\u00f3ri\u00f0 Xperiment eina fr\u00e1l\u00edka og hjartanemandi \u00fatg\u00e1vu av lagnum hj\u00e1 Elini Brimheim Heinesen og Jens Paula Heinesen \u201cEitt d\u00fdpi av d\u00fdrari t\u00ed\u00f0\u201d (um video ikki s\u00e6st, tr\u00fdst \u00e1 &#8220;Video on Facebook):<br \/>\n<iframe loading=\"lazy\" style=\"border: none; overflow: hidden;\" src=\"https:\/\/www.facebook.com\/plugins\/video.php?height=476&amp;href=https%3A%2F%2Fwww.facebook.com%2Freel%2F899421858598746%2F&amp;show_text=false&amp;width=267&amp;t=0\" width=\"267\" height=\"476\" frameborder=\"0\" scrolling=\"no\" allowfullscreen=\"allowfullscreen\"><\/iframe><\/p>\n<h3>T\u00ddSKT UMM\u00c6LI GAV 8,5 AV 10 STJ\u00d8RNUM<\/h3>\n<p>\u00cd Mars 2024 var fyri fyrstu fer\u00f0 nakrant\u00ed\u00f0 ein t\u00f3nleika\u00fatg\u00e1va hj\u00e1 Elini umm\u00e6ld \u00ed einum \u00fatlendskum t\u00f3nleikamagasini &#8211; og so fekk hon ennt\u00e1 8,5 stj\u00f8rnur av 10 stj\u00f8rnum!<\/p>\n<p>Talan er um heildar\u00fatg\u00e1vuna \u201cEitt d\u00fdpi av d\u00fdrari t\u00ed\u00f0\u201d vi\u00f0 symfoniskum l\u00f8gum, Elin hevur gj\u00f8rt til yrkingar hj\u00e1 p\u00e1pa s\u00ednum, Jens Pauli Heinesen, og sum Enzo De Rosa hj\u00e1lpti henni at seta \u00fat fyri orkestur og k\u00f3r.<\/p>\n<p>\u201cELIN BRIMHEIM HEINESEN has succeeded in creating a really fantastic album here that could also convince people who are usually not so much into classical music. Because although it is classical orchestral music, it is still contemporary. A really beautiful piece of music, but you have to take your time to listen, because this is something that can\u2019t be listened to in a rush.\u201d (Leysliga t\u00fdtt vi\u00f0 Google Translate.)<\/p>\n<p>Umm\u00e6li\u00f0 er annars \u00e1 t\u00fdskum og kann lesast <a href=\"https:\/\/neckbreaker.de\/de\/reviews\/cd-reviews\/13883-elin-brimheim-heinesen-eitt-dypi-av-dyrari-tidh\">HER<\/a>.<\/p>\n<h3>STOVET\u00d3NAR \u00cd N\u00d3LSOY<\/h3>\n<p>Elin upptra\u00f0ka\u00f0i \u00e1 StOVEt\u00f3num \u00ed N\u00f3lsoy 30. mars 2024 heima hj\u00e1 Maud Wang Hansen og Fr\u00ed\u00e5riki SIvertsen.<\/p>\n<p><iframe loading=\"lazy\" style=\"border: none; overflow: hidden;\" src=\"https:\/\/www.facebook.com\/plugins\/video.php?height=476&amp;href=https%3A%2F%2Fwww.facebook.com%2F784334787%2Fvideos%2F787859439917677%2F&amp;show_text=true&amp;width=267&amp;t=0\" width=\"267\" height=\"591\" frameborder=\"0\" scrolling=\"no\" allowfullscreen=\"allowfullscreen\"><span data-mce-type=\"bookmark\" style=\"display: inline-block; width: 0px; overflow: hidden; line-height: 0;\" class=\"mce_SELRES_start\">\ufeff<\/span><\/iframe><\/p>\n<h3>TEMAPL\u00c1TAN: &#8216;NALJA&#8217;<\/h3>\n<p>\u00cd sambandi vi\u00f0, at NALJA sp\u00e6ldi leygardagin 6. juli 2024 kl. 15:30 \u00e1 GN\u00cdST Festivalinum \u00ed N\u00f3lsoy, er \u00e1hugavert at lurta eftir hesari sendingini hj\u00e1 J\u00e1kupi Magnussen um NALJA-\u00fatg\u00e1vuna hj\u00e1 Elini &amp; K\u00e1ri \u00ed 1988. J\u00e1kup Magnussen hev\u00f0i pr\u00e1t vi\u00f0 Elina um verki\u00f0, og sendingin var\u00f0 send 9. mars 2024. Solei\u00f0is st\u00f3\u00f0 skriva\u00f0 \u00e1 heimas\u00ed\u00f0uni hj\u00e1 Kringvarpi F\u00f8roya um sendingina:<\/p>\n<p>\u201cNALJA \u00fatg\u00e1van var v\u00e6l umt\u00f3kt millum f\u00f3lk \u00ed F\u00f8royum s\u00ed\u00f0st \u00ed 80&#8217;unum &#8211; ikki bara t\u00ed hetta var ein \u00fatg\u00e1va vi\u00f0 g\u00f3\u00f0um sangb\u00e6rum poppl\u00f8gum, sum f\u00f3lk kundu dansa til, men eisini t\u00ed \u00fatg\u00e1van rakti beint ni\u00f0ur \u00ed t\u00ed\u00f0arandan t\u00e1. Hesi \u00e1rini f\u00f3ru nakrar kollveltandi rembingar fram \u00ed hugbur\u00f0inum hj\u00e1 ungum f\u00f3lki &#8211; rembingar, sum l\u00f8gdu lunnar undir samfelagi\u00f0, sum ta\u00f0 er \u00ed dag, har f\u00f3lk hava st\u00f8rri fr\u00e6lsi til at l\u00edkjast b\u00fartur \u00far fj\u00f8ldini og kunnu liva meira alternativar l\u00edvsst\u00edlar.<\/p>\n<p>NALJA-\u00fatg\u00e1van hev\u00f0i heilt kl\u00e1rt b\u00e6\u00f0i eitt feministiskt og eitt &#8216;gay rights&#8217; element \u00ed s\u00e6r, h\u00f3ast Elin og K\u00e1ri s\u00f8gdu seg ikki at hava politiskar intenti\u00f3nir vi\u00f0 \u00fatg\u00e1vuni Men sta\u00f0festast kann, at tey st\u00f3\u00f0u p\u00fara einsam\u00f8ll og unik \u00e1 f\u00f8royska mentanarpallinum sum ein kvinna og ein samkyndur ma\u00f0ur, har Elin eisini var komponistur og framlei\u00f0ari \u00e1 j\u00f8vnum f\u00f8ti vi\u00f0 K\u00e1ra og \u00d3la Poulsen, i\u00f0 var hann sum t\u00f3nablanda\u00f0i og t.d. st\u00f3\u00f0 fyri trummuprogrammeringum.<\/p>\n<p>B\u00e6\u00f0i K\u00e1ri og Elin programmera\u00f0u og arrangera\u00f0u sj\u00e1lvi ta\u00f0 mesta av t\u00f3nleikinum, \u00e1\u00f0renn tey f\u00f3ru \u00ed studio. Ta\u00f0 var avgj\u00f8rt ikki vanligt at s\u00edggja \u00ed F\u00f8royum t\u00e1 \u00ed t\u00ed\u00f0ini, at kvinnur br\u00faktu teldur til at komponera og arrangera t\u00f3nleik vi\u00f0, sum Elin gj\u00f8rdi.<\/p>\n<p>T\u00ed\u00f0in og umhv\u00f8rvi\u00f0 \u00ed F\u00f8royum var t\u00e1 &#8211; s\u00e6\u00f0 vi\u00f0 n\u00fat\u00ed\u00f0ar brillum &#8211; sera mansdominera\u00f0 og homofobiskt. So uttan at ta\u00f0 sum so var \u00e6tlanin, so koma vit ikki uttan um, at NALJA-\u00fatg\u00e1van eisini \u00e1 t\u00ed \u00f8kinum var r\u00e6ttiliga serst\u00f8k.\u201d<br \/>\nElin Brimheim Heinesen og K\u00e1ri Linderoth Jacobsen manna Nalju-duettina, sum seint \u00ed f\u00fdrsunum gj\u00f8rdu Temapl\u00e1tuna, i\u00f0 var tann best umt\u00f3kta f\u00f8royska \u00fatg\u00e1van vi\u00f0 ungd\u00f3mspoppi ta\u00f0 t\u00edggju\u00e1raskei\u00f0i\u00f0. Til d\u00f8mis kalla\u00f0i K\u00e1ri sj\u00e1lvur eitt anna\u00f0 av hittunum, Ansa eftir, fyri: &#8220;eitt diskotekslag eftir urbanum leisti&#8221;.<\/p>\n<p>Talan var millum anna\u00f0 um \u00e1virkan fr\u00e1 ensku Depeche Mode, Yazoo, Erasure, Howard Jones, og \u00f8\u00f0rum, eins og a\u00f0rir st\u00edlar sum rokkur, bossanova, og jazzur h\u00f8vdu \u00e1virkan \u00e1 verki\u00f0. Tey b\u00e6\u00f0i vildu gera kvalitetspopp, hava tey sagt seinni. Samt\u00ed\u00f0arsynthezisarin merkti \u00fatg\u00e1vuna: n\u00f3gv, kann sigast, men samstundis er hon sera melodiskur felagssangur, so hon livir framvegis v\u00e6l &#8211; og hon hevur eisini naka\u00f0 f\u00f8royskt yvir s\u00e6r.<\/p>\n<p>Talan var um eitt kassettuband, \u00fatg\u00e1vudagurin var 20. juli 1988. Tt\u00edggju \u00e1r seinni var Nalja eisini t\u00f8k sum fl\u00f8ga vi\u00f0 bonuslagnum Heimlongsul, i\u00f0 l\u00fdsir st\u00f8\u00f0una hj\u00e1 f\u00f8royingum \u00ed \u00fatlondum, sum alt\u00ed\u00f0 kenna ein dr\u00e1tt m\u00f3tvegis F\u00f8royum, f\u00f3lki, mentan, og n\u00e1tt\u00faru.<\/p>\n<p>\u00datg\u00e1van var fyri n\u00edggju \u00e1rum s\u00ed\u00f0an Temapl\u00e1ta \u00ed Pl\u00e1tubarrini. T\u00e1 var onki gestapr\u00e1t, me\u00f0an \u00ed sendingin hesafer\u00f0 er ein fer\u00f0 gj\u00f8gnum verk og t\u00ed\u00f0 saman vi\u00f0 Elini Brimheim Heinesen. Pl\u00e1tubarrin 9. mars 2024<\/p>\n<p><iframe loading=\"lazy\" style=\"border: none; overflow: hidden;\" src=\"https:\/\/www.facebook.com\/plugins\/post.php?href=https%3A%2F%2Fwww.facebook.com%2FElinBrimheimHeinesen%2Fposts%2Fpfbid02w737XS9MQKExmkuNjU5QR5VpB8di7L3q1FEtpRzfaTmo495unqCsoHNfo6d6GXRzl&amp;show_text=true&amp;width=500\" width=\"500\" height=\"609\" frameborder=\"0\" scrolling=\"no\" allowfullscreen=\"allowfullscreen\"><\/iframe><\/p>\n<h3>NALJA \u00c1 GN\u00cdST \u00cd N\u00d3LSOY<\/h3>\n<p>6. juli 22025, sp\u00e6ldi NALJA \u00e1 Gn\u00edst \u00ed N\u00f3lsoy. Her venur t\u00f3nleikab\u00f3lkurin \u00e1\u00f0renn framf\u00f8rsluna:<\/p>\n<p><iframe loading=\"lazy\" style=\"border: none; overflow: hidden;\" src=\"https:\/\/www.facebook.com\/plugins\/post.php?href=https%3A%2F%2Fwww.facebook.com%2FElinBrimheimHeinesen%2Fposts%2Fpfbid0BVqjBqVptGQ8nyiJqE1uHJhSEJT6frm2i2y2yfgS7RzH648sRyo9zJfq3K9p7PPJl&amp;show_text=true&amp;width=500\" width=\"500\" height=\"978\" frameborder=\"0\" scrolling=\"no\" allowfullscreen=\"allowfullscreen\"><\/iframe><\/p>\n<p>Og her sp\u00e6la NALJA \u00e1 Gn\u00edst:<br \/>\n<iframe loading=\"lazy\" style=\"border: none; overflow: hidden;\" src=\"https:\/\/www.facebook.com\/plugins\/video.php?height=476&amp;href=https%3A%2F%2Fwww.facebook.com%2Felinbheinesen%2Fvideos%2F1193123318363847%2F&amp;show_text=false&amp;width=380&amp;t=0\" width=\"380\" height=\"476\" frameborder=\"0\" scrolling=\"no\" allowfullscreen=\"allowfullscreen\"><\/iframe><\/p>\n","protected":false},"excerpt":{"rendered":"<p>ELIN VERKSETIR EINA H\u00d3PF\u00cdGGINGARVERK\u00c6TLAN Me\u00f0an korona gj\u00f8rdi um seg og alt felagsl\u00edv \u00ed landinum var mestsum deytt, v\u00f3ru n\u00f3gvir t\u00f3nleikarar noyddir til bara at sita heima eins og \u00f8ll onnur. Fyri at undirhalda seg sj\u00e1lvar og onnur f\u00f3ru fleiri av teimum at bj\u00f3\u00f0a framf\u00f8rslur \u00e1 netinum &#8211; eisini Elin. Millum a\u00f0rar sangir hev\u00f0i hon eina&hellip;<\/p>\n","protected":false},"author":1,"featured_media":1482,"parent":1907,"menu_order":6,"comment_status":"closed","ping_status":"closed","template":"","meta":{"footnotes":""},"class_list":["post-1923","page","type-page","status-publish","format-standard","has-post-thumbnail","hentry"],"_links":{"self":[{"href":"https:\/\/heinesen.fo\/index.php\/wp-json\/wp\/v2\/pages\/1923","targetHints":{"allow":["GET"]}}],"collection":[{"href":"https:\/\/heinesen.fo\/index.php\/wp-json\/wp\/v2\/pages"}],"about":[{"href":"https:\/\/heinesen.fo\/index.php\/wp-json\/wp\/v2\/types\/page"}],"author":[{"embeddable":true,"href":"https:\/\/heinesen.fo\/index.php\/wp-json\/wp\/v2\/users\/1"}],"replies":[{"embeddable":true,"href":"https:\/\/heinesen.fo\/index.php\/wp-json\/wp\/v2\/comments?post=1923"}],"version-history":[{"count":58,"href":"https:\/\/heinesen.fo\/index.php\/wp-json\/wp\/v2\/pages\/1923\/revisions"}],"predecessor-version":[{"id":4291,"href":"https:\/\/heinesen.fo\/index.php\/wp-json\/wp\/v2\/pages\/1923\/revisions\/4291"}],"up":[{"embeddable":true,"href":"https:\/\/heinesen.fo\/index.php\/wp-json\/wp\/v2\/pages\/1907"}],"wp:featuredmedia":[{"embeddable":true,"href":"https:\/\/heinesen.fo\/index.php\/wp-json\/wp\/v2\/media\/1482"}],"wp:attachment":[{"href":"https:\/\/heinesen.fo\/index.php\/wp-json\/wp\/v2\/media?parent=1923"}],"curies":[{"name":"wp","href":"https:\/\/api.w.org\/{rel}","templated":true}]}}