{"id":1929,"date":"2023-08-28T19:52:45","date_gmt":"2023-08-28T18:52:45","guid":{"rendered":"https:\/\/heinesen.fo\/index.php\/published-music\/"},"modified":"2023-10-30T11:47:06","modified_gmt":"2023-10-30T11:47:06","slug":"utgivin-tonleikur","status":"publish","type":"page","link":"https:\/\/heinesen.fo\/index.php\/utgivin-tonleikur\/","title":{"rendered":"\u00daTGIVIN T\u00d3NLEIKUR"},"content":{"rendered":"<p>ELIN BRIMHEIM HEINESEN hevur givi\u00f0 \u00fat f\u00fdra heildar\u00fatg\u00e1vur &#8211; saman vi\u00f0 \u00f8\u00f0rum ella sum einstaklingur, umframt at hon hevur havt ein leiklut \u00ed fleiri \u00fatg\u00e1vum hj\u00e1 \u00f8\u00f0rum.<\/p>\n<h3>HEILDAR\u00daTG\u00c1VUR<\/h3>\n<p>\u00cd 1988 g\u00f3vu ELIN &amp; K\u00c1RI teirra fyrstu \u00fatg\u00e1vu &#8211; <em>NALJA<\/em> &#8211; vi\u00f0 fimm av t\u00edggju skeringum skriva\u00f0ar og t\u00f3nasettar av Elini og hinar fimm av K\u00e1ra. Hesi l\u00f8gini blivu sera v\u00e6l m\u00f3ttikin og v\u00e6l umt\u00f3kt \u00ed F\u00f8royum, og ver\u00f0a enn sp\u00e6ld n\u00f3gv \u00ed f\u00f8royskum \u00fatvarpi. Til ber at siga, at l\u00f8gini eru vor\u00f0in klassikarar.<br \/>\nF\u00e1 meira at vita <a href=\"https:\/\/heinesen.fo\/index.php\/published-music\/album-nalja\/\">HER<\/a>.<\/p>\n<p>\u00cd 2010 gav Elin heildar\u00fatg\u00e1vuna <em>Yndisl\u00f8g &#8211; ein fer\u00f0 aftur \u00ed farnar t\u00ed\u00f0ir \/ Treasured Songs &#8211; A Trip Down Memory Lane<\/em> \u00fat sman vi\u00f0 t\u00f3nleikab\u00f3lkinum Ad Libitum vi\u00f0 15 gomlum evergreens har av Elin hev\u00f0i t\u00fdtt tey flestu til f\u00f8royskt. \u00datg\u00e1van var givin \u00fat til minnis um mammuna og mammubeiggjan, sum b\u00e6\u00f0i doy\u00f0u av krabbameini.<br \/>\nF\u00e1 meira at vita <a href=\"https:\/\/heinesen.fo\/index.php\/published-music\/album-yndisloeg-treasured-songs\/\">HER<\/a>.<\/p>\n<p>T\u00ed\u00f0liga \u00ed 2018 f\u00f3r Elin endiliga \u00ed uppt\u00f8kuh\u00f8lini at innsp\u00e6la hennara fyrstu heildar\u00fatg\u00e1vu sum einstaklingur \u2013 <em>Handan stj\u00f8rnurnar<\/em> &#8211; bara vi\u00f0 hennara egna t\u00f3nleiki &#8211; 12 skeringar vi\u00f0 or\u00f0 og lag eftir Elina sj\u00e1lva. \u00f9tg\u00e1van kom \u00fat 7. juli \u00ed 2018, har Elin helt eina st\u00f3ra \u00fatg\u00e1vuveitslu, sum samstundis var ein f\u00f8\u00f0ingardagsveitsla. Hon fylti 60 nakrar dagar \u00e1\u00f0renn.<br \/>\nF\u00e1 meira at vita <a title=\"Musical career\" href=\"https:\/\/heinesen.fo\/index.php\/published-music\/album-handan-stjoernurnar\/\">HER<\/a>.<\/p>\n<p>\u00cd november 2023 kom so ein heildar\u00fatg\u00e1va vi\u00f0 12 skeringum &#8211; seks skeringar vi\u00f0 f\u00f8royskum teksti + somu seks skeringar vi\u00f0 enskum teksti. \u00datg\u00e1van hevur fingi\u00f0 heiti\u00f0 <em>Eitt d\u00fdpi av d\u00fdrari \/ A Chasm of Precious Time<\/em> eftir t\u00ed elsta lagnum Elin hevur gj\u00f8rt til yrking hj\u00e1 p\u00e1panum, Jens Paula Heinesen. Sangurin er vi\u00f0 \u00e1 hesi \u00fatg\u00e1vuni \u00ed endurn\u00fdggja\u00f0um t\u00f3nablandi. Elin hevur eisini gj\u00f8rt hini fimm l\u00f8gini \u00e1 \u00fatg\u00e1vuni til yrkingar hj\u00e1 p\u00e1panum, sum \u00f8ll eru sett \u00fat fyri symfoniorkestur og k\u00f3r av italska t\u00f3naskaldinum Enzo De Rosa, me\u00f0an s\u00e6tta lagi\u00f0 <em>Eitt d\u00fdpi av d\u00fdrari t\u00ed\u00f0<\/em> er sett \u00fat av danska t\u00f3naskaldinum S\u00f8ren Hyldgaard.<br \/>\nF\u00e1 meira at vita <a href=\"https:\/\/heinesen.fo\/index.php\/published-music\/album-eitt-dypi-av-dyrari-tid\/\">HER<\/a>.<\/p>\n<h3>A\u00d0RAR \u00daTG\u00c1VUR<\/h3>\n<p>S\u00edggj alt, sum er komi\u00f0 \u00fat vi\u00f0 Elini Brimheim Heinesen <a href=\"https:\/\/heinesen.fo\/index.php\/published-music\/utgavuskra\/\">HER<\/a>.<\/p>\n<h3>SP\u00c6LILISTI<\/h3>\n<p>Lurta eftir sangum eftir ella vi\u00f0 Elini Brimheim Heinesen:<br \/>\n<iframe loading=\"lazy\" style=\"border-radius: 12px;\" src=\"https:\/\/open.spotify.com\/embed\/playlist\/2wT1sSwBBKTu1Lw1Lh35ul?utm_source=generator\" width=\"100%\" height=\"352\" frameborder=\"0\" allowfullscreen=\"allowfullscreen\"><\/iframe><\/p>\n","protected":false},"excerpt":{"rendered":"<p>ELIN BRIMHEIM HEINESEN hevur givi\u00f0 \u00fat f\u00fdra heildar\u00fatg\u00e1vur &#8211; saman vi\u00f0 \u00f8\u00f0rum ella sum einstaklingur, umframt at hon hevur havt ein leiklut \u00ed fleiri \u00fatg\u00e1vum hj\u00e1 \u00f8\u00f0rum. HEILDAR\u00daTG\u00c1VUR \u00cd 1988 g\u00f3vu ELIN &amp; K\u00c1RI teirra fyrstu \u00fatg\u00e1vu &#8211; NALJA &#8211; vi\u00f0 fimm av t\u00edggju skeringum skriva\u00f0ar og t\u00f3nasettar av Elini og hinar fimm av K\u00e1ra.&hellip;<\/p>\n","protected":false},"author":1,"featured_media":1767,"parent":0,"menu_order":0,"comment_status":"closed","ping_status":"closed","template":"","meta":{"footnotes":""},"class_list":["post-1929","page","type-page","status-publish","format-standard","has-post-thumbnail","hentry"],"_links":{"self":[{"href":"https:\/\/heinesen.fo\/index.php\/wp-json\/wp\/v2\/pages\/1929","targetHints":{"allow":["GET"]}}],"collection":[{"href":"https:\/\/heinesen.fo\/index.php\/wp-json\/wp\/v2\/pages"}],"about":[{"href":"https:\/\/heinesen.fo\/index.php\/wp-json\/wp\/v2\/types\/page"}],"author":[{"embeddable":true,"href":"https:\/\/heinesen.fo\/index.php\/wp-json\/wp\/v2\/users\/1"}],"replies":[{"embeddable":true,"href":"https:\/\/heinesen.fo\/index.php\/wp-json\/wp\/v2\/comments?post=1929"}],"version-history":[{"count":10,"href":"https:\/\/heinesen.fo\/index.php\/wp-json\/wp\/v2\/pages\/1929\/revisions"}],"predecessor-version":[{"id":3330,"href":"https:\/\/heinesen.fo\/index.php\/wp-json\/wp\/v2\/pages\/1929\/revisions\/3330"}],"wp:featuredmedia":[{"embeddable":true,"href":"https:\/\/heinesen.fo\/index.php\/wp-json\/wp\/v2\/media\/1767"}],"wp:attachment":[{"href":"https:\/\/heinesen.fo\/index.php\/wp-json\/wp\/v2\/media?parent=1929"}],"curies":[{"name":"wp","href":"https:\/\/api.w.org\/{rel}","templated":true}]}}