{"id":1943,"date":"2023-08-25T13:22:09","date_gmt":"2023-08-25T12:22:09","guid":{"rendered":"https:\/\/heinesen.fo\/index.php\/published-music\/discography\/"},"modified":"2024-03-06T23:22:14","modified_gmt":"2024-03-06T23:22:14","slug":"utgavuskra","status":"publish","type":"page","link":"https:\/\/heinesen.fo\/index.php\/utgivin-tonleikur\/utgavuskra\/","title":{"rendered":"\u00daTG\u00c1VUSKR\u00c1"},"content":{"rendered":"<h3>\u00daTG\u00c1VUR<\/h3>\n<p><strong>Heildar\u00fatg\u00e1va \u00fatg\u00e1va 1. december 2023<\/strong>:<br \/>\n<img loading=\"lazy\" decoding=\"async\" class=\"alignnone size-medium wp-image-2104\" src=\"https:\/\/heinesen.fo\/wp-content\/uploads\/2023\/09\/Eitt-dypi-husi-1684x1684-1-300x300.jpg\" alt=\"\" width=\"300\" height=\"300\" srcset=\"https:\/\/heinesen.fo\/wp-content\/uploads\/2023\/09\/Eitt-dypi-husi-1684x1684-1-300x300.jpg 300w, https:\/\/heinesen.fo\/wp-content\/uploads\/2023\/09\/Eitt-dypi-husi-1684x1684-1-1024x1024.jpg 1024w, https:\/\/heinesen.fo\/wp-content\/uploads\/2023\/09\/Eitt-dypi-husi-1684x1684-1-150x150.jpg 150w, https:\/\/heinesen.fo\/wp-content\/uploads\/2023\/09\/Eitt-dypi-husi-1684x1684-1-768x768.jpg 768w, https:\/\/heinesen.fo\/wp-content\/uploads\/2023\/09\/Eitt-dypi-husi-1684x1684-1-1536x1536.jpg 1536w, https:\/\/heinesen.fo\/wp-content\/uploads\/2023\/09\/Eitt-dypi-husi-1684x1684-1-1300x1300.jpg 1300w, https:\/\/heinesen.fo\/wp-content\/uploads\/2023\/09\/Eitt-dypi-husi-1684x1684-1.jpg 1684w\" sizes=\"auto, (max-width: 300px) 100vw, 300px\" \/><\/p>\n<h4>ELIN BRIMHEIM HEINESEN:<br \/>\n<em>EITT D\u00ddPI AV D\u00ddRARI T\u00cd\u00d0 \/ A CHASM OF PRECIOUS TIME<br \/>\n<\/em><\/h4>\n<p>CD &amp; LP 2023<br \/>\n12 skeringar (6 l\u00f8g \u00e1 f\u00f8royskum + somu l\u00f8g \u00e1 enskum)<\/p>\n<p><em>Orkestur:<\/em> Czech National Symphony Orchestra \u2013 undir lei\u00f0slu av: Vladimir Martinka<br \/>\nCity of Prague Philharmonic Orchestra \u2013 undir lei\u00f0slu av: Adam Klemens og Mario Klemens<br \/>\n<em>T\u00f3naskald &amp; sangsolistur: Elin Brimheim Heinesen<br \/>\nYrkingar: Jens Pauli Heinesen<br \/>\n<\/em><em>\u00datseting:<\/em> Enzo De Rosa; S\u00f8ren Hyldgaard<br \/>\n<em>K\u00f3r:<\/em> Tarira undir lei\u00f0slu av Bernhar\u00f0i Wilkinson; T\u00f3rshavnar Mansk\u00f3r undir lei\u00f0slu av Bjarna Restorff<br \/>\n<em>\u00datgevari:<\/em> Pl\u00e1tufelagi\u00f0 TUTL (Keyp fl\u00f8gu og vinylpl\u00e1tu her: <a href=\"http:\/\/www.tutl.com\/\" target=\"_blank\" rel=\"noopener noreferrer\">www.tutl.com<\/a>)<\/p>\n<p>Lurta eftir \u00fatg\u00e1vuni \u201cEitt d\u00fdpi av d\u00fdrari t\u00ed\u00f0 \/ A Chasm Of Precious Time\u201d her: <a href=\"https:\/\/bfan.link\/eitt-dypi-av-dyrari-tid\" target=\"_blank\" rel=\"noopener\">https:\/\/bfan.link\/eitt-dypi-av-dyrari-tid<\/a><\/p>\n<p>Spotify leinki:<\/p>\n<hr \/>\n<p><strong>Staklag \u00fatg\u00e1va 6. oktober 2023:<\/strong><br \/>\n<img loading=\"lazy\" decoding=\"async\" class=\"alignnone wp-image-2317 size-medium\" src=\"https:\/\/heinesen.fo\/wp-content\/uploads\/2023\/09\/1-Sorgin_er_voekur_vid__7-Sorrow_is_beautiful-300x300.jpg\" alt=\"\" width=\"300\" height=\"300\" srcset=\"https:\/\/heinesen.fo\/wp-content\/uploads\/2023\/09\/1-Sorgin_er_voekur_vid__7-Sorrow_is_beautiful-300x300.jpg 300w, https:\/\/heinesen.fo\/wp-content\/uploads\/2023\/09\/1-Sorgin_er_voekur_vid__7-Sorrow_is_beautiful-150x150.jpg 150w, https:\/\/heinesen.fo\/wp-content\/uploads\/2023\/09\/1-Sorgin_er_voekur_vid__7-Sorrow_is_beautiful-768x768.jpg 768w, https:\/\/heinesen.fo\/wp-content\/uploads\/2023\/09\/1-Sorgin_er_voekur_vid__7-Sorrow_is_beautiful.jpg 1000w\" sizes=\"auto, (max-width: 300px) 100vw, 300px\" \/><\/p>\n<h4>ELIN BRIMHEIM HEINESEN:<br \/>\n<em>SORGIN ER V\u00d8KUR VI\u00d0 \/ SORROW IS BEAUTIFUL TOO<\/em><\/h4>\n<p>Staklag 2023<\/p>\n<p>Skering 1: Sorgin er v\u00f8kur vi\u00f0 (yrking: Jens Pauli Heinesen)<br \/>\nSkering 2: Sorrow Is Beautiful Too (t\u00fdtt til enskt: Elin Brimheim Heinesen)<\/p>\n<p><em>Orkestur:<\/em> Czech National Symphony Orchestra \u2013 undir lei\u00f0slu av: Vladimir Martinka;<br \/>\n<em>T\u00f3naskald &amp; sangsolistur: Elin Brimheim Heinesen<br \/>\nYrking: Jens Pauli Heinesen<br \/>\n<\/em><em>\u00datseting:<\/em> Enzo De Rosa<br \/>\n<em>K\u00f3r:<\/em> Tarira undir lei\u00f0slu av Bernhar\u00f0i Wilkinson<br \/>\n<em>\u00datgevari: Pl\u00e1tufelagi\u00f0 TUTL<\/em> &#8211;\u00a0<a href=\"http:\/\/www.tutl.com\/\" target=\"_blank\" rel=\"noopener noreferrer\">www.tutl.com<\/a><\/p>\n<p>Lurta her: <a href=\"https:\/\/song.link\/sorgin\" target=\"_blank\" rel=\"noopener\">https:\/\/song.link\/sorgin<\/a><\/p>\n<p>Spotify leinki:<br \/>\n<iframe loading=\"lazy\" style=\"border-radius: 12px;\" src=\"https:\/\/open.spotify.com\/embed\/album\/2is7ilBdAObzqLT6FNbW8D?utm_source=generator\" width=\"100%\" height=\"352\" frameborder=\"0\" allowfullscreen=\"allowfullscreen\"><\/iframe><\/p>\n<hr \/>\n<p><strong>Staklag \u00fatg\u00e1va 14. september 2023:<\/strong><br \/>\n<img loading=\"lazy\" decoding=\"async\" class=\"alignnone wp-image-2320 size-medium\" src=\"https:\/\/heinesen.fo\/wp-content\/uploads\/2023\/09\/2-Flottin_Refugee3-300x300.jpeg\" alt=\"\" width=\"300\" height=\"300\" srcset=\"https:\/\/heinesen.fo\/wp-content\/uploads\/2023\/09\/2-Flottin_Refugee3-300x300.jpeg 300w, https:\/\/heinesen.fo\/wp-content\/uploads\/2023\/09\/2-Flottin_Refugee3-150x150.jpeg 150w, https:\/\/heinesen.fo\/wp-content\/uploads\/2023\/09\/2-Flottin_Refugee3-768x768.jpeg 768w, https:\/\/heinesen.fo\/wp-content\/uploads\/2023\/09\/2-Flottin_Refugee3.jpeg 1000w\" sizes=\"auto, (max-width: 300px) 100vw, 300px\" \/><\/p>\n<h4>ELIN BRIMHEIM HEINESEN:<br \/>\n<em>FL\u00d3TTIN \/ THE REFUGEE<\/em><\/h4>\n<p>Stakkag 2023<\/p>\n<p>Skering 1: Fl\u00f3ttin (yrking: Jens Pauli Heinesen)<br \/>\nSkering 2: The Refugee (t\u00fdtt til enskt: Elin Brimheim Heinesen)<\/p>\n<p><em>Orkestur:<\/em> Czech National Symphony Orchestra \u2013 undir lei\u00f0slu av: Vladimir Martinka;<br \/>\n<em>T\u00f3naskald &amp; sangsolistur: Elin Brimheim Heinesen<br \/>\nYrking: Jens Pauli Heinesen<br \/>\n<\/em><em>\u00datseting:<\/em> Enzo De Rosa<br \/>\n<em>K\u00f3r:<\/em> Tarira undir lei\u00f0slu av Bernhar\u00f0i Wilkinson<br \/>\n<em>\u00datgevari:<\/em> Pl\u00e1tufelagi\u00f0 TUTL &#8211;\u00a0<a href=\"http:\/\/www.tutl.com\/\" target=\"_blank\" rel=\"noopener noreferrer\">www.tutl.com<\/a><\/p>\n<p>Lurta her: <a href=\"https:\/\/song.link\/flottin\" target=\"_blank\" rel=\"noopener\">https:\/\/song.link\/flottin<\/a><\/p>\n<p>Spotify leinki:<br \/>\n<iframe loading=\"lazy\" style=\"border-radius: 12px;\" src=\"https:\/\/open.spotify.com\/embed\/album\/1Ad4Qml9Ln7VFFS2UgElUj?utm_source=generator\" width=\"100%\" height=\"352\" frameborder=\"0\" allowfullscreen=\"allowfullscreen\"><\/iframe><\/p>\n<hr \/>\n<p><strong>Staklag \u00fatg\u00e1va 12. november 2021:<\/strong><br \/>\n<img loading=\"lazy\" decoding=\"async\" class=\"alignnone size-medium wp-image-332\" src=\"https:\/\/heinesen.fo\/wp-content\/uploads\/2023\/08\/Soleyan-Artwork-1400x1400px-300x300.jpeg\" alt=\"\" width=\"300\" height=\"300\" srcset=\"https:\/\/heinesen.fo\/wp-content\/uploads\/2023\/08\/Soleyan-Artwork-1400x1400px-300x300.jpeg 300w, https:\/\/heinesen.fo\/wp-content\/uploads\/2023\/08\/Soleyan-Artwork-1400x1400px-1024x1024.jpeg 1024w, https:\/\/heinesen.fo\/wp-content\/uploads\/2023\/08\/Soleyan-Artwork-1400x1400px-150x150.jpeg 150w, https:\/\/heinesen.fo\/wp-content\/uploads\/2023\/08\/Soleyan-Artwork-1400x1400px-768x768.jpeg 768w, https:\/\/heinesen.fo\/wp-content\/uploads\/2023\/08\/Soleyan-Artwork-1400x1400px-1300x1300.jpeg 1300w, https:\/\/heinesen.fo\/wp-content\/uploads\/2023\/08\/Soleyan-Artwork-1400x1400px.jpeg 1400w\" sizes=\"auto, (max-width: 300px) 100vw, 300px\" \/><\/p>\n<h4>ELIN BRIMHEIM HEINESEN:<br \/>\n<em>S\u00d3LEYAN<\/em><\/h4>\n<p>Single 2020<\/p>\n<p>Skering 1: S\u00f3leyan l\u00fdsir um fl\u00f8tur (yrking: Jens Pauli Heinesen)<br \/>\nSkering 2: Buttercups Light Up The Meadows (t\u00fdtt til enskt: Elin Brimheim Heinesen)<\/p>\n<p><em>Orkestur:<\/em> City of Prague Philharmonic Orchestra \u2013 conductor: Adam Klemens<br \/>\n<em>T\u00f3naskald &amp; sangsolistur: Elin Brimheim Heinesen<br \/>\nYrking: Jens Pauli Heinesen<br \/>\n<\/em><em>\u00datseting:<\/em> Enzo De Rosa<br \/>\n<em>K\u00f3r:<\/em> T\u00f3rshavnar Mansk\u00f3r undir lei\u00f0slu av Bjarna Restorff<br \/>\n<em>\u00datgevari:<\/em> Pl\u00e1tufelagi\u00f0 TUTL &#8211;\u00a0<a href=\"http:\/\/www.tutl.com\/\" target=\"_blank\" rel=\"noopener noreferrer\">www.tutl.com<\/a><\/p>\n<p>Lurta her: <a href=\"https:\/\/song.link\/soleyan\" target=\"_blank\" rel=\"noopener\">https:\/\/song.link\/soleyan<\/a><\/p>\n<p><em>Spotify leinki:<\/em><br \/>\n<iframe loading=\"lazy\" title=\"Spotify Embed: S\u00f3leyan\" src=\"https:\/\/open.spotify.com\/embed\/album\/6HB8RhObTKFJOjHmbC02tQ?utm_source=oembed\" width=\"100%\" height=\"352\" frameborder=\"0\" allowfullscreen=\"allowfullscreen\" data-mce-fragment=\"1\"><\/iframe><\/p>\n<hr \/>\n<p><b>Staklag \u00fatg\u00e1va 14. september\u00a0 2018:<\/b><br \/>\n<img loading=\"lazy\" decoding=\"async\" class=\"alignnone size-medium wp-image-3308\" src=\"https:\/\/heinesen.fo\/wp-content\/uploads\/2023\/10\/Utistongd-300x300.jpg\" alt=\"\" width=\"300\" height=\"300\" srcset=\"https:\/\/heinesen.fo\/wp-content\/uploads\/2023\/10\/Utistongd-300x300.jpg 300w, https:\/\/heinesen.fo\/wp-content\/uploads\/2023\/10\/Utistongd-1024x1024.jpg 1024w, https:\/\/heinesen.fo\/wp-content\/uploads\/2023\/10\/Utistongd-150x150.jpg 150w, https:\/\/heinesen.fo\/wp-content\/uploads\/2023\/10\/Utistongd-768x768.jpg 768w, https:\/\/heinesen.fo\/wp-content\/uploads\/2023\/10\/Utistongd.jpg 1162w\" sizes=\"auto, (max-width: 300px) 100vw, 300px\" \/><\/p>\n<h4>ELIN BRIMHEIM HEINESEN:<br \/>\n<em>\u00daTISTONGD<\/em><\/h4>\n<p>Staklag 2018<\/p>\n<p><em>Or\u00f0 &amp; lag:<\/em> Elin Brimheim Heinesen<br \/>\n<em>\u00datgevari:<\/em> TUTL Records &#8211; <a href=\"http:\/\/www.tutl.com\/\" target=\"_blank\" rel=\"noopener noreferrer\">www.tutl.com<\/a><\/p>\n<p>Lurta eftir staklagnum \u201c\u00datistongd\u201d \u00e1 heildar\u00fatg\u00e1vuni &#8220;Handan stj\u00f8rnurnar&#8221; her:<br \/>\n<a href=\"https:\/\/album.link\/handanstjornurnar\" target=\"_blank\" rel=\"noopener\">https:\/\/album.link\/handanstjornurnar<\/a><\/p>\n<p>Spotify leinki:<br \/>\n<iframe loading=\"lazy\" style=\"border-radius: 12px;\" src=\"https:\/\/open.spotify.com\/embed\/album\/1brfI50eAbwRzQ3REmUHpd?utm_source=generator\" width=\"100%\" height=\"352\" frameborder=\"0\" allowfullscreen=\"allowfullscreen\" data-mce-fragment=\"1\"><\/iframe><\/p>\n<hr \/>\n<p><b>Staklag \u00fatg\u00e1va 9. september 2018:<\/b><br \/>\n<img loading=\"lazy\" decoding=\"async\" class=\"alignnone size-medium wp-image-3304\" src=\"https:\/\/heinesen.fo\/wp-content\/uploads\/2023\/10\/Landid-handan-stjornurnar-300x300.jpg\" alt=\"\" width=\"300\" height=\"300\" srcset=\"https:\/\/heinesen.fo\/wp-content\/uploads\/2023\/10\/Landid-handan-stjornurnar-300x300.jpg 300w, https:\/\/heinesen.fo\/wp-content\/uploads\/2023\/10\/Landid-handan-stjornurnar-1024x1024.jpg 1024w, https:\/\/heinesen.fo\/wp-content\/uploads\/2023\/10\/Landid-handan-stjornurnar-150x150.jpg 150w, https:\/\/heinesen.fo\/wp-content\/uploads\/2023\/10\/Landid-handan-stjornurnar-768x768.jpg 768w, https:\/\/heinesen.fo\/wp-content\/uploads\/2023\/10\/Landid-handan-stjornurnar.jpg 1162w\" sizes=\"auto, (max-width: 300px) 100vw, 300px\" \/><\/p>\n<h4>ELIN BRIMHEIM HEINESEN:<br \/>\n<em>LANDI\u00d0 HANDAN STJ\u00d8RNURNAR<\/em><\/h4>\n<p>Staklag 2018<\/p>\n<p><em>Or\u00f0 &amp; lag:<\/em> Elin Brimheim Heinesen<br \/>\n<em>\u00datgevari:<\/em> TUTL Records &#8211; <a href=\"http:\/\/www.tutl.com\/\" target=\"_blank\" rel=\"noopener noreferrer\">www.tutl.com<\/a><\/p>\n<p>Lurta eftir staklagnum \u201cLandi\u00f0 handan stj\u00f8rnurnar\u201d \u00e1 heildar\u00fatg\u00e1vuni &#8220;Handan stj\u00f8rnurnar&#8221; her:<br \/>\n<a href=\"https:\/\/album.link\/handanstjornurnar\" target=\"_blank\" rel=\"noopener\">https:\/\/album.link\/handanstjornurnar<\/a><\/p>\n<p>Spotify leinki:<br \/>\n<iframe loading=\"lazy\" style=\"border-radius: 12px;\" src=\"https:\/\/open.spotify.com\/embed\/album\/7aDq58gr3ZrsA9mEOZdWi9?utm_source=generator\" width=\"100%\" height=\"352\" frameborder=\"0\" allowfullscreen=\"allowfullscreen\" data-mce-fragment=\"1\"><\/iframe><\/p>\n<hr \/>\n<p><strong>Heildar\u00fatg\u00e1va 7. juli 2018:<\/strong><br \/>\n<img loading=\"lazy\" decoding=\"async\" class=\"alignnone size-medium wp-image-136\" style=\"font-size: 1em;\" src=\"https:\/\/heinesen.fo\/wp-content\/uploads\/2023\/08\/HandanStjoernurnarCover-300x272.jpg\" alt=\"\" width=\"300\" height=\"272\" srcset=\"https:\/\/heinesen.fo\/wp-content\/uploads\/2023\/08\/HandanStjoernurnarCover-300x272.jpg 300w, https:\/\/heinesen.fo\/wp-content\/uploads\/2023\/08\/HandanStjoernurnarCover-1024x928.jpg 1024w, https:\/\/heinesen.fo\/wp-content\/uploads\/2023\/08\/HandanStjoernurnarCover-768x696.jpg 768w, https:\/\/heinesen.fo\/wp-content\/uploads\/2023\/08\/HandanStjoernurnarCover.jpg 1132w\" sizes=\"auto, (max-width: 300px) 100vw, 300px\" \/><\/p>\n<h4>ELIN BRIMHEIM HEINESEN:<br \/>\n<em>HANDAN STJ\u00d8RNURNAR<br \/>\n<\/em><\/h4>\n<p>CD 2018<br \/>\n12 skeringar<\/p>\n<p><em>Or\u00f0 &amp; l\u00f8g:<\/em> Elin Brimheim Heinesen<br \/>\n<em>\u00datgevari:<\/em> Pl\u00e1tufelagi\u00f0 TUTL (Keyp fl\u00f8guna her: <a href=\"http:\/\/www.tutl.com\/\" target=\"_blank\" rel=\"noopener noreferrer\">www.tutl.com<\/a>)<\/p>\n<p>Lurta eftir \u00fatg\u00e1vuni \u201cHandan stj\u00f8rnurnar\u201d her:<br \/>\n<a href=\"https:\/\/album.link\/handanstjornurnar\" target=\"_blank\" rel=\"noopener\">https:\/\/album.link\/handanstjornurnar<\/a><\/p>\n<p>Spotify leinki:<br \/>\n<iframe loading=\"lazy\" title=\"Spotify Embed: Handan Stj\u00f8rnurnar\" src=\"https:\/\/open.spotify.com\/embed\/album\/0kvoK6mr8vtpneuaYsPAyp?utm_source=oembed\" width=\"100%\" height=\"352\" frameborder=\"0\" allowfullscreen=\"allowfullscreen\" data-mce-fragment=\"1\"><\/iframe><\/p>\n<hr \/>\n<p><b>Staklag \u00fatg\u00e1va 29. juni 2018:<\/b><br \/>\n<img loading=\"lazy\" decoding=\"async\" class=\"alignnone size-medium wp-image-425\" src=\"https:\/\/heinesen.fo\/wp-content\/uploads\/2023\/08\/01-Tu-Vart-Altid-Har-m4a-image-300x300.jpg\" alt=\"\" width=\"300\" height=\"300\" srcset=\"https:\/\/heinesen.fo\/wp-content\/uploads\/2023\/08\/01-Tu-Vart-Altid-Har-m4a-image-300x300.jpg 300w, https:\/\/heinesen.fo\/wp-content\/uploads\/2023\/08\/01-Tu-Vart-Altid-Har-m4a-image-1024x1024.jpg 1024w, https:\/\/heinesen.fo\/wp-content\/uploads\/2023\/08\/01-Tu-Vart-Altid-Har-m4a-image-150x150.jpg 150w, https:\/\/heinesen.fo\/wp-content\/uploads\/2023\/08\/01-Tu-Vart-Altid-Har-m4a-image-768x768.jpg 768w, https:\/\/heinesen.fo\/wp-content\/uploads\/2023\/08\/01-Tu-Vart-Altid-Har-m4a-image-1300x1300.jpg 1300w, https:\/\/heinesen.fo\/wp-content\/uploads\/2023\/08\/01-Tu-Vart-Altid-Har-m4a-image.jpg 1400w\" sizes=\"auto, (max-width: 300px) 100vw, 300px\" \/><\/p>\n<h4>ELIN BRIMHEIM HEINESEN:<br \/>\n<em>T\u00da VART ALT\u00cd\u00d0 HAR<\/em><\/h4>\n<p>Staklag 2018<\/p>\n<p><em>Or\u00f0 &amp; lag:<\/em> Elin Brimheim Heinesen<br \/>\n<em>\u00datgevari:<\/em> TUTL Records &#8211; <a href=\"http:\/\/www.tutl.com\/\" target=\"_blank\" rel=\"noopener noreferrer\">www.tutl.com<\/a><\/p>\n<p>Lurta eftir staklagnum \u201cT\u00fa vart alt\u00ed\u00f0 har\u201d \u00e1 heildar\u00fatg\u00e1vuni &#8220;Handan stj\u00f8rnurnar&#8221; her:<br \/>\n<a href=\"https:\/\/album.link\/handanstjornurnar\" target=\"_blank\" rel=\"noopener\">https:\/\/album.link\/handanstjornurnar<\/a><\/p>\n<p>Spotify leinki:<br \/>\n<iframe loading=\"lazy\" style=\"border-radius: 12px;\" src=\"https:\/\/open.spotify.com\/embed\/album\/6sI2yY5teXDfg1Vbm3KzS6?utm_source=generator\" width=\"100%\" height=\"352\" frameborder=\"0\" allowfullscreen=\"allowfullscreen\" data-mce-fragment=\"1\"><\/iframe><\/p>\n<hr \/>\n<p><b>Staklag \u00fatg\u00e1va 22. juni 2018:<\/b><\/p>\n<p><img loading=\"lazy\" decoding=\"async\" class=\"alignnone size-medium wp-image-427\" src=\"https:\/\/heinesen.fo\/wp-content\/uploads\/2023\/08\/01-Soeti-Min-m4a-image-300x300.jpg\" alt=\"\" width=\"300\" height=\"300\" srcset=\"https:\/\/heinesen.fo\/wp-content\/uploads\/2023\/08\/01-Soeti-Min-m4a-image-300x300.jpg 300w, https:\/\/heinesen.fo\/wp-content\/uploads\/2023\/08\/01-Soeti-Min-m4a-image-1024x1024.jpg 1024w, https:\/\/heinesen.fo\/wp-content\/uploads\/2023\/08\/01-Soeti-Min-m4a-image-150x150.jpg 150w, https:\/\/heinesen.fo\/wp-content\/uploads\/2023\/08\/01-Soeti-Min-m4a-image-768x768.jpg 768w, https:\/\/heinesen.fo\/wp-content\/uploads\/2023\/08\/01-Soeti-Min-m4a-image-1300x1300.jpg 1300w, https:\/\/heinesen.fo\/wp-content\/uploads\/2023\/08\/01-Soeti-Min-m4a-image.jpg 1400w\" sizes=\"auto, (max-width: 300px) 100vw, 300px\" \/><\/p>\n<h4>ELIN BRIMHEIM HEINESEN:<br \/>\n<em>S\u00d8TI M\u00cdN<\/em><\/h4>\n<p>Staklag 2018<\/p>\n<p><em>Or\u00f0 &amp; lag:<\/em> Elin Brimheim Heinesen<br \/>\n<em>\u00datgevari:<\/em> TUTL Records &#8211; <a href=\"http:\/\/www.tutl.com\/\" target=\"_blank\" rel=\"noopener noreferrer\">www.tutl.com<\/a><\/p>\n<p>Lurta eftir staklagnum \u201cS\u00f8ti m\u00edn\u201d \u00e1 heildar\u00fatg\u00e1vuni &#8220;Handan stj\u00f8rnurnar&#8221; her:<br \/>\n<a href=\"https:\/\/album.link\/handanstjornurnar\" target=\"_blank\" rel=\"noopener\">https:\/\/album.link\/handanstjornurnar<\/a><\/p>\n<p>Spotify leinki:<br \/>\n<iframe loading=\"lazy\" style=\"border-radius: 12px;\" src=\"https:\/\/open.spotify.com\/embed\/album\/7pLZ70FeOUhrHMwmr8B2kC?utm_source=generator\" width=\"100%\" height=\"352\" frameborder=\"0\" allowfullscreen=\"allowfullscreen\" data-mce-fragment=\"1\"><\/iframe><\/p>\n<hr \/>\n<p><strong>Staklag \u00fatg\u00e1va 1. december 2017:<\/strong><br \/>\n<iframe loading=\"lazy\" src=\"https:\/\/w.soundcloud.com\/player\/?url=https%3A\/\/api.soundcloud.com\/tracks\/297150537&amp;color=%23ff5500&amp;auto_play=false&amp;hide_related=false&amp;show_comments=true&amp;show_user=true&amp;show_reposts=false&amp;show_teaser=true&amp;visual=true\" width=\"100%\" height=\"300\" frameborder=\"no\" scrolling=\"no\"><\/iframe><\/p>\n<h4>ELIN BRIMHEIM HEINESEN<br \/>\n<em>DAGUR STYTTIST<\/em><\/h4>\n<p>Staklag 2017<\/p>\n<p><em>Lag:<\/em> Elin Brimheim Heinesen<br \/>\n<em>Or\u00f0:<\/em> Maud Heinesen<br \/>\n<em>\u00datg\u00e1va \u00e1 SoundCloud:<\/em> <a title=\"Elin Brimheim Heinesen\" href=\"https:\/\/soundcloud.com\/elinbheinesen\" target=\"_blank\" rel=\"noopener\">Elin Brimheim Heinesen<\/a> \u00b7 <a title=\"Dagur Styttist\" href=\"https:\/\/soundcloud.com\/elinbheinesen\/dagur-styttist\" target=\"_blank\" rel=\"noopener\">Dagur Styttist<\/a><\/p>\n<hr \/>\n<p><strong>Heildar\u00fatg\u00e1va 12. juli 2010:<\/strong><\/p>\n<h4><img loading=\"lazy\" decoding=\"async\" class=\"alignnone size-medium wp-image-232\" src=\"https:\/\/heinesen.fo\/wp-content\/uploads\/2023\/08\/Cover-300x267.jpg\" alt=\"\" width=\"300\" height=\"267\" srcset=\"https:\/\/heinesen.fo\/wp-content\/uploads\/2023\/08\/Cover-300x267.jpg 300w, https:\/\/heinesen.fo\/wp-content\/uploads\/2023\/08\/Cover.jpg 450w\" sizes=\"auto, (max-width: 300px) 100vw, 300px\" \/><br \/>\nELIN BRIMHEIM HEINESEN &amp; AD LIBITUM:<br \/>\n<em>YNDISL\u00d8G \u2013 EIN FER\u00d0 AFTUR \u00cd FARNAR T\u00cd\u00d0IR<br \/>\n<\/em>(TREASURED SONGS \u2013 A TRIP DOWN MEMORY LANE)<\/h4>\n<p>CD 2010<br \/>\n15 skeringar<\/p>\n<p>Keyp fl\u00f8guna her: <a href=\"http:\/\/www.tutl.com\/\" target=\"_blank\" rel=\"noopener noreferrer\">www.tutl.com<br \/>\n<\/a><br \/>\nLurta eftir \u00fatg\u00e1vuni \u201cYndisl\u00f8g\u201d her:<br \/>\n<a href=\"https:\/\/album.link\/yndislog\" target=\"_blank\" rel=\"noopener\">https:\/\/album.link\/yndislog<\/a><\/p>\n<p>Spotify leinki:<br \/>\n<iframe loading=\"lazy\" title=\"Spotify Embed: Yndisl\u00f8g - Ein Fer\u00f0 Aftur \u00ed Farnar T\u00ed\u00f0ir\" src=\"https:\/\/open.spotify.com\/embed\/album\/0O6gvKXU1JoK3SDbKHLdbj?utm_source=oembed\" width=\"100%\" height=\"352\" frameborder=\"0\" allowfullscreen=\"allowfullscreen\" data-mce-fragment=\"1\"><\/iframe><\/p>\n<hr \/>\n<p><strong>Heildar\u00fatg\u00e1va &#8211; kassettuband 20. juli 1988 og fl\u00f8ga 20. juli 1998:<\/strong><br \/>\n<img loading=\"lazy\" decoding=\"async\" class=\"alignnone wp-image-336\" src=\"https:\/\/heinesen.fo\/wp-content\/uploads\/2023\/08\/elin-heinesen-and-kari-jacobsen-nalja-Cover-Art-193x300.jpg\" alt=\"\" width=\"300\" height=\"468\" srcset=\"https:\/\/heinesen.fo\/wp-content\/uploads\/2023\/08\/elin-heinesen-and-kari-jacobsen-nalja-Cover-Art-193x300.jpg 193w, https:\/\/heinesen.fo\/wp-content\/uploads\/2023\/08\/elin-heinesen-and-kari-jacobsen-nalja-Cover-Art.jpg 385w\" sizes=\"auto, (max-width: 300px) 100vw, 300px\" \/><\/p>\n<p>MC 1988<\/p>\n<p><img loading=\"lazy\" decoding=\"async\" class=\"alignnone size-medium wp-image-333\" src=\"https:\/\/heinesen.fo\/wp-content\/uploads\/2023\/08\/Elin-Kari-Nalja-HJF051-300x300.png\" alt=\"\" width=\"300\" height=\"300\" srcset=\"https:\/\/heinesen.fo\/wp-content\/uploads\/2023\/08\/Elin-Kari-Nalja-HJF051-300x300.png 300w, https:\/\/heinesen.fo\/wp-content\/uploads\/2023\/08\/Elin-Kari-Nalja-HJF051-150x150.png 150w, https:\/\/heinesen.fo\/wp-content\/uploads\/2023\/08\/Elin-Kari-Nalja-HJF051-768x771.png 768w, https:\/\/heinesen.fo\/wp-content\/uploads\/2023\/08\/Elin-Kari-Nalja-HJF051.png 800w\" sizes=\"auto, (max-width: 300px) 100vw, 300px\" \/><\/p>\n<p>CD 1998<\/p>\n<h4>ELIN &amp; K\u00c1RI:<br \/>\n<em>NALJA<\/em><\/h4>\n<p>MC 1988\u00a0and CD 1998<br \/>\n10 skeringar<\/p>\n<p>Keyp fl\u00f8guna her: <a href=\"http:\/\/www.tutl.com\/webshop\/index.php?productID=182\" target=\"_blank\" rel=\"noopener noreferrer\">www.tutl.com<br \/>\n<\/a><br \/>\nLurta eftir NALJA \u00fatg\u00e1vuni her:<br \/>\n<a href=\"https:\/\/album.link\/nalja\" target=\"_blank\" rel=\"noopener\">https:\/\/album.link\/nalja<\/a><\/p>\n<p>Spotify leinki:<br \/>\n<iframe loading=\"lazy\" title=\"Spotify Embed: Nalja\" src=\"https:\/\/open.spotify.com\/embed\/album\/1dUR6jIgdzEDws31hRZ9fb?utm_source=oembed\" width=\"100%\" height=\"352\" frameborder=\"0\" allowfullscreen=\"allowfullscreen\" data-mce-fragment=\"1\"><\/iframe><\/p>\n<hr \/>\n<h3><b>A\u00d0RAR \u00daTG\u00c1VUR\/SANGIR<\/b><\/h3>\n<p>&nbsp;<\/p>\n<h4>J\u00d3LAFRI\u00d0UR \u00c1 J\u00d8R\u00d0<\/h4>\n<p>Talgildir mi\u00f0lapallar, 2024<\/p>\n<p>1. december 2023 kom symfoniska heildar\u00fatg\u00e1van &#8220;Eitt d\u00fdpi av d\u00fdrari t\u00ed\u00f0&#8221; \u00fat vi\u00f0 l\u00f8gum hj\u00e1 Elini Brimheim Heinesen, sum hon hevur skriva\u00f0 til yrkingar hj\u00e1 p\u00e1panum Jens Paula Heinesen. \u00c1 \u00fatg\u00e1vutiltakinum, sum var \u00fatg\u00e1vudagin, presentera\u00f0i Elin eitt yvirraskilsi, nevniliga hetta symfoniska eykalagi\u00f0 &#8211; ein j\u00f3lasang eftir Enzo De Rosa vi\u00f0 teksti eftir Paul Oxley, sum Elin hevur t\u00fdtt\/umyrkt til f\u00f8royskt, og sum Enzo ba\u00f0 Elina um at syngja inn. Enzo skriva\u00f0i sangin til sonin hj\u00e1 s\u00e6r, stutt eftir at hann var f\u00f8ddur.<\/p>\n<p><iframe loading=\"lazy\" style=\"border-radius: 12px;\" src=\"https:\/\/open.spotify.com\/embed\/track\/68VGjAo2ZnQGROm4czF8Cw?utm_source=generator\" width=\"100%\" height=\"352\" frameborder=\"0\" allowfullscreen=\"allowfullscreen\"><\/iframe><\/p>\n<hr \/>\n<h4>M\u00cdN KINDIN MJ\u00d3<\/h4>\n<p><em>Talgildir mi\u00f0lapallar, 2020<\/em><\/p>\n<p>\u00cd 2020 ba\u00f0 italska t\u00f3naskaldi\u00f0, Enzo De Rosa, Elina syngja eina gamla kenda \u00edslendska v\u00f8gguv\u00edsu, sum hann hev\u00f0i gj\u00f8rt \u00fatseting til fyri symfoniorkestur &#8211; <em>M\u00edn Kindin Mj\u00f3 &#8211; A Lullaby for Little Klara, <\/em>sum \u00edslendingurin Ing\u00f3lfur Sveinsson hevur skriva\u00f0 or\u00f0 og lag til:<\/p>\n<p><iframe loading=\"lazy\" style=\"border-radius: 12px;\" src=\"https:\/\/open.spotify.com\/embed\/track\/573ZQpffaHvk4qd0P8hbf6?utm_source=generator\" width=\"100%\" height=\"352\" frameborder=\"0\" allowfullscreen=\"allowfullscreen\"><\/iframe><\/p>\n<p>Ella lurta her:<\/p>\n<audio class=\"wp-audio-shortcode\" id=\"audio-1943-1\" preload=\"none\" style=\"width: 100%;\" controls=\"controls\"><source type=\"audio\/mpeg\" src=\"https:\/\/heinesen.fo\/wp-content\/uploads\/2023\/10\/Afi-vogguvisa-Master.mp3?_=1\" \/><a href=\"https:\/\/heinesen.fo\/wp-content\/uploads\/2023\/10\/Afi-vogguvisa-Master.mp3\">https:\/\/heinesen.fo\/wp-content\/uploads\/2023\/10\/Afi-vogguvisa-Master.mp3<\/a><\/audio>\n<hr \/>\n<h4>KRINGVARPSV\u00cdSA<\/h4>\n<p><em>Einans \u00ed \u00fatvarpi, 2011<\/em><\/p>\n<p>ELIN lutt\u00f3k \u00ed n\u00fdggj\u00e1rsundirhaldssending hj\u00e1 Kringvarpinum \u00ed 2011, har hon sang tvey l\u00f8g. Hetta lagi\u00f0 &#8211; <em>Kringvarpsv\u00edsa<\/em>, &#8211; hevur Steint\u00f3r Rasmussen skriva\u00f0 or\u00f0 til. Finnur Hansen sp\u00e6ldi lj\u00f3\u00f0f\u00f8ri, Elin sang b\u00e6\u00f0i h\u00f8vu\u00f0sr\u00f8dd og k\u00f3r, og Finnur og a\u00f0rir \u00fatvarpsmenn hj\u00e1lptu vi\u00f0 at syngja k\u00f3r:<\/p>\n<audio class=\"wp-audio-shortcode\" id=\"audio-1943-2\" preload=\"none\" style=\"width: 100%;\" controls=\"controls\"><source type=\"audio\/mpeg\" src=\"https:\/\/heinesen.fo\/wp-content\/uploads\/2023\/10\/kringvarpsvisa-sang-elin-b-heinesen-or\u203a-steintor-rasmussen.mp3?_=2\" \/><a href=\"https:\/\/heinesen.fo\/wp-content\/uploads\/2023\/10\/kringvarpsvisa-sang-elin-b-heinesen-or\u203a-steintor-rasmussen.mp3\">https:\/\/heinesen.fo\/wp-content\/uploads\/2023\/10\/kringvarpsvisa-sang-elin-b-heinesen-or\u203a-steintor-rasmussen.mp3<\/a><\/audio>\n<h4>PISAKANNING<\/h4>\n<p><em>Einans \u00ed \u00fatvarpi, 2011<\/em><\/p>\n<p>Og hetta lagi\u00f0 &#8211; <em>Pisakanning &#8211;<\/em> fr\u00e1 somu n\u00fdggj\u00e1rssending hevur S\u00e1mal Petur \u00ed Grund skriva\u00f0 or\u00f0 til. Finnur Hansen sp\u00e6ldi lj\u00f3\u00f0f\u00f8ri, Elin sang b\u00e6\u00f0i h\u00f8vu\u00f0sr\u00f8dd og k\u00f3r, og Finnur og a\u00f0rir \u00fatvarpsmenn hj\u00e1lptu vi\u00f0 at syngja k\u00f3r:<\/p>\n<audio class=\"wp-audio-shortcode\" id=\"audio-1943-3\" preload=\"none\" style=\"width: 100%;\" controls=\"controls\"><source type=\"audio\/mpeg\" src=\"https:\/\/heinesen.fo\/wp-content\/uploads\/2023\/10\/pisakanning-sang-elin-b-heinesen-or\u203a-samal-p.-i-grund-online-audio-converter.com_.mp3?_=3\" \/><a href=\"https:\/\/heinesen.fo\/wp-content\/uploads\/2023\/10\/pisakanning-sang-elin-b-heinesen-or\u203a-samal-p.-i-grund-online-audio-converter.com_.mp3\">https:\/\/heinesen.fo\/wp-content\/uploads\/2023\/10\/pisakanning-sang-elin-b-heinesen-or\u203a-samal-p.-i-grund-online-audio-converter.com_.mp3<\/a><\/audio>\n<hr \/>\n<h4>BESTI VINURIN<\/h4>\n<p><em>Einans \u00ed \u00fatvarpi, 2004<\/em><\/p>\n<p>\u00cd 2004 sang ELIN lag hj\u00e1 K\u00e1ra Linderoth Jacobsen &#8211; <em>Besti vinurin<\/em>, gj\u00f8rt til eitt hoyrisp\u00e6l fyri b\u00f8rn \u00ed barna\u00fatvarpinum. Hetta var ey\u00f0kennislagi\u00f0. K\u00e1ri Linderoth Jacobsen sp\u00e6lir lj\u00f3\u00f0f\u00f8ri og Elin syngur h\u00f8vu\u00f0sr\u00f8dd og k\u00f3r:<\/p>\n<audio class=\"wp-audio-shortcode\" id=\"audio-1943-4\" preload=\"none\" style=\"width: 100%;\" controls=\"controls\"><source type=\"audio\/mpeg\" src=\"https:\/\/heinesen.fo\/wp-content\/uploads\/2023\/10\/Besti-vinurin-mix-2.mp3?_=4\" \/><a href=\"https:\/\/heinesen.fo\/wp-content\/uploads\/2023\/10\/Besti-vinurin-mix-2.mp3\">https:\/\/heinesen.fo\/wp-content\/uploads\/2023\/10\/Besti-vinurin-mix-2.mp3<\/a><\/audio>\n<hr \/>\n<h4>KOM VI\u00d0<\/h4>\n<p><em>Einans \u00ed \u00fatvarpi, 2003<\/em><\/p>\n<p>ELIN las upp j\u00f3las\u00f8gu fyri b\u00f8rn \u00ed \u00fatvarpinum \u00ed 2003, og gj\u00f8rdi hetta lagi\u00f0 &#8211; <em>Kom vi\u00f0 &#8211; <\/em>til eina yrking \u00ed s\u00f8guni \u00ed eina handavending beint har \u00e1 sta\u00f0num \u00ed uppt\u00f8kuh\u00f8linum, me\u00f0an hon helt ein l\u00edtlan ste\u00f0g \u00ed s\u00f8guupplesingini. Pauli Magnussen, sum var lj\u00f3\u00f0\u00f8kningur, sprakk til og sp\u00e6ldi lj\u00f3\u00f0f\u00f8rini, og Elin sang h\u00f8vu\u00f0sr\u00f8dd og k\u00f3r:<\/p>\n<audio class=\"wp-audio-shortcode\" id=\"audio-1943-5\" preload=\"none\" style=\"width: 100%;\" controls=\"controls\"><source type=\"audio\/mpeg\" src=\"https:\/\/heinesen.fo\/wp-content\/uploads\/2023\/10\/01-Kom-vid.m4a?_=5\" \/><a href=\"https:\/\/heinesen.fo\/wp-content\/uploads\/2023\/10\/01-Kom-vid.m4a\">https:\/\/heinesen.fo\/wp-content\/uploads\/2023\/10\/01-Kom-vid.m4a<\/a><\/audio>\n<hr \/>\n<h4><img loading=\"lazy\" decoding=\"async\" class=\"alignnone wp-image-344\" src=\"https:\/\/heinesen.fo\/wp-content\/uploads\/2023\/08\/Kvinna_CD-cover-298x300.jpg\" alt=\"\" width=\"300\" height=\"302\" srcset=\"https:\/\/heinesen.fo\/wp-content\/uploads\/2023\/08\/Kvinna_CD-cover-298x300.jpg 298w, https:\/\/heinesen.fo\/wp-content\/uploads\/2023\/08\/Kvinna_CD-cover-1018x1024.jpg 1018w, https:\/\/heinesen.fo\/wp-content\/uploads\/2023\/08\/Kvinna_CD-cover-150x150.jpg 150w, https:\/\/heinesen.fo\/wp-content\/uploads\/2023\/08\/Kvinna_CD-cover-768x773.jpg 768w, https:\/\/heinesen.fo\/wp-content\/uploads\/2023\/08\/Kvinna_CD-cover-1526x1536.jpg 1526w, https:\/\/heinesen.fo\/wp-content\/uploads\/2023\/08\/Kvinna_CD-cover-1300x1308.jpg 1300w, https:\/\/heinesen.fo\/wp-content\/uploads\/2023\/08\/Kvinna_CD-cover.jpg 1584w\" sizes=\"auto, (max-width: 300px) 100vw, 300px\" \/><\/h4>\n<h4>SAVNS\u00daTG\u00c1VA VI\u00d0 T\u00d3NLEIKI GJ\u00d8RDUR AV KVINNUM:<br \/>\n<em>KVINNA<\/em><\/h4>\n<p>CD 2005<\/p>\n<p>Ein skering: <em>Eitt d\u00fdpi av d\u00fdrari t\u00ed\u00f0<\/em><\/p>\n<p><a href=\"https:\/\/heinesen.fo\/index.php\/eitt-vaelumtokt-lag\/\">Leinki til lagi\u00f0<\/a><\/p>\n<hr \/>\n<h4><img loading=\"lazy\" decoding=\"async\" class=\"alignnone size-medium wp-image-343\" src=\"https:\/\/heinesen.fo\/wp-content\/uploads\/2023\/08\/PoppList2-300x300.jpg\" alt=\"\" width=\"300\" height=\"300\" srcset=\"https:\/\/heinesen.fo\/wp-content\/uploads\/2023\/08\/PoppList2-300x300.jpg 300w, https:\/\/heinesen.fo\/wp-content\/uploads\/2023\/08\/PoppList2-1024x1024.jpg 1024w, https:\/\/heinesen.fo\/wp-content\/uploads\/2023\/08\/PoppList2-150x150.jpg 150w, https:\/\/heinesen.fo\/wp-content\/uploads\/2023\/08\/PoppList2-768x769.jpg 768w, https:\/\/heinesen.fo\/wp-content\/uploads\/2023\/08\/PoppList2-1534x1536.jpg 1534w, https:\/\/heinesen.fo\/wp-content\/uploads\/2023\/08\/PoppList2-1300x1302.jpg 1300w, https:\/\/heinesen.fo\/wp-content\/uploads\/2023\/08\/PoppList2.jpg 1598w\" sizes=\"auto, (max-width: 300px) 100vw, 300px\" \/><\/h4>\n<h4>HITT-SAVNS\u00daTG\u00c1VA<br \/>\n<em>POPP LIST 2<\/em><\/h4>\n<p>CD 2003<\/p>\n<p>Ein skering: <em>Eitt d\u00fdpi av d\u00fdrari t\u00ed\u00f0<\/em><\/p>\n<p><a href=\"https:\/\/heinesen.fo\/index.php\/eitt-vaelumtokt-lag\/\">Leinki til lagi\u00f0<\/a><\/p>\n<hr \/>\n<h4><img loading=\"lazy\" decoding=\"async\" class=\"alignnone size-medium wp-image-342\" src=\"https:\/\/heinesen.fo\/wp-content\/uploads\/2023\/08\/MalanEydunsdottirCover-300x300.jpg\" alt=\"\" width=\"300\" height=\"300\" srcset=\"https:\/\/heinesen.fo\/wp-content\/uploads\/2023\/08\/MalanEydunsdottirCover-300x300.jpg 300w, https:\/\/heinesen.fo\/wp-content\/uploads\/2023\/08\/MalanEydunsdottirCover-1024x1024.jpg 1024w, https:\/\/heinesen.fo\/wp-content\/uploads\/2023\/08\/MalanEydunsdottirCover-150x150.jpg 150w, https:\/\/heinesen.fo\/wp-content\/uploads\/2023\/08\/MalanEydunsdottirCover-768x769.jpg 768w, https:\/\/heinesen.fo\/wp-content\/uploads\/2023\/08\/MalanEydunsdottirCover-1534x1536.jpg 1534w, https:\/\/heinesen.fo\/wp-content\/uploads\/2023\/08\/MalanEydunsdottirCover-1300x1302.jpg 1300w, https:\/\/heinesen.fo\/wp-content\/uploads\/2023\/08\/MalanEydunsdottirCover.jpg 1542w\" sizes=\"auto, (max-width: 300px) 100vw, 300px\" \/><\/h4>\n<h4>MALAN EY\u00d0UNSD\u00d3TTIR:<br \/>\n<em>MALAN<\/em><\/h4>\n<p>CD 1999<\/p>\n<p>K\u00f3r \u00e1 fleiri skeringum<\/p>\n<hr \/>\n<h4><img loading=\"lazy\" decoding=\"async\" class=\"alignnone size-medium wp-image-341\" src=\"https:\/\/heinesen.fo\/wp-content\/uploads\/2023\/08\/KomNuLitliMin-300x300.jpg\" alt=\"\" width=\"300\" height=\"300\" srcset=\"https:\/\/heinesen.fo\/wp-content\/uploads\/2023\/08\/KomNuLitliMin-300x300.jpg 300w, https:\/\/heinesen.fo\/wp-content\/uploads\/2023\/08\/KomNuLitliMin-1021x1024.jpg 1021w, https:\/\/heinesen.fo\/wp-content\/uploads\/2023\/08\/KomNuLitliMin-150x150.jpg 150w, https:\/\/heinesen.fo\/wp-content\/uploads\/2023\/08\/KomNuLitliMin-768x770.jpg 768w, https:\/\/heinesen.fo\/wp-content\/uploads\/2023\/08\/KomNuLitliMin-1300x1303.jpg 1300w, https:\/\/heinesen.fo\/wp-content\/uploads\/2023\/08\/KomNuLitliMin.jpg 1490w\" sizes=\"auto, (max-width: 300px) 100vw, 300px\" \/><\/h4>\n<h4>SAVNS\u00daTG\u00c1VA FYRI B\u00d8RN:<br \/>\n<em>KOM N\u00da L\u00cdTLI M\u00cdN<\/em><\/h4>\n<p>CD 1997<\/p>\n<p>Ein skering: <em>H\u00e1kunardrongurin<br \/>\n<\/em><\/p>\n<audio class=\"wp-audio-shortcode\" id=\"audio-1943-6\" preload=\"none\" style=\"width: 100%;\" controls=\"controls\"><source type=\"audio\/wav\" src=\"https:\/\/heinesen.fo\/wp-content\/uploads\/2023\/10\/14-Elin-Heinesen-Hakunardrongur.wav?_=6\" \/><a href=\"https:\/\/heinesen.fo\/wp-content\/uploads\/2023\/10\/14-Elin-Heinesen-Hakunardrongur.wav\">https:\/\/heinesen.fo\/wp-content\/uploads\/2023\/10\/14-Elin-Heinesen-Hakunardrongur.wav<\/a><\/audio>\n<hr \/>\n<h4>SEV-\u00daTVARPSMARKNA\u00d0ARHERFER\u00d0:<br \/>\n<em>N\u00ddT STREYM VI\u00d0 SKILI<\/em><\/h4>\n<p>Audio clip 1993*<\/p>\n<hr \/>\n<p><img loading=\"lazy\" decoding=\"async\" class=\"alignnone size-medium wp-image-340\" src=\"https:\/\/heinesen.fo\/wp-content\/uploads\/2023\/08\/Blatt_JakupMarnerAnthoniussen-300x300.jpg\" alt=\"\" width=\"300\" height=\"300\" srcset=\"https:\/\/heinesen.fo\/wp-content\/uploads\/2023\/08\/Blatt_JakupMarnerAnthoniussen-300x300.jpg 300w, https:\/\/heinesen.fo\/wp-content\/uploads\/2023\/08\/Blatt_JakupMarnerAnthoniussen-1024x1024.jpg 1024w, https:\/\/heinesen.fo\/wp-content\/uploads\/2023\/08\/Blatt_JakupMarnerAnthoniussen-150x150.jpg 150w, https:\/\/heinesen.fo\/wp-content\/uploads\/2023\/08\/Blatt_JakupMarnerAnthoniussen-768x767.jpg 768w, https:\/\/heinesen.fo\/wp-content\/uploads\/2023\/08\/Blatt_JakupMarnerAnthoniussen-1300x1298.jpg 1300w, https:\/\/heinesen.fo\/wp-content\/uploads\/2023\/08\/Blatt_JakupMarnerAnthoniussen.jpg 1390w\" sizes=\"auto, (max-width: 300px) 100vw, 300px\" \/><\/p>\n<h4>J\u00c1KUP MARNER ANTHONIUSSEN:<br \/>\n<em>BL\u00c1TT \u2013 TIL ALLAR VINIR<\/em><\/h4>\n<p>LP\/MC 1989*<\/p>\n<p>Duett vi\u00f0 J\u00e1kup Marner \u00e1 skeringini <em>Til allar vinir\u00a0<\/em>+ k\u00f3r \u00e1 \u00f8\u00f0rum skeringum<\/p>\n<p>Spotify leinki:<br \/>\n<iframe loading=\"lazy\" title=\"Spotify Embed: Til allar vinir\" src=\"https:\/\/open.spotify.com\/embed\/track\/0off0OOkeoZII5wCUKIIiQ?utm_source=oembed\" width=\"100%\" height=\"152\" frameborder=\"0\" allowfullscreen=\"allowfullscreen\" data-mce-fragment=\"1\"><\/iframe><\/p>\n<hr \/>\n<h4><img loading=\"lazy\" decoding=\"async\" class=\"alignnone size-medium wp-image-339\" src=\"https:\/\/heinesen.fo\/wp-content\/uploads\/2023\/08\/AnnfinnCo-300x298.jpg\" alt=\"\" width=\"300\" height=\"298\" srcset=\"https:\/\/heinesen.fo\/wp-content\/uploads\/2023\/08\/AnnfinnCo-300x298.jpg 300w, https:\/\/heinesen.fo\/wp-content\/uploads\/2023\/08\/AnnfinnCo-1024x1018.jpg 1024w, https:\/\/heinesen.fo\/wp-content\/uploads\/2023\/08\/AnnfinnCo-150x150.jpg 150w, https:\/\/heinesen.fo\/wp-content\/uploads\/2023\/08\/AnnfinnCo-768x764.jpg 768w, https:\/\/heinesen.fo\/wp-content\/uploads\/2023\/08\/AnnfinnCo-1300x1293.jpg 1300w, https:\/\/heinesen.fo\/wp-content\/uploads\/2023\/08\/AnnfinnCo.jpg 1390w\" sizes=\"auto, (max-width: 300px) 100vw, 300px\" \/><\/h4>\n<h4>ANFINN &amp; CO.:<br \/>\n<em>L\u00cdTLI FUGLUR<\/em><\/h4>\n<p>MC 1987*<\/p>\n<p>K\u00f3r \u00e1 skeringini <em>L\u00edtli fuglur<br \/>\n<\/em><\/p>\n<p>Spotify link:<br \/>\n<iframe loading=\"lazy\" title=\"Spotify Embed: L\u00edtli Fuglur\" src=\"https:\/\/open.spotify.com\/embed\/track\/4veLxC71LeSh3I5rlX0n1D?utm_source=oembed\" width=\"100%\" height=\"152\" frameborder=\"0\" allowfullscreen=\"allowfullscreen\" data-mce-fragment=\"1\"><\/iframe><\/p>\n<hr \/>\n<p><img loading=\"lazy\" decoding=\"async\" class=\"alignnone size-medium wp-image-338\" src=\"https:\/\/heinesen.fo\/wp-content\/uploads\/2023\/08\/Kaj_Klein_Skot_1400x1400-300x300.jpg\" alt=\"\" width=\"300\" height=\"300\" srcset=\"https:\/\/heinesen.fo\/wp-content\/uploads\/2023\/08\/Kaj_Klein_Skot_1400x1400-300x300.jpg 300w, https:\/\/heinesen.fo\/wp-content\/uploads\/2023\/08\/Kaj_Klein_Skot_1400x1400-1024x1024.jpg 1024w, https:\/\/heinesen.fo\/wp-content\/uploads\/2023\/08\/Kaj_Klein_Skot_1400x1400-150x150.jpg 150w, https:\/\/heinesen.fo\/wp-content\/uploads\/2023\/08\/Kaj_Klein_Skot_1400x1400-768x768.jpg 768w, https:\/\/heinesen.fo\/wp-content\/uploads\/2023\/08\/Kaj_Klein_Skot_1400x1400-1300x1300.jpg 1300w, https:\/\/heinesen.fo\/wp-content\/uploads\/2023\/08\/Kaj_Klein_Skot_1400x1400.jpg 1400w\" sizes=\"auto, (max-width: 300px) 100vw, 300px\" \/><\/p>\n<h4>KAJ KLEIN:<br \/>\n<em>SKOT<\/em><\/h4>\n<p>MC 1986<\/p>\n<p>K\u00f3r \u00e1 fleiri skeringum:<br \/>\n<em>2. Omman<\/em><br \/>\n<em>3. Spill ikki m\u00edna t\u00ed\u00f0<\/em><br \/>\n<em>4. Women On My Mind<\/em><br \/>\n<em>5. Body<\/em><br \/>\n<em>6. Heimkoman<\/em><\/p>\n<p>Spotify link:<br \/>\n<iframe loading=\"lazy\" title=\"Spotify Embed: SKOT\" src=\"https:\/\/open.spotify.com\/embed\/album\/75l3b9dJa4XE4X4a6yO6Yn?utm_source=oembed\" width=\"100%\" height=\"352\" frameborder=\"0\" allowfullscreen=\"allowfullscreen\" data-mce-fragment=\"1\"><\/iframe><\/p>\n<hr \/>\n<h4>J\u00d3GVAN TELLING:<br \/>\n<em>MEG MINNIST EINA MYND<\/em><\/h4>\n<p><em>Einans \u00ed \u00fatvarpi, 1978<\/em><\/p>\n<p>Duett vi\u00f0 J\u00f3gvan Telling \u00e1 skeringini <em>Meg minnist eina mynd:<br \/>\n<\/em><\/p>\n<audio class=\"wp-audio-shortcode\" id=\"audio-1943-7\" preload=\"none\" style=\"width: 100%;\" controls=\"controls\"><source type=\"audio\/mpeg\" src=\"https:\/\/heinesen.fo\/wp-content\/uploads\/2023\/10\/Meg-minnist-eina-mynd.mp3?_=7\" \/><a href=\"https:\/\/heinesen.fo\/wp-content\/uploads\/2023\/10\/Meg-minnist-eina-mynd.mp3\">https:\/\/heinesen.fo\/wp-content\/uploads\/2023\/10\/Meg-minnist-eina-mynd.mp3<\/a><\/audio>\n<p><em>\u00a0<\/em><\/p>\n<hr \/>\n<p><img loading=\"lazy\" decoding=\"async\" class=\"alignnone size-medium wp-image-335\" src=\"https:\/\/heinesen.fo\/wp-content\/uploads\/2023\/08\/Kristian-Blak-Nu-ska-vi-u-a-sejle-HJF003-300x300.jpg\" alt=\"\" width=\"300\" height=\"300\" srcset=\"https:\/\/heinesen.fo\/wp-content\/uploads\/2023\/08\/Kristian-Blak-Nu-ska-vi-u-a-sejle-HJF003-300x300.jpg 300w, https:\/\/heinesen.fo\/wp-content\/uploads\/2023\/08\/Kristian-Blak-Nu-ska-vi-u-a-sejle-HJF003-150x150.jpg 150w, https:\/\/heinesen.fo\/wp-content\/uploads\/2023\/08\/Kristian-Blak-Nu-ska-vi-u-a-sejle-HJF003-768x768.jpg 768w, https:\/\/heinesen.fo\/wp-content\/uploads\/2023\/08\/Kristian-Blak-Nu-ska-vi-u-a-sejle-HJF003.jpg 800w\" sizes=\"auto, (max-width: 300px) 100vw, 300px\" \/><\/p>\n<h4>KRISTIAN BLAK A.O.:<br \/>\n<em>NU SKA\u2019 VI U\u2019 \u00c5 SEJLE<\/em><\/h4>\n<p>LP 1977<\/p>\n<p>Heildar\u00fatg\u00e1va fyri b\u00f8rn<br \/>\nSongkvinna \u00e1 skeringini <em>Girafsangen<\/em><\/p>\n<p>Spotify leinki:<br \/>\n<iframe loading=\"lazy\" title=\"Spotify Embed: Girafsang\" src=\"https:\/\/open.spotify.com\/embed\/track\/1n9StZEgOUduxhPsip6lKA?utm_source=oembed\" width=\"100%\" height=\"152\" frameborder=\"0\" allowfullscreen=\"allowfullscreen\" data-mce-fragment=\"1\"><\/iframe><\/p>\n<hr \/>\n<p><img loading=\"lazy\" decoding=\"async\" class=\"alignnone wp-image-3143\" src=\"https:\/\/heinesen.fo\/wp-content\/uploads\/2023\/10\/HJF002-Jazz-i-Foroyum.jpg\" alt=\"\" width=\"300\" height=\"300\" srcset=\"https:\/\/heinesen.fo\/wp-content\/uploads\/2023\/10\/HJF002-Jazz-i-Foroyum.jpg 259w, https:\/\/heinesen.fo\/wp-content\/uploads\/2023\/10\/HJF002-Jazz-i-Foroyum-150x150.jpg 150w\" sizes=\"auto, (max-width: 300px) 100vw, 300px\" \/><\/p>\n<h4>SAVNS\u00daTG\u00c1VA:<a href=\"https:\/\/heinesen.fo.virker.nu\/wp-content\/uploads\/2014\/02\/Jazz_i_foroyum.gif.jpeg\"><br \/>\n<\/a><em>JAZZ \u00cd F\u00d8ROYUM<\/em><\/h4>\n<p>LP 1977<\/p>\n<p>Songkvinna \u00e1 skeringini <em>Hundasj\u00fakublues.<br \/>\n<\/em><\/p>\n<p>Spotify leinki:<br \/>\n<iframe loading=\"lazy\" title=\"Spotify Embed: Hundasj\u00fakublues\" src=\"https:\/\/open.spotify.com\/embed\/track\/6cfvZjqgrOr1pdZ2hd5RzY?utm_source=oembed\" width=\"100%\" height=\"152\" frameborder=\"0\" allowfullscreen=\"allowfullscreen\" data-mce-fragment=\"1\"><\/iframe><\/p>\n<hr \/>\n<h3><img loading=\"lazy\" decoding=\"async\" class=\"alignnone wp-image-351\" src=\"https:\/\/heinesen.fo\/wp-content\/uploads\/2023\/08\/V4_40ar-298x300.jpg\" alt=\"\" width=\"300\" height=\"302\" srcset=\"https:\/\/heinesen.fo\/wp-content\/uploads\/2023\/08\/V4_40ar-298x300.jpg 298w, https:\/\/heinesen.fo\/wp-content\/uploads\/2023\/08\/V4_40ar-1019x1024.jpg 1019w, https:\/\/heinesen.fo\/wp-content\/uploads\/2023\/08\/V4_40ar-150x150.jpg 150w, https:\/\/heinesen.fo\/wp-content\/uploads\/2023\/08\/V4_40ar-768x772.jpg 768w, https:\/\/heinesen.fo\/wp-content\/uploads\/2023\/08\/V4_40ar-1300x1307.jpg 1300w, https:\/\/heinesen.fo\/wp-content\/uploads\/2023\/08\/V4_40ar.jpg 1528w\" sizes=\"auto, (max-width: 300px) 100vw, 300px\" \/><\/h3>\n<h3>V4 40 \u00e1r &#8211; skemt og undirhald<\/h3>\n<p>Artist Various Artists<br \/>\nSavns\u00fatg\u00e1va 2009<br \/>\nSavn av V4-v\u00edsum fr\u00e1 1969-1979<\/p>\n<p>Skering 3 \u00e1 fl\u00f8gu 4: Elin Brimheim Heinesen \u2013 <em>Dyr um dyr vi\u00f0 Paula<\/em><br \/>\nSkering 11 \u00e1 fl\u00f8gu 4: Elin Brimheim Heinesen \u2013 <em>Tingh\u00fasi\u00f0 gamla<\/em><\/p>\n<hr \/>\n<h4>SAVN AV V4 L\u00d8GUM SKRIVA\u00d0 AV J\u00d3GVAN ARGE:<br \/>\n<em>V4-SANGIR<\/em><\/h4>\n<p>MC 1980*<\/p>\n<p>Songkvinna \u00e1 fleiri skeringum.<\/p>\n<hr \/>\n<p>Harumframt hevur Elin luttiki\u00f0 \u00ed n\u00f3gvum \u00fatvarpssendingum gj\u00f8gnum \u00e1rini sum songkvinna.<\/p>\n<hr \/>\n<h3>ONNUR SP\u00c6LA L\u00d8G\/TEKSTIR HJ\u00c1 ELINI:<\/h3>\n<h3>K\u00f3ri\u00f0 Xperiment<\/h3>\n<p>Heildar\u00fatg\u00e1va 2024<br \/>\n\u00datg\u00e1va 5. mars 2024<\/p>\n<p><img loading=\"lazy\" decoding=\"async\" class=\"alignnone size-medium wp-image-3592\" src=\"https:\/\/heinesen.fo\/wp-content\/uploads\/2024\/03\/Xperiment-Gevid-ljod-og-lydi-a-1-300x296.jpg\" alt=\"\" width=\"300\" height=\"296\" srcset=\"https:\/\/heinesen.fo\/wp-content\/uploads\/2024\/03\/Xperiment-Gevid-ljod-og-lydi-a-1-300x296.jpg 300w, https:\/\/heinesen.fo\/wp-content\/uploads\/2024\/03\/Xperiment-Gevid-ljod-og-lydi-a-1-1024x1011.jpg 1024w, https:\/\/heinesen.fo\/wp-content\/uploads\/2024\/03\/Xperiment-Gevid-ljod-og-lydi-a-1-768x758.jpg 768w, https:\/\/heinesen.fo\/wp-content\/uploads\/2024\/03\/Xperiment-Gevid-ljod-og-lydi-a-1.jpg 1085w\" sizes=\"auto, (max-width: 300px) 100vw, 300px\" \/><\/p>\n<p>K\u00f3r\u00fatseting av lagnum &#8220;Eitt d\u00fdpi av d\u00fdrari t\u00ed\u00f0&#8221; hj\u00e1 Xperiment, sum Henrik Birk Aaboe hevur gj\u00f8rt.<\/p>\n<p>Spotify leinki:<\/p>\n<p><iframe loading=\"lazy\" style=\"border-radius: 12px;\" src=\"https:\/\/open.spotify.com\/embed\/track\/0mMqt0tHS7NKjkIz56Kcnc?utm_source=generator\" width=\"100%\" height=\"352\" frameborder=\"0\" allowfullscreen=\"allowfullscreen\"><\/iframe><\/p>\n<hr \/>\n<h4><img loading=\"lazy\" decoding=\"async\" class=\"alignnone size-medium wp-image-348\" src=\"https:\/\/heinesen.fo\/wp-content\/uploads\/2023\/08\/Byrta-300x300.jpg\" alt=\"\" width=\"300\" height=\"300\" srcset=\"https:\/\/heinesen.fo\/wp-content\/uploads\/2023\/08\/Byrta-300x300.jpg 300w, https:\/\/heinesen.fo\/wp-content\/uploads\/2023\/08\/Byrta-1024x1024.jpg 1024w, https:\/\/heinesen.fo\/wp-content\/uploads\/2023\/08\/Byrta-150x150.jpg 150w, https:\/\/heinesen.fo\/wp-content\/uploads\/2023\/08\/Byrta-768x769.jpg 768w, https:\/\/heinesen.fo\/wp-content\/uploads\/2023\/08\/Byrta-1534x1536.jpg 1534w, https:\/\/heinesen.fo\/wp-content\/uploads\/2023\/08\/Byrta-1300x1302.jpg 1300w, https:\/\/heinesen.fo\/wp-content\/uploads\/2023\/08\/Byrta.jpg 1662w\" sizes=\"auto, (max-width: 300px) 100vw, 300px\" \/><\/h4>\n<h4>BYRTA<\/h4>\n<p>CD 2013<\/p>\n<p>N\u00fdggjur t\u00f3nleikur til gamlan tekst eftir Elina Brimheim Heinesen:<br \/>\n<em>Eydnan<\/em> fr\u00e1 NALJA-\u00fatg\u00e1vuni<\/p>\n<p>Spotify leinki:<br \/>\n<iframe loading=\"lazy\" title=\"Spotify Embed: Eydnan\" src=\"https:\/\/open.spotify.com\/embed\/track\/0QFnmSuowLCXMt1OUsSTfI?utm_source=oembed\" width=\"100%\" height=\"152\" frameborder=\"0\" allowfullscreen=\"allowfullscreen\" data-mce-fragment=\"1\"><\/iframe><\/p>\n<hr \/>\n<h4><img loading=\"lazy\" decoding=\"async\" class=\"alignnone size-medium wp-image-347\" src=\"https:\/\/heinesen.fo\/wp-content\/uploads\/2023\/08\/TheDreams_Tazy-300x300.jpg\" alt=\"\" width=\"300\" height=\"300\" srcset=\"https:\/\/heinesen.fo\/wp-content\/uploads\/2023\/08\/TheDreams_Tazy-300x300.jpg 300w, https:\/\/heinesen.fo\/wp-content\/uploads\/2023\/08\/TheDreams_Tazy-1024x1024.jpg 1024w, https:\/\/heinesen.fo\/wp-content\/uploads\/2023\/08\/TheDreams_Tazy-150x150.jpg 150w, https:\/\/heinesen.fo\/wp-content\/uploads\/2023\/08\/TheDreams_Tazy-768x769.jpg 768w, https:\/\/heinesen.fo\/wp-content\/uploads\/2023\/08\/TheDreams_Tazy-1300x1302.jpg 1300w, https:\/\/heinesen.fo\/wp-content\/uploads\/2023\/08\/TheDreams_Tazy.jpg 1502w\" sizes=\"auto, (max-width: 300px) 100vw, 300px\" \/><\/h4>\n<h4>THE DREAMS<\/h4>\n<p>CD 2005<\/p>\n<p>Lag hj\u00e1 Elini sum t\u00f8kulag: <em>Sjeikurin\u00a0<\/em>fr\u00e1 NALJA-\u00fatg\u00e1vuni.<\/p>\n<p><iframe loading=\"lazy\" title=\"YouTube video player\" src=\"https:\/\/www.youtube.com\/embed\/BGSEgThWqLo\" width=\"560\" height=\"315\" frameborder=\"0\" allowfullscreen=\"allowfullscreen\" data-mce-fragment=\"1\"><\/iframe><\/p>\n<hr \/>\n<h3><img loading=\"lazy\" decoding=\"async\" class=\"alignnone wp-image-345\" src=\"https:\/\/heinesen.fo\/wp-content\/uploads\/2023\/08\/PoppKorn-298x300.jpg\" alt=\"\" width=\"300\" height=\"302\" srcset=\"https:\/\/heinesen.fo\/wp-content\/uploads\/2023\/08\/PoppKorn-298x300.jpg 298w, https:\/\/heinesen.fo\/wp-content\/uploads\/2023\/08\/PoppKorn-1017x1024.jpg 1017w, https:\/\/heinesen.fo\/wp-content\/uploads\/2023\/08\/PoppKorn-150x150.jpg 150w, https:\/\/heinesen.fo\/wp-content\/uploads\/2023\/08\/PoppKorn-768x773.jpg 768w, https:\/\/heinesen.fo\/wp-content\/uploads\/2023\/08\/PoppKorn-1300x1309.jpg 1300w, https:\/\/heinesen.fo\/wp-content\/uploads\/2023\/08\/PoppKorn.jpg 1524w\" sizes=\"auto, (max-width: 300px) 100vw, 300px\" \/><\/h3>\n<h4>POPPKORN<\/h4>\n<p>CD 2005<\/p>\n<p>Lag hj\u00e1 Elini sum t\u00f8kulag: <em>Sjeikurin<\/em><em>\u00a0<\/em>fr\u00e1 NALJA-\u00fatg\u00e1vuni.<\/p>\n<p><iframe loading=\"lazy\" title=\"YouTube video player\" src=\"https:\/\/www.youtube.com\/embed\/jk05X0xU1t0\" width=\"560\" height=\"315\" frameborder=\"0\" allowfullscreen=\"allowfullscreen\" data-mce-fragment=\"1\"><\/iframe><\/p>\n","protected":false},"excerpt":{"rendered":"<p>\u00daTG\u00c1VUR Heildar\u00fatg\u00e1va \u00fatg\u00e1va 1. december 2023: ELIN BRIMHEIM HEINESEN: EITT D\u00ddPI AV D\u00ddRARI T\u00cd\u00d0 \/ A CHASM OF PRECIOUS TIME CD &amp; LP 2023 12 skeringar (6 l\u00f8g \u00e1 f\u00f8royskum + somu l\u00f8g \u00e1 enskum) Orkestur: Czech National Symphony Orchestra \u2013 undir lei\u00f0slu av: Vladimir Martinka City of Prague Philharmonic Orchestra \u2013 undir lei\u00f0slu av:&hellip;<\/p>\n","protected":false},"author":1,"featured_media":1767,"parent":1929,"menu_order":0,"comment_status":"closed","ping_status":"closed","template":"","meta":{"footnotes":""},"class_list":["post-1943","page","type-page","status-publish","format-standard","has-post-thumbnail","hentry"],"_links":{"self":[{"href":"https:\/\/heinesen.fo\/index.php\/wp-json\/wp\/v2\/pages\/1943","targetHints":{"allow":["GET"]}}],"collection":[{"href":"https:\/\/heinesen.fo\/index.php\/wp-json\/wp\/v2\/pages"}],"about":[{"href":"https:\/\/heinesen.fo\/index.php\/wp-json\/wp\/v2\/types\/page"}],"author":[{"embeddable":true,"href":"https:\/\/heinesen.fo\/index.php\/wp-json\/wp\/v2\/users\/1"}],"replies":[{"embeddable":true,"href":"https:\/\/heinesen.fo\/index.php\/wp-json\/wp\/v2\/comments?post=1943"}],"version-history":[{"count":54,"href":"https:\/\/heinesen.fo\/index.php\/wp-json\/wp\/v2\/pages\/1943\/revisions"}],"predecessor-version":[{"id":3598,"href":"https:\/\/heinesen.fo\/index.php\/wp-json\/wp\/v2\/pages\/1943\/revisions\/3598"}],"up":[{"embeddable":true,"href":"https:\/\/heinesen.fo\/index.php\/wp-json\/wp\/v2\/pages\/1929"}],"wp:featuredmedia":[{"embeddable":true,"href":"https:\/\/heinesen.fo\/index.php\/wp-json\/wp\/v2\/media\/1767"}],"wp:attachment":[{"href":"https:\/\/heinesen.fo\/index.php\/wp-json\/wp\/v2\/media?parent=1943"}],"curies":[{"name":"wp","href":"https:\/\/api.w.org\/{rel}","templated":true}]}}